{"id":2610,"date":"2024-07-26T16:05:00","date_gmt":"2024-07-26T14:05:00","guid":{"rendered":"https:\/\/www.soval.fr\/?page_id=2610"},"modified":"2024-09-23T08:58:24","modified_gmt":"2024-09-23T06:58:24","slug":"aep-adduction-eau-potable","status":"publish","type":"page","link":"https:\/\/www.soval.fr\/fr\/aep-adduction-eau-potable\/","title":{"rendered":"Adduction d&#8217;eau potable"},"content":{"rendered":"\n<div class=\"wp-block-columns is-layout-flex wp-container-core-columns-is-layout-51c8ee58 wp-block-columns-is-layout-flex\" style=\"padding-top:var(--wp--preset--spacing--70);padding-bottom:var(--wp--preset--spacing--70)\">\n<div class=\"wp-block-column is-layout-flow wp-block-column-is-layout-flow\">\n<p>Une majorit\u00e9 des r\u00e9seaux d\u2019eau potable fran\u00e7ais ont plus de 50 ans. Ces conduites majoritairement constitu\u00e9es de fontes grises devenues fragiles augmentent les risques de casses. Face aux enjeux climatiques et \u00e0 l\u2019absolue n\u00e9cessit\u00e9 de pr\u00e9server une<\/p>\n<\/div>\n\n\n\n<div class=\"wp-block-column is-layout-flow wp-block-column-is-layout-flow\">\n<p>ressource en eau qui se pr\u00e9carise, il est indispensable de moderniser et de s\u00e9curiser le transport et la distribution de nos r\u00e9seaux d\u2019eaux avec des mat\u00e9riels et des mat\u00e9riaux efficaces, p\u00e9rennes et conformes aux exigences r\u00e9glementaires, y compris dans ces exigences d\u2019\u00e9conomie de proximit\u00e9.<\/p>\n<\/div>\n<\/div>\n\n\n\n<div class=\"wp-block-group alignfull has-beige-background-color has-background is-layout-constrained wp-block-group-is-layout-constrained\" style=\"padding-top:var(--wp--preset--spacing--70);padding-bottom:var(--wp--preset--spacing--70)\">\n<h2 class=\"wp-block-heading has-bleu-roi-color has-text-color has-link-color wp-elements-c587a801e39ced674000b99fc4072ca2\">Nos solutions pour les acteurs de l\u2019EAU, ma\u00eetres d\u2019ouvrages,<br>ma\u00eetres d\u2019\u0153uvre, exploitants et entreprises de travaux publics.<\/h2>\n\n\n\n<div class=\"wp-block-columns is-layout-flex wp-container-core-columns-is-layout-fe77f8b0 wp-block-columns-is-layout-flex\" style=\"padding-right:var(--wp--preset--spacing--60);padding-left:var(--wp--preset--spacing--60)\">\n<div class=\"wp-block-column is-layout-flow wp-block-column-is-layout-flow\">\n<div class=\"wp-block-group colonne_max is-vertical is-layout-flex wp-container-core-group-is-layout-fed7e1b2 wp-block-group-is-layout-flex\">\n<ul class=\"wp-block-list wp-container-content-f9bd05ee\">\n<li style=\"font-size:1.2em\"><strong>Modernisation des r\u00e9seaux d\u2019eau (r\u00e9novation, renforcement)<\/strong><\/li>\n<\/ul>\n\n\n\n<p class=\"has-bleu-roi-color has-text-color has-bleu-roi-color has-text-color\">Manque d\u2019eau, s\u00e9curit\u00e9 incendie, qualit\u00e9 et fiabilit\u00e9 de l\u2019eau distribu\u00e9e.<\/p>\n\n\n\n<hr class=\"wp-block-separator has-alpha-channel-opacity\" style=\"margin-top:var(--wp--preset--spacing--20);margin-bottom:var(--wp--preset--spacing--20)\"\/>\n\n\n\n<p>Nous vous accompagnons dans vos chantiers, des plus courants aux plus exigeants. Pour r\u00e9pondre \u00e0 vos attentes et \u00e0 celles de vos abonn\u00e9s nous vous proposons une large gamme de conduites en fonte, PEHD, PVC du DN 60 au DN 300.<\/p>\n\n\n\n<div style=\"height:0px\" aria-hidden=\"true\" class=\"wp-block-spacer wp-container-content-4dd21e30\"><\/div>\n\n\n\n<figure class=\"wp-block-image size-large mobile-img_full element-bottom wp-container-content-e0b89f81\"><img decoding=\"async\" width=\"686\" height=\"1024\" src=\"https:\/\/www.soval.fr\/wp-content\/uploads\/2024\/08\/aep-2-686x1024.jpg\" alt=\"\" class=\"wp-image-4287\" style=\"aspect-ratio:16\/9;object-fit:cover\" srcset=\"https:\/\/www.soval.fr\/wp-content\/uploads\/2024\/08\/aep-2-686x1024.jpg 686w, https:\/\/www.soval.fr\/wp-content\/uploads\/2024\/08\/aep-2-201x300.jpg 201w, https:\/\/www.soval.fr\/wp-content\/uploads\/2024\/08\/aep-2-768x1147.jpg 768w, https:\/\/www.soval.fr\/wp-content\/uploads\/2024\/08\/aep-2-1028x1536.jpg 1028w, https:\/\/www.soval.fr\/wp-content\/uploads\/2024\/08\/aep-2-600x896.jpg 600w, https:\/\/www.soval.fr\/wp-content\/uploads\/2024\/08\/aep-2.jpg 1339w\" sizes=\"(max-width: 686px) 100vw, 686px\" \/><\/figure>\n<\/div>\n<\/div>\n\n\n\n<div class=\"wp-block-column is-layout-flow wp-block-column-is-layout-flow\">\n<div class=\"wp-block-group colonne_max is-vertical is-layout-flex wp-container-core-group-is-layout-fed7e1b2 wp-block-group-is-layout-flex\">\n<ul class=\"wp-block-list wp-container-content-f9bd05ee\">\n<li style=\"font-size:1.2em\"><strong>S\u00e9curisation et interconnexion<\/strong><\/li>\n<\/ul>\n\n\n\n<p class=\"has-bleu-roi-color has-text-color has-bleu-roi-color has-text-color\">Votre collectivit\u00e9 projette de s\u00e9curiser son alimentation en eau potable ?<\/p>\n\n\n\n<hr class=\"wp-block-separator has-alpha-channel-opacity\" style=\"margin-top:var(--wp--preset--spacing--20);margin-bottom:var(--wp--preset--spacing--20)\"\/>\n\n\n\n<p>Gr\u00e2ce \u00e0 des r\u00e9f\u00e9rences vari\u00e9es (conduite des sources, interconnexion&#8230;) SOVAL dispose d\u2019une expertise reconnue et de diverses solutions technico-\u00e9conomiques afin de r\u00e9pondre \u00e0 vos probl\u00e9matiques de s\u00e9curisations et de maillages des interconnexions (tubes, <a href=\"https:\/\/www.soval.fr\/produits\/aep\/raccords-de-canalisations\/raccords-souplessur\/\">raccords<\/a> et appareils de r\u00e9gulation <em>tout terrain<\/em>, mat\u00e9riaux innovants\u2026).\u00a0<\/p>\n\n\n\n<div style=\"height:0px\" aria-hidden=\"true\" class=\"wp-block-spacer wp-container-content-4dd21e30\"><\/div>\n\n\n\n<figure class=\"wp-block-image size-large mobile-img_full element-bottom wp-container-content-e0b89f81\"><img decoding=\"async\" width=\"1024\" height=\"768\" src=\"https:\/\/www.soval.fr\/wp-content\/uploads\/2024\/08\/aep-3-1024x768.jpg\" alt=\"\" class=\"wp-image-4289\" style=\"aspect-ratio:16\/9;object-fit:cover\" srcset=\"https:\/\/www.soval.fr\/wp-content\/uploads\/2024\/08\/aep-3-1024x768.jpg 1024w, https:\/\/www.soval.fr\/wp-content\/uploads\/2024\/08\/aep-3-300x225.jpg 300w, https:\/\/www.soval.fr\/wp-content\/uploads\/2024\/08\/aep-3-768x576.jpg 768w, https:\/\/www.soval.fr\/wp-content\/uploads\/2024\/08\/aep-3-1536x1152.jpg 1536w, https:\/\/www.soval.fr\/wp-content\/uploads\/2024\/08\/aep-3-600x450.jpg 600w, https:\/\/www.soval.fr\/wp-content\/uploads\/2024\/08\/aep-3.jpg 2000w\" sizes=\"(max-width: 1024px) 100vw, 1024px\" \/><\/figure>\n<\/div>\n<\/div>\n<\/div>\n\n\n\n<div style=\"height:4em\" aria-hidden=\"true\" class=\"wp-block-spacer\"><\/div>\n\n\n\n<div class=\"wp-block-columns is-layout-flex wp-container-core-columns-is-layout-e5c6600c wp-block-columns-is-layout-flex\" style=\"margin-top:0;margin-bottom:0;padding-right:var(--wp--preset--spacing--60);padding-left:var(--wp--preset--spacing--60)\">\n<div class=\"wp-block-column is-layout-flow wp-block-column-is-layout-flow\">\n<div class=\"wp-block-group colonne_max is-vertical is-layout-flex wp-container-core-group-is-layout-fe9cc265 wp-block-group-is-layout-flex\">\n<ul class=\"wp-block-list\">\n<li style=\"font-size:1.2em\"><strong>Branchements<\/strong><span id=\"docs-internal-guid-e5467699-7fff-54a4-33d4-9d4727094f07\"><div><span style=\"font-size: 11pt; font-family: Calibri, sans-serif; background-color: transparent; font-variant-numeric: normal; font-variant-east-asian: normal; font-variant-alternates: normal; font-variant-position: normal; vertical-align: baseline;\"><\/span><\/div><\/span><\/li>\n<\/ul>\n\n\n\n<p class=\"has-bleu-roi-color has-text-color has-link-color has-bleu-roi-color has-text-color\">Branchements neufs ou existants ? (Colliers, BAC, PEHD, regard, raccords\u2026).<\/p>\n\n\n\n<hr class=\"wp-block-separator has-alpha-channel-opacity\" style=\"margin-top:var(--wp--preset--spacing--20);margin-bottom:var(--wp--preset--spacing--20)\"\/>\n\n\n\n<p>Pour la construction de branchements neufs ou pour la r\u00e9paration et l\u2019exploitation des branchements existants, nous disposons d\u2019un \u00e9ventail de solutions infinies (t\u00eates de <a href=\"https:\/\/www.soval.fr\/fr\/produit\/aep\/branchement\/bouche-a-cle-hydrant\/tete-de-bouche-a-cle-137-5-kg\/\">bouche \u00e0 cl\u00e9s<\/a>, colliers et robinets de prises, <a href=\"https:\/\/www.soval.fr\/fr\/produit\/aep\/raccords-de-canalisations\/manchons-de-reparation\/manchon-de-reparation-pn-16\/\">manchons de r\u00e9paration<\/a> temporaires ou permanents\u2026).<\/p>\n\n\n\n<div style=\"height:0px\" aria-hidden=\"true\" class=\"wp-block-spacer wp-container-content-4dd21e30\"><\/div>\n\n\n\n<figure class=\"wp-block-image size-large mobile-img_full element-bottom wp-container-content-e0b89f81\"><img decoding=\"async\" width=\"1024\" height=\"682\" src=\"https:\/\/www.soval.fr\/wp-content\/uploads\/2024\/08\/aep-4-1024x682.jpg\" alt=\"\" class=\"wp-image-4291\" style=\"aspect-ratio:16\/9;object-fit:cover\" srcset=\"https:\/\/www.soval.fr\/wp-content\/uploads\/2024\/08\/aep-4-1024x682.jpg 1024w, https:\/\/www.soval.fr\/wp-content\/uploads\/2024\/08\/aep-4-300x200.jpg 300w, https:\/\/www.soval.fr\/wp-content\/uploads\/2024\/08\/aep-4-768x512.jpg 768w, https:\/\/www.soval.fr\/wp-content\/uploads\/2024\/08\/aep-4-1536x1024.jpg 1536w, https:\/\/www.soval.fr\/wp-content\/uploads\/2024\/08\/aep-4-600x400.jpg 600w, https:\/\/www.soval.fr\/wp-content\/uploads\/2024\/08\/aep-4.jpg 2000w\" sizes=\"(max-width: 1024px) 100vw, 1024px\" \/><\/figure>\n<\/div>\n<\/div>\n\n\n\n<div class=\"wp-block-column is-layout-flow wp-block-column-is-layout-flow\">\n<div class=\"wp-block-group colonne_max is-vertical is-layout-flex wp-container-core-group-is-layout-fe9cc265 wp-block-group-is-layout-flex\">\n<ul class=\"wp-block-list\">\n<li style=\"font-size:1.2em\"><strong>Ouvrage eau potable<\/strong><span id=\"docs-internal-guid-f32dc1d1-7fff-c2ba-bf4a-48461c52f609\"><div><span style=\"font-size: 11pt; font-family: Calibri, sans-serif; background-color: transparent; font-variant-numeric: normal; font-variant-east-asian: normal; font-variant-alternates: normal; font-variant-position: normal; vertical-align: baseline;\"><\/span><\/div><\/span><\/li>\n<\/ul>\n\n\n\n<p class=\"has-bleu-roi-color has-text-color has-link-color has-bleu-roi-color has-text-color\">Etes-vous pr\u00eat pour r\u00e9pondre aux enjeux du PGSSE ?<\/p>\n\n\n\n<hr class=\"wp-block-separator has-alpha-channel-opacity\" style=\"margin-top:var(--wp--preset--spacing--20);margin-bottom:var(--wp--preset--spacing--20)\"\/>\n\n\n\n<p>A l\u2019horizon 2027, la directive europ\u00e9enne\u00a0: Le Plan de Gestion de la G\u00e9curit\u00e9 Sanitaire des Eaux (PGSSE) sera obligatoire. Nous sommes l\u00e0 pour vous apporter les conseils et vous aider dans la modernisation de vos ouvrages eau potable. (<a href=\"https:\/\/www.soval.fr\/fr\/eve-ecoute-et-veille-de-leau\/\">Projet EVE<\/a>, s\u00e9curisation des zones de captage avec syst\u00e8me de <a href=\"https:\/\/www.soval.fr\/fr\/produit\/aep\/stations-reservoirs\/capots-regard-vannes-murales-crepine-clapet\/capot-regard-securise-vigi\/\">capots Vigi<\/a>, capteurs intelligents, pr\u00e9vention et d\u00e9tection des fuites\u2026).<\/p>\n\n\n\n<div style=\"height:0px\" aria-hidden=\"true\" class=\"wp-block-spacer wp-container-content-4dd21e30\"><\/div>\n\n\n\n<figure class=\"wp-block-image size-large mobile-img_full element-bottom wp-container-content-e0b89f81\"><img decoding=\"async\" width=\"1024\" height=\"682\" src=\"https:\/\/www.soval.fr\/wp-content\/uploads\/2024\/08\/aep-5-1024x682.jpg\" alt=\"\" class=\"wp-image-4293\" style=\"aspect-ratio:16\/9;object-fit:cover\" srcset=\"https:\/\/www.soval.fr\/wp-content\/uploads\/2024\/08\/aep-5-1024x682.jpg 1024w, https:\/\/www.soval.fr\/wp-content\/uploads\/2024\/08\/aep-5-300x200.jpg 300w, https:\/\/www.soval.fr\/wp-content\/uploads\/2024\/08\/aep-5-768x512.jpg 768w, https:\/\/www.soval.fr\/wp-content\/uploads\/2024\/08\/aep-5-1536x1024.jpg 1536w, https:\/\/www.soval.fr\/wp-content\/uploads\/2024\/08\/aep-5-600x400.jpg 600w, https:\/\/www.soval.fr\/wp-content\/uploads\/2024\/08\/aep-5.jpg 2000w\" sizes=\"(max-width: 1024px) 100vw, 1024px\" \/><\/figure>\n<\/div>\n<\/div>\n<\/div>\n<\/div>\n\n\n\n<div class=\"wp-block-group is-layout-constrained wp-block-group-is-layout-constrained\" style=\"padding-top:var(--wp--preset--spacing--70);padding-bottom:var(--wp--preset--spacing--70)\">\n<h2 class=\"wp-block-heading has-bleu-roi-color has-text-color has-link-color wp-elements-e0a9b3d0c6c4fa91e2a0ca59150576ac\">Les points fort de Soval<\/h2>\n\n\n\n<div class=\"wp-block-group is-layout-constrained wp-container-core-group-is-layout-2704560f wp-block-group-is-layout-constrained\">\n<div class=\"wp-block-columns is-layout-flex wp-container-core-columns-is-layout-14cf5ab5 wp-block-columns-is-layout-flex\">\n<div class=\"wp-block-column is-layout-flow wp-block-column-is-layout-flow\">\n<div class=\"wp-block-group is-layout-constrained wp-block-group-is-layout-constrained\">\n<figure class=\"wp-block-image size-full is-resized\"><img decoding=\"async\" src=\"https:\/\/www.soval.fr\/wp-content\/uploads\/2024\/08\/1_production.svg\" alt=\"\" class=\"wp-image-4942\" style=\"width:75px\"\/><\/figure>\n\n\n\n<h3 class=\"wp-block-heading\" style=\"margin-top:var(--wp--preset--spacing--30);margin-bottom:var(--wp--preset--spacing--30)\"><strong>Production int\u00e9gr\u00e9e<\/strong><\/h3>\n\n\n\n<p>Les gammes fontes Soval sont con\u00e7ues et fabriqu\u00e9es dans notre fonderie haut-marnaise centenaire pour une exigence et un savoir-faire de proximit\u00e9.<\/p>\n<\/div>\n<\/div>\n\n\n\n<div class=\"wp-block-column is-layout-flow wp-block-column-is-layout-flow\">\n<div class=\"wp-block-group is-layout-constrained wp-block-group-is-layout-constrained\">\n<figure class=\"wp-block-image size-full is-resized\"><img decoding=\"async\" src=\"https:\/\/www.soval.fr\/wp-content\/uploads\/2024\/08\/2_urgences.svg\" alt=\"\" class=\"wp-image-4944\" style=\"width:75px\"\/><\/figure>\n\n\n\n<h3 class=\"wp-block-heading\" style=\"margin-top:var(--wp--preset--spacing--30);margin-bottom:var(--wp--preset--spacing--30)\"><strong>Gestion des urgences<\/strong><\/h3>\n\n\n\n<p>Vos probl\u00e8mes sont nos urgences. Experts et professionnels, nos \u00e9quipes sont d\u2019abord l\u00e0 pour vous orienter et vous conseiller dans vos choix techniques.<\/p>\n<\/div>\n<\/div>\n\n\n\n<div class=\"wp-block-column is-layout-flow wp-block-column-is-layout-flow\">\n<div class=\"wp-block-group is-layout-constrained wp-block-group-is-layout-constrained\">\n<figure class=\"wp-block-image size-full is-resized\"><img decoding=\"async\" src=\"https:\/\/www.soval.fr\/wp-content\/uploads\/2024\/08\/3_fabricant.svg\" alt=\"\" class=\"wp-image-4946\" style=\"width:75px\"\/><\/figure>\n\n\n\n<h3 class=\"wp-block-heading\" style=\"margin-top:var(--wp--preset--spacing--30);margin-bottom:var(--wp--preset--spacing--30)\"><strong>Fabricant \u2013 Distributeu<\/strong>r<\/h3>\n\n\n\n<p>Un maillage national et international. Nos agences sont toutes dot\u00e9es d\u2019un stock et de conseillers experts de vos r\u00e9seaux et nourris de notre longue exp\u00e9rience.<\/p>\n<\/div>\n<\/div>\n<\/div>\n<\/div>\n<\/div>\n\n\n\n<div class=\"wp-block-group has-beige-background-color has-background is-layout-constrained wp-block-group-is-layout-constrained\" style=\"padding-top:var(--wp--preset--spacing--70);padding-bottom:var(--wp--preset--spacing--70)\">\n<h2 class=\"wp-block-heading has-bleu-roi-color has-text-color has-link-color wp-elements-a0fc2c3e4940d8ac0cf5360417e20fb2\">Nos derniers chantiers<\/h2>\n\n\n<div class=\"block-relationnel overflow-hidden align wp-block-acf-relationnel\">\n    <div class=\"swiper swiper-relationnel\">\n        <div class=\"swiper-wrapper \">\n\t\t\t<div class=\"pb-10 swiper-slide\"><a href=\"https:\/\/www.soval.fr\/fr\/realisations\/chantier-assainissement-cuba\/\" class=\"templates-relationnel soval-link\" title=\"Lire la suite de Chantier Assainissement : Rhumerie Cuba\"><article class=\"flex h-full flex-col m-5\">\n    <div class=\"relative\">\n\t\t<img decoding=\"async\" width=\"1368\" height=\"1824\" src=\"https:\/\/www.soval.fr\/wp-content\/uploads\/2024\/09\/img-20211116-wa0015.jpg\" class=\"object-cover w-full h-64 wp-post-image\" alt=\"\" srcset=\"https:\/\/www.soval.fr\/wp-content\/uploads\/2024\/09\/img-20211116-wa0015.jpg 1368w, https:\/\/www.soval.fr\/wp-content\/uploads\/2024\/09\/img-20211116-wa0015-225x300.jpg 225w, https:\/\/www.soval.fr\/wp-content\/uploads\/2024\/09\/img-20211116-wa0015-768x1024.jpg 768w, https:\/\/www.soval.fr\/wp-content\/uploads\/2024\/09\/img-20211116-wa0015-1152x1536.jpg 1152w, https:\/\/www.soval.fr\/wp-content\/uploads\/2024\/09\/img-20211116-wa0015-600x800.jpg 600w\" sizes=\"(max-width: 1368px) 100vw, 1368px\" \/>    <\/div>\n    <div class=\"flex basis-full flex-col bg-white p-5\">\n        <div class=\"mb-5 text-2xl font-semibold\">\n\t\t\tChantier Assainissement : Rhumerie Cuba        <\/div>\n        <div class=\"mt-auto mb-3 line-clamp-4\">\n\t\t\t<p>R\u00e9seaux &#8211; Distillerie Havana Club (Cuba) Dans le cadre de son expansion, la distillerie \/ rhumerie Havana Club bas\u00e9e \u00e0 Cuba a lanc\u00e9 la construction de nouveaux b\u00e2timents. La collaboration entre Soval Export et Vonroll Hydro a permis la fourniture et la pose de canalisations et de raccords en fonte ductile disposant du label \u00ab&nbsp;FM [&hellip;]<\/p>\n        <\/div>\n        <div class=\"mt-auto text-right underline\">\n\t\t\tLire la suite        <\/div>\n    <\/div>\n<\/article>\n<\/a><\/div><div class=\"pb-10 swiper-slide\"><a href=\"https:\/\/www.soval.fr\/fr\/realisations\/realisations-de-plusieurs-noeuds-de-vannes\/\" class=\"templates-relationnel soval-link\" title=\"Lire la suite de Chantier Eau potable : Saint-Mayeux (22)\"><article class=\"flex h-full flex-col m-5\">\n    <div class=\"relative\">\n\t\t<img decoding=\"async\" width=\"2560\" height=\"1440\" src=\"https:\/\/www.soval.fr\/wp-content\/uploads\/2024\/08\/20231017_114625-scaled.jpg\" class=\"object-cover w-full h-64 wp-post-image\" alt=\"\" srcset=\"https:\/\/www.soval.fr\/wp-content\/uploads\/2024\/08\/20231017_114625-scaled.jpg 2560w, https:\/\/www.soval.fr\/wp-content\/uploads\/2024\/08\/20231017_114625-300x169.jpg 300w, https:\/\/www.soval.fr\/wp-content\/uploads\/2024\/08\/20231017_114625-1024x576.jpg 1024w, https:\/\/www.soval.fr\/wp-content\/uploads\/2024\/08\/20231017_114625-768x432.jpg 768w, https:\/\/www.soval.fr\/wp-content\/uploads\/2024\/08\/20231017_114625-1536x864.jpg 1536w, https:\/\/www.soval.fr\/wp-content\/uploads\/2024\/08\/20231017_114625-2048x1152.jpg 2048w, https:\/\/www.soval.fr\/wp-content\/uploads\/2024\/08\/20231017_114625-600x338.jpg 600w\" sizes=\"(max-width: 2560px) 100vw, 2560px\" \/>    <\/div>\n    <div class=\"flex basis-full flex-col bg-white p-5\">\n        <div class=\"mb-5 text-2xl font-semibold\">\n\t\t\tChantier Eau potable : Saint-Mayeux (22)        <\/div>\n        <div class=\"mt-auto mb-3 line-clamp-4\">\n\t\t\t<p>Noeuds de vannes &#8211; Saint-Mayeux (22) R\u00e9alisations de plusieurs n\u0153uds de vannes sur le feeder existant du Syndicat Mixte de Kerne Uhel sur la commune de Saint-Mayeux (22). L\u2019objectif de ces n\u0153uds est de pouvoir sectoriser la conduite en cas de casse ou de vidange. La cr\u00e9ation de ces n\u0153uds a n\u00e9cessit\u00e9 des raccords Souplessur [&hellip;]<\/p>\n        <\/div>\n        <div class=\"mt-auto text-right underline\">\n\t\t\tLire la suite        <\/div>\n    <\/div>\n<\/article>\n<\/a><\/div><div class=\"pb-10 swiper-slide\"><a href=\"https:\/\/www.soval.fr\/fr\/realisations\/chantier-voirie-toulouse-31\/\" class=\"templates-relationnel soval-link\" title=\"Lire la suite de Chantier voirie : Toulouse (31)\"><article class=\"flex h-full flex-col m-5\">\n    <div class=\"relative\">\n\t\t<img decoding=\"async\" width=\"2560\" height=\"1440\" src=\"https:\/\/www.soval.fr\/wp-content\/uploads\/2024\/09\/20190711_122644-scaled.jpg\" class=\"object-cover w-full h-64 wp-post-image\" alt=\"\" srcset=\"https:\/\/www.soval.fr\/wp-content\/uploads\/2024\/09\/20190711_122644-scaled.jpg 2560w, https:\/\/www.soval.fr\/wp-content\/uploads\/2024\/09\/20190711_122644-300x169.jpg 300w, https:\/\/www.soval.fr\/wp-content\/uploads\/2024\/09\/20190711_122644-1024x576.jpg 1024w, https:\/\/www.soval.fr\/wp-content\/uploads\/2024\/09\/20190711_122644-768x432.jpg 768w, https:\/\/www.soval.fr\/wp-content\/uploads\/2024\/09\/20190711_122644-1536x864.jpg 1536w, https:\/\/www.soval.fr\/wp-content\/uploads\/2024\/09\/20190711_122644-2048x1152.jpg 2048w, https:\/\/www.soval.fr\/wp-content\/uploads\/2024\/09\/20190711_122644-600x338.jpg 600w\" sizes=\"(max-width: 2560px) 100vw, 2560px\" \/>    <\/div>\n    <div class=\"flex basis-full flex-col bg-white p-5\">\n        <div class=\"mb-5 text-2xl font-semibold\">\n\t\t\tChantier voirie : Toulouse (31)        <\/div>\n        <div class=\"mt-auto mb-3 line-clamp-4\">\n\t\t\t<p>R\u00e9habilitation du quartier des Minimes &#8211; Toulouse (31) En 2016 la municipalit\u00e9 de Toulouse (31) a lanc\u00e9 le l\u2019op\u00e9ration \u00ab&nbsp;C\u0153ur de quartier&nbsp;\u00bb visant \u00e0 redynamiser et r\u00e9animer 33 quartiers toulousains. Parmi ces 33 quartiers, l\u2019agence de Soval Toulouse a \u00e9t\u00e9 choisi en 2019 pour r\u00e9am\u00e9nager l\u2019avenue des minimes avec la fourniture mat\u00e9riel de de voirie [&hellip;]<\/p>\n        <\/div>\n        <div class=\"mt-auto text-right underline\">\n\t\t\tLire la suite        <\/div>\n    <\/div>\n<\/article>\n<\/a><\/div>        <\/div>\n        <div class=\"swiper-pagination\"><\/div>\n    <\/div>\n<\/div>\n\n\n\n<div style=\"height:4em\" aria-hidden=\"true\" class=\"wp-block-spacer\"><\/div>\n<\/div>\n","protected":false},"excerpt":{"rendered":"<p>Une majorit\u00e9 des r\u00e9seaux d\u2019eau potable fran\u00e7ais ont plus de 50 ans. Ces conduites majoritairement constitu\u00e9es de fontes grises devenues fragiles augmentent les risques de casses. Face aux enjeux climatiques et \u00e0 l\u2019absolue n\u00e9cessit\u00e9 de pr\u00e9server une ressource en eau qui se pr\u00e9carise, il est indispensable de moderniser et de s\u00e9curiser le transport et la [&hellip;]<\/p>\n","protected":false},"author":2,"featured_media":4283,"parent":0,"menu_order":0,"comment_status":"closed","ping_status":"closed","template":"","meta":{"_acf_changed":false,"footnotes":""},"class_list":["post-2610","page","type-page","status-publish","has-post-thumbnail","hentry"],"acf":[],"_links":{"self":[{"href":"https:\/\/www.soval.fr\/fr\/wp-json\/wp\/v2\/pages\/2610","targetHints":{"allow":["GET"]}}],"collection":[{"href":"https:\/\/www.soval.fr\/fr\/wp-json\/wp\/v2\/pages"}],"about":[{"href":"https:\/\/www.soval.fr\/fr\/wp-json\/wp\/v2\/types\/page"}],"author":[{"embeddable":true,"href":"https:\/\/www.soval.fr\/fr\/wp-json\/wp\/v2\/users\/2"}],"replies":[{"embeddable":true,"href":"https:\/\/www.soval.fr\/fr\/wp-json\/wp\/v2\/comments?post=2610"}],"version-history":[{"count":1,"href":"https:\/\/www.soval.fr\/fr\/wp-json\/wp\/v2\/pages\/2610\/revisions"}],"predecessor-version":[{"id":7372,"href":"https:\/\/www.soval.fr\/fr\/wp-json\/wp\/v2\/pages\/2610\/revisions\/7372"}],"wp:featuredmedia":[{"embeddable":true,"href":"https:\/\/www.soval.fr\/fr\/wp-json\/wp\/v2\/media\/4283"}],"wp:attachment":[{"href":"https:\/\/www.soval.fr\/fr\/wp-json\/wp\/v2\/media?parent=2610"}],"curies":[{"name":"wp","href":"https:\/\/api.w.org\/{rel}","templated":true}]}}