{"id":2831,"date":"2024-07-27T17:15:58","date_gmt":"2024-07-27T15:15:58","guid":{"rendered":"https:\/\/www.soval.fr\/?page_id=2831"},"modified":"2024-09-23T10:40:59","modified_gmt":"2024-09-23T08:40:59","slug":"securisation-protection-ouvrage-aep","status":"publish","type":"page","link":"https:\/\/www.soval.fr\/fr\/securisation-protection-ouvrage-aep\/","title":{"rendered":"S\u00e9curisation\/Protection et s\u00fbret\u00e9 des sites"},"content":{"rendered":"\n<div class=\"wp-block-columns is-layout-flex wp-container-core-columns-is-layout-51c8ee58 wp-block-columns-is-layout-flex\" style=\"padding-top:var(--wp--preset--spacing--70);padding-bottom:var(--wp--preset--spacing--70)\">\n<div class=\"wp-block-column is-layout-flow wp-block-column-is-layout-flow\">\n<p>En mai 2022, notre actualit\u00e9 \u00e9tait marqu\u00e9e \u00ab\u00a0par une attaque sans pr\u00e9c\u00e9dent de notre r\u00e9seau de fibre optique d\u2019apr\u00e8s le pr\u00e9sident de la F\u00e9d\u00e9ration fran\u00e7aise des t\u00e9l\u00e9coms\u00a0\u00bb. Suite \u00e0 la coupure de c\u00e2bles dans plusieurs r\u00e9gions de France, d\u2019importantes perturbations ont pu se faire sentir sur le r\u00e9seau\u00a0Internet fixe et mobile.<\/p>\n\n\n\n<hr class=\"wp-block-separator has-text-color has-alpha-channel-opacity has-background\" style=\"margin-top:var(--wp--preset--spacing--20);margin-bottom:var(--wp--preset--spacing--20);background-color:#ffffff;color:#ffffff\"\/>\n\n\n\n<p>Plus r\u00e9guli\u00e8rement, il est \u00e9galement courant de voir la presse titre son actualit\u00e9 par des mesures de restriction et d&#8217;interdiction de l\u2019usage de l\u2019eau potable.<\/p>\n<\/div>\n\n\n\n<div class=\"wp-block-column is-layout-flow wp-block-column-is-layout-flow\">\n<p>Acte de malveillance ou pollution accidentelle de la ressource en eau, l\u2019impact sur notre quotidien se voit alors fortement perturb\u00e9 dans ces situations d\u2019urgence.<\/p>\n\n\n\n<hr class=\"wp-block-separator has-text-color has-alpha-channel-opacity has-background\" style=\"margin-top:var(--wp--preset--spacing--20);margin-bottom:var(--wp--preset--spacing--20);background-color:#ffffff;color:#ffffff\"\/>\n\n\n\n<p>Pour r\u00e9pondre \u00e0 l\u2019ensemble de ces enjeux de s\u00e9curisation, de protection de vos sites et ouvrages, SOVAL dispose de solutions brevet\u00e9es vous \u00e9vitant de faire la une du journal t\u00e9l\u00e9vis\u00e9.<\/p>\n<\/div>\n<\/div>\n\n\n\n<div class=\"wp-block-group alignfull has-beige-background-color has-background is-layout-constrained wp-block-group-is-layout-constrained\" style=\"padding-top:var(--wp--preset--spacing--70);padding-bottom:var(--wp--preset--spacing--70)\">\n<h2 class=\"wp-block-heading has-bleu-roi-color has-text-color has-link-color wp-elements-22464eec30645bf64583c8c37a905479\">Exploitants de r\u00e9seaux d\u2019eaux, d&#8217;assainissement, op\u00e9rateurs de r\u00e9seaux fibre et t\u00e9l\u00e9com.<span style=\"color: rgb(0, 0, 0); font-size: medium; font-weight: 400; white-space-collapse: collapse;\"><\/span><\/h2>\n\n\n\n<div class=\"wp-block-columns is-layout-flex wp-container-core-columns-is-layout-e5c6600c wp-block-columns-is-layout-flex\" style=\"margin-top:0;margin-bottom:0;padding-right:var(--wp--preset--spacing--60);padding-left:var(--wp--preset--spacing--60)\">\n<div class=\"wp-block-column is-layout-flow wp-block-column-is-layout-flow\">\n<div class=\"wp-block-group colonne_max is-vertical is-layout-flex wp-container-core-group-is-layout-fe9cc265 wp-block-group-is-layout-flex\">\n<ul class=\"wp-block-list\">\n<li style=\"font-size:1.2em\"><strong>Verrouillage des tampons et trappes en fonte<\/strong><span style=\"font-size: medium; white-space-collapse: collapse;\"><\/span><span id=\"docs-internal-guid-e5467699-7fff-54a4-33d4-9d4727094f07\"><div><span style=\"font-size: 11pt; font-family: Calibri, sans-serif; background-color: transparent; font-variant-numeric: normal; font-variant-east-asian: normal; font-variant-alternates: normal; font-variant-position: normal; vertical-align: baseline;\"><\/span><\/div><\/span><\/li>\n<\/ul>\n\n\n\n<p class=\"has-bleu-roi-color has-text-color has-link-color has-bleu-roi-color has-text-color\">Verrou \u00e0 t\u00eate hexagonale, \u00e0 t\u00eate cod\u00e9e (EXC, OTC\u2026), l\u2019ensemble de nos trappes et tampons sont \u00e9quipables de syst\u00e8mes de verrouillage. Sur nos produits les plus standards, ces verrous peuvent \u00eatre int\u00e9gr\u00e9s \u00e0 la commande initiale ou rajout\u00e9s ult\u00e9rieurement.<\/p>\n\n\n\n<hr class=\"wp-block-separator has-alpha-channel-opacity\" style=\"margin-top:var(--wp--preset--spacing--20);margin-bottom:var(--wp--preset--spacing--20)\"\/>\n\n\n\n<p>Pour les sites les plus sensibles, Soval a d\u00e9velopp\u00e9 un syst\u00e8me anti-effraction brevet\u00e9 dit \u00ab SAE\u00a0\u00bb. Ce verrou, disponible sur demande sur l\u2019ensemble de nos <a href=\"https:\/\/www.soval.fr\/produits\/voirie-assainissement\/regards-et-tampons\/regards-de-chaussee\/\">regards de chauss\u00e9es D400<\/a> et trappes articul\u00e9es, est unique pour r\u00e9sister aux agressions. <br>Valid\u00e9 par le CNPP (Acteur de r\u00e9f\u00e9rence en pr\u00e9vention et ma\u00eetrise des risques), aucun acc\u00e8s \u00e0 la serrure n\u2019est possible une fois le tampon ferm\u00e9. Une <a href=\"https:\/\/www.soval.fr\/fr\/produit\/voirie-assainissement\/accessoires\/leve-tampon-cles-verrous\/cle-de-manoeuvre-pour-verrou-sae\/\">cl\u00e9 de man\u0153uvre SAE<\/a> est fournie aux exploitants afin de limiter les acc\u00e8s \u00e0 de tierces personnes.<\/p>\n\n\n\n<div style=\"height:0px\" aria-hidden=\"true\" class=\"wp-block-spacer wp-container-content-4dd21e30\"><\/div>\n\n\n\n<figure class=\"wp-block-image size-large mobile-img_full element-bottom wp-container-content-e0b89f81\"><img decoding=\"async\" width=\"1024\" height=\"766\" src=\"https:\/\/www.soval.fr\/wp-content\/uploads\/2024\/08\/verrouillage_trappes-1024x766.jpg\" alt=\"\" class=\"wp-image-5146\" style=\"aspect-ratio:16\/9;object-fit:cover\" srcset=\"https:\/\/www.soval.fr\/wp-content\/uploads\/2024\/08\/verrouillage_trappes-1024x766.jpg 1024w, https:\/\/www.soval.fr\/wp-content\/uploads\/2024\/08\/verrouillage_trappes-300x224.jpg 300w, https:\/\/www.soval.fr\/wp-content\/uploads\/2024\/08\/verrouillage_trappes-768x574.jpg 768w, https:\/\/www.soval.fr\/wp-content\/uploads\/2024\/08\/verrouillage_trappes-600x449.jpg 600w, https:\/\/www.soval.fr\/wp-content\/uploads\/2024\/08\/verrouillage_trappes.jpg 1411w\" sizes=\"(max-width: 1024px) 100vw, 1024px\" \/><\/figure>\n<\/div>\n<\/div>\n\n\n\n<div class=\"wp-block-column is-layout-flow wp-block-column-is-layout-flow\">\n<div class=\"wp-block-group colonne_max is-vertical is-layout-flex wp-container-core-group-is-layout-fe9cc265 wp-block-group-is-layout-flex\">\n<ul class=\"wp-block-list\">\n<li style=\"font-size:1.2em\"><strong>S\u00e9curisation de la ressource en eau&nbsp;: capots \u00ab&nbsp;Vigi&nbsp;\u00bb<\/strong><span style=\"font-size: medium; white-space-collapse: collapse;\"><\/span><span id=\"docs-internal-guid-f32dc1d1-7fff-c2ba-bf4a-48461c52f609\"><div><span style=\"font-size: 11pt; font-family: Calibri, sans-serif; background-color: transparent; font-variant-numeric: normal; font-variant-east-asian: normal; font-variant-alternates: normal; font-variant-position: normal; vertical-align: baseline;\"><\/span><\/div><\/span><\/li>\n<\/ul>\n\n\n\n<p class=\"has-bleu-roi-color has-text-color has-link-color has-bleu-roi-color has-text-color\">Le capot VIGI est con\u00e7u pour r\u00e9sister aux tentatives d\u2019intrusions gr\u00e2ce \u00e0 sa fonte haute r\u00e9sistance SECUR-IT, conforme aux normes NF EN 1627, NF EN 1630 et class\u00e9e CR4 (s\u00e9curisation des points d\u2019acc\u00e8s : verrouillage, serrure, charni\u00e8re et articulation).<\/p>\n\n\n\n<hr class=\"wp-block-separator has-alpha-channel-opacity\" style=\"margin-top:var(--wp--preset--spacing--20);margin-bottom:var(--wp--preset--spacing--20)\"\/>\n\n\n\n<p>Pour ce faire, l\u2019ensemble du <a href=\"https:\/\/www.soval.fr\/fr\/produit\/aep\/stations-reservoirs\/capots-regard-vannes-murales-crepine-clapet\/capot-regard-securise-vigi\/\">VIGI<\/a> (cadre, tampon, chemin\u00e9e) est moul\u00e9 dans une fonte sp\u00e9cifique trait\u00e9e pour la rendre ultra r\u00e9sistante et anti-percement. Il est \u00e9quip\u00e9 d\u2019un bac de r\u00e9tention en inox, d\u2019un capteur anti-intrusion et d\u2019une serrure de suret\u00e9 r\u00e9pondant aux acc\u00e8s les plus s\u00e9curitaires (canon europ\u00e9en, serrure Deny).<\/p>\n\n\n\n<p>Disponible en diam\u00e8tre 600 et 700 cadre rond, nous sommes \u00e9galement en capacit\u00e9 de vous accompagner par une fabrication sur mesure sur des formats carr\u00e9s non standard afin de se marier \u00e0 vos ouvrages existants.<\/p>\n\n\n\n<div style=\"height:0px\" aria-hidden=\"true\" class=\"wp-block-spacer wp-container-content-4dd21e30\"><\/div>\n\n\n\n<figure class=\"wp-block-image size-large mobile-img_full element-bottom wp-container-content-e0b89f81\"><img decoding=\"async\" width=\"1024\" height=\"683\" src=\"https:\/\/www.soval.fr\/wp-content\/uploads\/2024\/08\/vigi-1024x683.jpg\" alt=\"\" class=\"wp-image-5148\" style=\"aspect-ratio:16\/9;object-fit:cover\" srcset=\"https:\/\/www.soval.fr\/wp-content\/uploads\/2024\/08\/vigi-1024x683.jpg 1024w, https:\/\/www.soval.fr\/wp-content\/uploads\/2024\/08\/vigi-300x200.jpg 300w, https:\/\/www.soval.fr\/wp-content\/uploads\/2024\/08\/vigi-768x512.jpg 768w, https:\/\/www.soval.fr\/wp-content\/uploads\/2024\/08\/vigi-1536x1024.jpg 1536w, https:\/\/www.soval.fr\/wp-content\/uploads\/2024\/08\/vigi-2048x1365.jpg 2048w, https:\/\/www.soval.fr\/wp-content\/uploads\/2024\/08\/vigi-600x400.jpg 600w\" sizes=\"(max-width: 1024px) 100vw, 1024px\" \/><\/figure>\n<\/div>\n<\/div>\n<\/div>\n<\/div>\n\n\n\n<div class=\"wp-block-group is-layout-constrained wp-block-group-is-layout-constrained\" style=\"padding-top:var(--wp--preset--spacing--70);padding-bottom:var(--wp--preset--spacing--70)\">\n<h2 class=\"wp-block-heading has-bleu-roi-color has-text-color has-link-color wp-elements-e0a9b3d0c6c4fa91e2a0ca59150576ac\">Les points fort de Soval<\/h2>\n\n\n\n<div class=\"wp-block-group is-layout-constrained wp-container-core-group-is-layout-2704560f wp-block-group-is-layout-constrained\">\n<div class=\"wp-block-columns is-layout-flex wp-container-core-columns-is-layout-14cf5ab5 wp-block-columns-is-layout-flex\">\n<div class=\"wp-block-column is-layout-flow wp-block-column-is-layout-flow\">\n<div class=\"wp-block-group is-layout-constrained wp-block-group-is-layout-constrained\">\n<figure class=\"wp-block-image size-full is-resized\"><img decoding=\"async\" src=\"https:\/\/www.soval.fr\/wp-content\/uploads\/2024\/08\/1_production.svg\" alt=\"\" class=\"wp-image-4942\" style=\"width:75px\"\/><\/figure>\n\n\n\n<h3 class=\"wp-block-heading\" style=\"margin-top:var(--wp--preset--spacing--30);margin-bottom:var(--wp--preset--spacing--30)\"><strong>Production int\u00e9gr\u00e9e<\/strong><\/h3>\n\n\n\n<p>Les gammes fontes Soval sont con\u00e7ues et fabriqu\u00e9es dans notre fonderie haut-marnaise centenaire pour une exigence et un savoir-faire de proximit\u00e9.<\/p>\n<\/div>\n<\/div>\n\n\n\n<div class=\"wp-block-column is-layout-flow wp-block-column-is-layout-flow\">\n<div class=\"wp-block-group is-layout-constrained wp-block-group-is-layout-constrained\">\n<figure class=\"wp-block-image size-full is-resized\"><img decoding=\"async\" src=\"https:\/\/www.soval.fr\/wp-content\/uploads\/2024\/08\/2_urgences.svg\" alt=\"\" class=\"wp-image-4944\" style=\"width:75px\"\/><\/figure>\n\n\n\n<h3 class=\"wp-block-heading\" style=\"margin-top:var(--wp--preset--spacing--30);margin-bottom:var(--wp--preset--spacing--30)\"><strong>Gestion des urgences<\/strong><\/h3>\n\n\n\n<p>Vos probl\u00e8mes sont nos urgences. Experts et professionnels, nos \u00e9quipes sont d\u2019abord l\u00e0 pour vous orienter et vous conseiller dans vos choix techniques.<\/p>\n<\/div>\n<\/div>\n\n\n\n<div class=\"wp-block-column is-layout-flow wp-block-column-is-layout-flow\">\n<div class=\"wp-block-group is-layout-constrained wp-block-group-is-layout-constrained\">\n<figure class=\"wp-block-image size-full is-resized\"><img decoding=\"async\" src=\"https:\/\/www.soval.fr\/wp-content\/uploads\/2024\/08\/3_fabricant.svg\" alt=\"\" class=\"wp-image-4946\" style=\"width:75px\"\/><\/figure>\n\n\n\n<h3 class=\"wp-block-heading\" style=\"margin-top:var(--wp--preset--spacing--30);margin-bottom:var(--wp--preset--spacing--30)\"><strong>Fabricant \u2013 Distributeu<\/strong>r<\/h3>\n\n\n\n<p>Un maillage national et international. Nos agences sont toutes dot\u00e9es d\u2019un stock et de conseillers experts de vos r\u00e9seaux et nourris de notre longue exp\u00e9rience.<\/p>\n<\/div>\n<\/div>\n<\/div>\n<\/div>\n<\/div>\n\n\n\n<div class=\"wp-block-group has-beige-background-color has-background is-layout-constrained wp-block-group-is-layout-constrained\" style=\"padding-top:var(--wp--preset--spacing--70);padding-bottom:var(--wp--preset--spacing--70)\">\n<h2 class=\"wp-block-heading has-bleu-roi-color has-text-color has-link-color wp-elements-a0fc2c3e4940d8ac0cf5360417e20fb2\">Nos derniers chantiers<\/h2>\n\n\n<div class=\"block-relationnel overflow-hidden align wp-block-acf-relationnel\">\n    <div class=\"swiper swiper-relationnel\">\n        <div class=\"swiper-wrapper \">\n\t\t\t<div class=\"pb-10 swiper-slide\"><a href=\"https:\/\/www.soval.fr\/fr\/realisations\/chantier-trappes-roissy-ch-de-gaulles-95\/\" class=\"templates-relationnel soval-link\" title=\"Lire la suite de Chantier Trappes : Roissy Ch.de Gaulles (95)\"><article class=\"flex h-full flex-col m-5\">\n    <div class=\"relative\">\n\t\t<img decoding=\"async\" width=\"2560\" height=\"1440\" src=\"https:\/\/www.soval.fr\/wp-content\/uploads\/2024\/09\/ares_adp_5-scaled.jpg\" class=\"object-cover w-full h-64 wp-post-image\" alt=\"\" srcset=\"https:\/\/www.soval.fr\/wp-content\/uploads\/2024\/09\/ares_adp_5-scaled.jpg 2560w, https:\/\/www.soval.fr\/wp-content\/uploads\/2024\/09\/ares_adp_5-300x169.jpg 300w, https:\/\/www.soval.fr\/wp-content\/uploads\/2024\/09\/ares_adp_5-1024x576.jpg 1024w, https:\/\/www.soval.fr\/wp-content\/uploads\/2024\/09\/ares_adp_5-768x432.jpg 768w, https:\/\/www.soval.fr\/wp-content\/uploads\/2024\/09\/ares_adp_5-1536x864.jpg 1536w, https:\/\/www.soval.fr\/wp-content\/uploads\/2024\/09\/ares_adp_5-2048x1152.jpg 2048w, https:\/\/www.soval.fr\/wp-content\/uploads\/2024\/09\/ares_adp_5-600x338.jpg 600w\" sizes=\"(max-width: 2560px) 100vw, 2560px\" \/>    <\/div>\n    <div class=\"flex basis-full flex-col bg-white p-5\">\n        <div class=\"mb-5 text-2xl font-semibold\">\n\t\t\tChantier Trappes : Roissy Ch.de Gaulles (95)        <\/div>\n        <div class=\"mt-auto mb-3 line-clamp-4\">\n\t\t\t<p>R\u00e9habilitation de la piste 3 &#8211; Roissy Charles de Gaulles (95) Entre 2019 et 2021, le Groupe ADP a men\u00e9 d&#8217;importants travaux de r\u00e9habilitation sur la piste 3 de Roissy-Charles de Gaulle. Ces travaux \u00e9taient n\u00e9cessaires pour assurer la s\u00e9curit\u00e9 a\u00e9rienne et le bon fonctionnement \u00e0 long terme de cette infrastructure. Soval a \u00e9t\u00e9 s\u00e9lectionn\u00e9e [&hellip;]<\/p>\n        <\/div>\n        <div class=\"mt-auto text-right underline\">\n\t\t\tLire la suite        <\/div>\n    <\/div>\n<\/article>\n<\/a><\/div><div class=\"pb-10 swiper-slide\"><a href=\"https:\/\/www.soval.fr\/fr\/realisations\/chantier-voirie-toulouse-31\/\" class=\"templates-relationnel soval-link\" title=\"Lire la suite de Chantier voirie : Toulouse (31)\"><article class=\"flex h-full flex-col m-5\">\n    <div class=\"relative\">\n\t\t<img decoding=\"async\" width=\"2560\" height=\"1440\" src=\"https:\/\/www.soval.fr\/wp-content\/uploads\/2024\/09\/20190711_122644-scaled.jpg\" class=\"object-cover w-full h-64 wp-post-image\" alt=\"\" srcset=\"https:\/\/www.soval.fr\/wp-content\/uploads\/2024\/09\/20190711_122644-scaled.jpg 2560w, https:\/\/www.soval.fr\/wp-content\/uploads\/2024\/09\/20190711_122644-300x169.jpg 300w, https:\/\/www.soval.fr\/wp-content\/uploads\/2024\/09\/20190711_122644-1024x576.jpg 1024w, https:\/\/www.soval.fr\/wp-content\/uploads\/2024\/09\/20190711_122644-768x432.jpg 768w, https:\/\/www.soval.fr\/wp-content\/uploads\/2024\/09\/20190711_122644-1536x864.jpg 1536w, https:\/\/www.soval.fr\/wp-content\/uploads\/2024\/09\/20190711_122644-2048x1152.jpg 2048w, https:\/\/www.soval.fr\/wp-content\/uploads\/2024\/09\/20190711_122644-600x338.jpg 600w\" sizes=\"(max-width: 2560px) 100vw, 2560px\" \/>    <\/div>\n    <div class=\"flex basis-full flex-col bg-white p-5\">\n        <div class=\"mb-5 text-2xl font-semibold\">\n\t\t\tChantier voirie : Toulouse (31)        <\/div>\n        <div class=\"mt-auto mb-3 line-clamp-4\">\n\t\t\t<p>R\u00e9habilitation du quartier des Minimes &#8211; Toulouse (31) En 2016 la municipalit\u00e9 de Toulouse (31) a lanc\u00e9 le l\u2019op\u00e9ration \u00ab&nbsp;C\u0153ur de quartier&nbsp;\u00bb visant \u00e0 redynamiser et r\u00e9animer 33 quartiers toulousains. Parmi ces 33 quartiers, l\u2019agence de Soval Toulouse a \u00e9t\u00e9 choisi en 2019 pour r\u00e9am\u00e9nager l\u2019avenue des minimes avec la fourniture mat\u00e9riel de de voirie [&hellip;]<\/p>\n        <\/div>\n        <div class=\"mt-auto text-right underline\">\n\t\t\tLire la suite        <\/div>\n    <\/div>\n<\/article>\n<\/a><\/div><div class=\"pb-10 swiper-slide\"><a href=\"https:\/\/www.soval.fr\/fr\/realisations\/chantier-voirie-mehun-sur-yevres-18\/\" class=\"templates-relationnel soval-link\" title=\"Lire la suite de Chantier Voirie : Mehun-sur-Y\u00e8vres (18)\"><article class=\"flex h-full flex-col m-5\">\n    <div class=\"relative\">\n\t\t<img decoding=\"async\" width=\"2560\" height=\"1920\" src=\"https:\/\/www.soval.fr\/wp-content\/uploads\/2024\/09\/20190404_091837-scaled.jpg\" class=\"object-cover w-full h-64 wp-post-image\" alt=\"\" srcset=\"https:\/\/www.soval.fr\/wp-content\/uploads\/2024\/09\/20190404_091837-scaled.jpg 2560w, https:\/\/www.soval.fr\/wp-content\/uploads\/2024\/09\/20190404_091837-300x225.jpg 300w, https:\/\/www.soval.fr\/wp-content\/uploads\/2024\/09\/20190404_091837-1024x768.jpg 1024w, https:\/\/www.soval.fr\/wp-content\/uploads\/2024\/09\/20190404_091837-768x576.jpg 768w, https:\/\/www.soval.fr\/wp-content\/uploads\/2024\/09\/20190404_091837-1536x1152.jpg 1536w, https:\/\/www.soval.fr\/wp-content\/uploads\/2024\/09\/20190404_091837-2048x1536.jpg 2048w, https:\/\/www.soval.fr\/wp-content\/uploads\/2024\/09\/20190404_091837-600x450.jpg 600w\" sizes=\"(max-width: 2560px) 100vw, 2560px\" \/>    <\/div>\n    <div class=\"flex basis-full flex-col bg-white p-5\">\n        <div class=\"mb-5 text-2xl font-semibold\">\n\t\t\tChantier Voirie : Mehun-sur-Y\u00e8vres (18)        <\/div>\n        <div class=\"mt-auto mb-3 line-clamp-4\">\n\t\t\t<p>Revitalisation du quartier historique &#8211; Mehun sur-Y\u00e8vres (18) La ville de Mehun-sur-Y\u00e8vre (18) a \u00e9tabli sur 3 ans des travaux de revitalisation de son centre-ville et de son site historique la cit\u00e9 Charles VII avec au programme, remplacement des r\u00e9seaux et r\u00e9fection de la voirie. Pour l\u2019occasion, la municipalit\u00e9 a choisi l\u2019agence de Soval Bourges [&hellip;]<\/p>\n        <\/div>\n        <div class=\"mt-auto text-right underline\">\n\t\t\tLire la suite        <\/div>\n    <\/div>\n<\/article>\n<\/a><\/div>        <\/div>\n        <div class=\"swiper-pagination\"><\/div>\n    <\/div>\n<\/div>\n\n\n\n<div style=\"height:4em\" aria-hidden=\"true\" class=\"wp-block-spacer\"><\/div>\n<\/div>\n","protected":false},"excerpt":{"rendered":"<p>En mai 2022, notre actualit\u00e9 \u00e9tait marqu\u00e9e \u00ab\u00a0par une attaque sans pr\u00e9c\u00e9dent de notre r\u00e9seau de fibre optique d\u2019apr\u00e8s le pr\u00e9sident de la F\u00e9d\u00e9ration fran\u00e7aise des t\u00e9l\u00e9coms\u00a0\u00bb. Suite \u00e0 la coupure de c\u00e2bles dans plusieurs r\u00e9gions de France, d\u2019importantes perturbations ont pu se faire sentir sur le r\u00e9seau\u00a0Internet fixe et mobile. Plus r\u00e9guli\u00e8rement, il est [&hellip;]<\/p>\n","protected":false},"author":2,"featured_media":5142,"parent":0,"menu_order":0,"comment_status":"closed","ping_status":"closed","template":"","meta":{"_acf_changed":false,"footnotes":""},"class_list":["post-2831","page","type-page","status-publish","has-post-thumbnail","hentry"],"acf":[],"_links":{"self":[{"href":"https:\/\/www.soval.fr\/fr\/wp-json\/wp\/v2\/pages\/2831","targetHints":{"allow":["GET"]}}],"collection":[{"href":"https:\/\/www.soval.fr\/fr\/wp-json\/wp\/v2\/pages"}],"about":[{"href":"https:\/\/www.soval.fr\/fr\/wp-json\/wp\/v2\/types\/page"}],"author":[{"embeddable":true,"href":"https:\/\/www.soval.fr\/fr\/wp-json\/wp\/v2\/users\/2"}],"replies":[{"embeddable":true,"href":"https:\/\/www.soval.fr\/fr\/wp-json\/wp\/v2\/comments?post=2831"}],"version-history":[{"count":1,"href":"https:\/\/www.soval.fr\/fr\/wp-json\/wp\/v2\/pages\/2831\/revisions"}],"predecessor-version":[{"id":7386,"href":"https:\/\/www.soval.fr\/fr\/wp-json\/wp\/v2\/pages\/2831\/revisions\/7386"}],"wp:featuredmedia":[{"embeddable":true,"href":"https:\/\/www.soval.fr\/fr\/wp-json\/wp\/v2\/media\/5142"}],"wp:attachment":[{"href":"https:\/\/www.soval.fr\/fr\/wp-json\/wp\/v2\/media?parent=2831"}],"curies":[{"name":"wp","href":"https:\/\/api.w.org\/{rel}","templated":true}]}}