{"id":2835,"date":"2024-07-27T17:16:59","date_gmt":"2024-07-27T15:16:59","guid":{"rendered":"https:\/\/www.soval.fr\/?page_id=2835"},"modified":"2024-09-12T19:29:21","modified_gmt":"2024-09-12T17:29:21","slug":"logistique","status":"publish","type":"page","link":"https:\/\/www.soval.fr\/fr\/logistique\/","title":{"rendered":"La logistique maitris\u00e9e"},"content":{"rendered":"\n<div class=\"wp-block-columns is-layout-flex wp-container-core-columns-is-layout-51c8ee58 wp-block-columns-is-layout-flex\" style=\"padding-top:var(--wp--preset--spacing--70);padding-bottom:var(--wp--preset--spacing--70)\">\n<div class=\"wp-block-column is-layout-flow wp-block-column-is-layout-flow\">\n<p>L\u2019organisation de SOVAL est con\u00e7ue autour 3 axes : Production, Hub central et Agences de proximit\u00e9. Elle permet une gestion raisonn\u00e9e des flux logistiques et une r\u00e9activit\u00e9 maximale, mais aussi une optimisation des km parcourus et donc des \u00e9missions de CO2. Chaque agence Soval dispose de ses propres moyens de livraison et s\u2019appuie sur un r\u00e9seau de partenaires logistiques tri\u00e9s sur le volet, tous soigneusement<\/p>\n<\/div>\n\n\n\n<div class=\"wp-block-column is-layout-flow wp-block-column-is-layout-flow\">\n<p>choisis pour r\u00e9pondre aux sp\u00e9cificit\u00e9s de leur zone g\u00e9ographique.<\/p>\n\n\n\n<p>Cette strat\u00e9gie cibl\u00e9e assure une gestion optimale des d\u00e9lais et maintient un haut standard de qualit\u00e9 dans le processus de livraison. <\/p>\n\n\n\n<p>Ainsi, nous garantissons que chaque commande arrive \u00e0 destination en temps voulu, dans les meilleures conditions et pour une satisfaction client maximale.<\/p>\n<\/div>\n<\/div>\n\n\n\n<div class=\"wp-block-group alignfull mobile-no_padding has-beige-background-color has-background is-layout-constrained wp-block-group-is-layout-constrained\" style=\"padding-top:var(--wp--preset--spacing--70);padding-bottom:var(--wp--preset--spacing--70)\">\n<h2 class=\"wp-block-heading has-bleu-roi-color has-text-color has-link-color wp-elements-f0b70bb0e297a1b9d2987d70d0485ed5\"><br>La qualit\u00e9 du transport<\/h2>\n\n\n\n<div class=\"wp-block-columns is-layout-flex wp-container-core-columns-is-layout-fe77f8b0 wp-block-columns-is-layout-flex\" style=\"padding-right:var(--wp--preset--spacing--60);padding-left:var(--wp--preset--spacing--60)\">\n<div class=\"wp-block-column is-layout-flow wp-block-column-is-layout-flow\">\n<div class=\"wp-block-group colonne_max is-vertical is-layout-flex wp-container-core-group-is-layout-fed7e1b2 wp-block-group-is-layout-flex\">\n<ul class=\"wp-block-list wp-container-content-f9bd05ee\">\n<li style=\"font-size:1.2em\"><strong>Qualit\u00e9 de service et respect des r\u00e9glementations<\/strong><\/li>\n<\/ul>\n\n\n\n<hr class=\"wp-block-separator has-alpha-channel-opacity\" style=\"margin-top:var(--wp--preset--spacing--20);margin-bottom:var(--wp--preset--spacing--20)\"\/>\n\n\n\n<p>Nos transporteurs, y compris nos chauffeurs, adh\u00e8rent scrupuleusement aux normes de s\u00e9curit\u00e9, assurant un placement et un arrimage s\u00fbrs de nos produits durant le transport. De plus, notre service logistique s\u2019engage dans une d\u00e9marche d\u2019am\u00e9lioration continue, en affinant constamment le conditionnement de nos produits. Cet effort vise \u00e0 r\u00e9duire notre bilan carbone lors du transport et donc l\u2019impact environnemental de nos activit\u00e9s.<\/p>\n\n\n\n<hr class=\"wp-block-separator has-alpha-channel-opacity\" style=\"margin-top:var(--wp--preset--spacing--20);margin-bottom:var(--wp--preset--spacing--20)\"\/>\n\n\n\n<p>Parall\u00e8lement, nous perfectionnons nos m\u00e9thodes de palettisation pour faciliter la manutention des marchandises et assurer une meilleure protection des produits durant leur acheminement. Ce processus garantit une s\u00e9curit\u00e9 et une efficacit\u00e9 accrues durant le processus de livraison, conform\u00e9ment \u00e0 notre engagement RSE.<\/p>\n\n\n\n<hr class=\"wp-block-separator has-alpha-channel-opacity\" style=\"margin-top:var(--wp--preset--spacing--20);margin-bottom:var(--wp--preset--spacing--20)\"\/>\n\n\n\n<p>La r\u00e9putation de SOVAL repose sur la fiabilit\u00e9 sans faille de son service de livraison et de l\u2019attention m\u00e9ticuleuse port\u00e9e par nos chauffeurs, garantissant ainsi une exp\u00e9rience de livraison de premier ordre qui allie performances environnementales, s\u00e9curit\u00e9 des produits et satisfaction du client.<\/p>\n\n\n\n<div style=\"height:0px\" aria-hidden=\"true\" class=\"wp-block-spacer wp-container-content-4dd21e30\"><\/div>\n\n\n\n<figure class=\"wp-block-image size-large mobile-img_full element-bottom wp-container-content-e0b89f81\"><img decoding=\"async\" width=\"1024\" height=\"434\" src=\"https:\/\/www.soval.fr\/wp-content\/uploads\/2024\/08\/1_service-premier-ordre-1024x434.jpg\" alt=\"\" class=\"wp-image-5429\" style=\"aspect-ratio:16\/9;object-fit:cover\" srcset=\"https:\/\/www.soval.fr\/wp-content\/uploads\/2024\/08\/1_service-premier-ordre-1024x434.jpg 1024w, https:\/\/www.soval.fr\/wp-content\/uploads\/2024\/08\/1_service-premier-ordre-300x127.jpg 300w, https:\/\/www.soval.fr\/wp-content\/uploads\/2024\/08\/1_service-premier-ordre-768x325.jpg 768w, https:\/\/www.soval.fr\/wp-content\/uploads\/2024\/08\/1_service-premier-ordre-1536x650.jpg 1536w, https:\/\/www.soval.fr\/wp-content\/uploads\/2024\/08\/1_service-premier-ordre-600x254.jpg 600w, https:\/\/www.soval.fr\/wp-content\/uploads\/2024\/08\/1_service-premier-ordre.jpg 2000w\" sizes=\"(max-width: 1024px) 100vw, 1024px\" \/><\/figure>\n<\/div>\n<\/div>\n\n\n\n<div class=\"wp-block-column is-layout-flow wp-block-column-is-layout-flow\">\n<div class=\"wp-block-group colonne_max is-vertical is-layout-flex wp-container-core-group-is-layout-fed7e1b2 wp-block-group-is-layout-flex\">\n<ul class=\"wp-block-list wp-container-content-f9bd05ee\">\n<li style=\"font-size:1.2em\"><strong>Les moyens de livraison<\/strong><\/li>\n<\/ul>\n\n\n\n<hr class=\"wp-block-separator has-alpha-channel-opacity\" style=\"margin-top:var(--wp--preset--spacing--20);margin-bottom:var(--wp--preset--spacing--20)\"\/>\n\n\n\n<p>Nos agences disposent d\u2019une palette flexible de solutions de livraison pour acheminer nos produits avec pr\u00e9cision et efficacit\u00e9. <\/p>\n\n\n\n<p>Lorsque les exp\u00e9ditions sont r\u00e9alis\u00e9es par camion grue SOVAL, nos chauffeurs qualifi\u00e9s assurent la d\u00e9pose de la marchandise directement sur le site indiqu\u00e9 par le client, que ce soit sur un chantier actif ou au sein d\u2019un entrep\u00f4t de stockage.<\/p>\n\n\n\n<hr class=\"wp-block-separator has-alpha-channel-opacity\" style=\"margin-top:var(--wp--preset--spacing--20);margin-bottom:var(--wp--preset--spacing--20)\"\/>\n\n\n\n<p>Pour les livraisons par transporteur, les produits sont achemin\u00e9s et d\u00e9charg\u00e9s avec soin \u00e0 l\u2019aide d\u2019un camion hayon, suivant les indications fournies par le client.<\/p>\n\n\n\n<p>Dans certains cas, nous optimisons l\u2019efficacit\u00e9 logistique en exp\u00e9diant nos pi\u00e8ces en fonte directement depuis notre hub central de Brousseval (52) pour une distribution rapide et directe.<\/p>\n\n\n\n<hr class=\"wp-block-separator has-alpha-channel-opacity\" style=\"margin-top:var(--wp--preset--spacing--20);margin-bottom:var(--wp--preset--spacing--20)\"\/>\n\n\n\n<p>Cette diversit\u00e9 dans les modes de livraison nous permet de r\u00e9pondre aux besoins sp\u00e9cifiques de chaque client et \u00e0 garantir une livraison s\u00fbre et adapt\u00e9e pour leur commande.<\/p>\n\n\n\n<div style=\"height:0px\" aria-hidden=\"true\" class=\"wp-block-spacer wp-container-content-4dd21e30\"><\/div>\n\n\n\n<figure class=\"wp-block-image size-large mobile-img_full element-bottom wp-container-content-e0b89f81\"><img decoding=\"async\" width=\"1024\" height=\"769\" src=\"https:\/\/www.soval.fr\/wp-content\/uploads\/2024\/08\/2_moyen_de_livraison-1024x769.jpg\" alt=\"\" class=\"wp-image-5431\" style=\"aspect-ratio:16\/9;object-fit:cover\" srcset=\"https:\/\/www.soval.fr\/wp-content\/uploads\/2024\/08\/2_moyen_de_livraison-1024x769.jpg 1024w, https:\/\/www.soval.fr\/wp-content\/uploads\/2024\/08\/2_moyen_de_livraison-300x225.jpg 300w, https:\/\/www.soval.fr\/wp-content\/uploads\/2024\/08\/2_moyen_de_livraison-768x576.jpg 768w, https:\/\/www.soval.fr\/wp-content\/uploads\/2024\/08\/2_moyen_de_livraison-1536x1153.jpg 1536w, https:\/\/www.soval.fr\/wp-content\/uploads\/2024\/08\/2_moyen_de_livraison-600x450.jpg 600w, https:\/\/www.soval.fr\/wp-content\/uploads\/2024\/08\/2_moyen_de_livraison.jpg 2000w\" sizes=\"(max-width: 1024px) 100vw, 1024px\" \/><\/figure>\n<\/div>\n<\/div>\n<\/div>\n<\/div>\n\n\n\n<div class=\"wp-block-group is-layout-constrained wp-block-group-is-layout-constrained\" style=\"padding-top:var(--wp--preset--spacing--70);padding-bottom:var(--wp--preset--spacing--70)\">\n<h2 class=\"wp-block-heading has-bleu-roi-color has-text-color has-link-color wp-elements-e0a9b3d0c6c4fa91e2a0ca59150576ac\">Les points fort de Soval<\/h2>\n\n\n\n<div class=\"wp-block-group is-layout-constrained wp-container-core-group-is-layout-2704560f wp-block-group-is-layout-constrained\">\n<div class=\"wp-block-columns is-layout-flex wp-container-core-columns-is-layout-14cf5ab5 wp-block-columns-is-layout-flex\">\n<div class=\"wp-block-column is-layout-flow wp-block-column-is-layout-flow\">\n<div class=\"wp-block-group is-layout-constrained wp-block-group-is-layout-constrained\">\n<figure class=\"wp-block-image size-full is-resized\"><img decoding=\"async\" src=\"https:\/\/www.soval.fr\/wp-content\/uploads\/2024\/08\/1_production.svg\" alt=\"\" class=\"wp-image-4942\" style=\"width:75px\"\/><\/figure>\n\n\n\n<h3 class=\"wp-block-heading\" style=\"margin-top:var(--wp--preset--spacing--30);margin-bottom:var(--wp--preset--spacing--30)\"><strong>Production int\u00e9gr\u00e9e<\/strong><\/h3>\n\n\n\n<p>Les gammes fontes Soval sont con\u00e7ues et fabriqu\u00e9es dans notre fonderie haut-marnaise centenaire pour une exigence et un savoir-faire de proximit\u00e9.<\/p>\n<\/div>\n<\/div>\n\n\n\n<div class=\"wp-block-column is-layout-flow wp-block-column-is-layout-flow\">\n<div class=\"wp-block-group is-layout-constrained wp-block-group-is-layout-constrained\">\n<figure class=\"wp-block-image size-full is-resized\"><img decoding=\"async\" src=\"https:\/\/www.soval.fr\/wp-content\/uploads\/2024\/08\/2_urgences.svg\" alt=\"\" class=\"wp-image-4944\" style=\"width:75px\"\/><\/figure>\n\n\n\n<h3 class=\"wp-block-heading\" style=\"margin-top:var(--wp--preset--spacing--30);margin-bottom:var(--wp--preset--spacing--30)\"><strong>Gestion des urgences<\/strong><\/h3>\n\n\n\n<p>Vos probl\u00e8mes sont nos urgences. Experts et professionnels, nos \u00e9quipes sont d\u2019abord l\u00e0 pour vous orienter et vous conseiller dans vos choix techniques.<\/p>\n<\/div>\n<\/div>\n\n\n\n<div class=\"wp-block-column is-layout-flow wp-block-column-is-layout-flow\">\n<div class=\"wp-block-group is-layout-constrained wp-block-group-is-layout-constrained\">\n<figure class=\"wp-block-image size-full is-resized\"><img decoding=\"async\" src=\"https:\/\/www.soval.fr\/wp-content\/uploads\/2024\/08\/3_fabricant.svg\" alt=\"\" class=\"wp-image-4946\" style=\"width:75px\"\/><\/figure>\n\n\n\n<h3 class=\"wp-block-heading\" style=\"margin-top:var(--wp--preset--spacing--30);margin-bottom:var(--wp--preset--spacing--30)\"><strong>Fabricant \u2013 Distributeu<\/strong>r<\/h3>\n\n\n\n<p>Un maillage national et international. Nos agences sont toutes dot\u00e9es d\u2019un stock et de conseillers experts de vos r\u00e9seaux et nourris de notre longue exp\u00e9rience.<\/p>\n<\/div>\n<\/div>\n<\/div>\n<\/div>\n<\/div>\n\n\n\n<div class=\"wp-block-group alignfull has-beige-background-color has-background is-layout-constrained wp-block-group-is-layout-constrained\" style=\"padding-top:var(--wp--preset--spacing--70);padding-bottom:10rem\">\n<div class=\"wp-block-columns mobile-column_reverse is-layout-flex wp-container-core-columns-is-layout-14cf5ab5 wp-block-columns-is-layout-flex\">\n<div class=\"wp-block-column is-layout-flow wp-block-column-is-layout-flow\" style=\"flex-basis:40%\">\n<div class=\"wp-block-group is-layout-constrained wp-block-group-is-layout-constrained has-background\" style=\"min-height:300px;margin-bottom:var(--wp--preset--spacing--60);background-image:url(&apos;https:\/\/www.soval.fr\/wp-content\/uploads\/2024\/08\/1_photo_agence-edited-scaled.jpg&apos;);background-position:100% 50%;background-size:cover;\"><\/div>\n\n\n\n<p>Pour toute demande, conseil ou solution technique, contacter votre agence Soval et discuter de votre projet.<\/p>\n<\/div>\n\n\n\n<div class=\"wp-block-column is-layout-flow wp-block-column-is-layout-flow\" style=\"flex-basis:60%\">\n<div style=\"height:300px; margin-bottom:var(--wp--preset--spacing--60); min-height:300px;\" class=\"block-agence-map w-full h-full relative overflow-hidden relative z-0 align wp-block-acf-agence-map\">\n\t<div id=\"map_soval\" data-id=\"368\"><\/div><\/div>\n\n\n\n<p style=\"margin-bottom:var(--wp--preset--spacing--40)\">Retrouvez votre agence privil\u00e9gi\u00e9e en cliquant sur la carte ou sur le bouton Trouver mon agence.<\/p>\n\n\n\n<div class=\"wp-block-buttons is-layout-flex wp-block-buttons-is-layout-flex\">\n<div class=\"wp-block-button is-style-fill\"><a class=\"wp-block-button__link wp-element-button\" href=\"https:\/\/www.soval.fr\/fr\/trouvez-votre-agence\/\">Trouver mon agence<\/a><\/div>\n<\/div>\n<\/div>\n<\/div>\n<\/div>\n","protected":false},"excerpt":{"rendered":"<p>L\u2019organisation de SOVAL est con\u00e7ue autour 3 axes : Production, Hub central et Agences de proximit\u00e9. Elle permet une gestion raisonn\u00e9e des flux logistiques et une r\u00e9activit\u00e9 maximale, mais aussi une optimisation des km parcourus et donc des \u00e9missions de CO2. Chaque agence Soval dispose de ses propres moyens de livraison et s\u2019appuie sur un [&hellip;]<\/p>\n","protected":false},"author":2,"featured_media":5427,"parent":0,"menu_order":0,"comment_status":"closed","ping_status":"closed","template":"","meta":{"_acf_changed":false,"footnotes":""},"class_list":["post-2835","page","type-page","status-publish","has-post-thumbnail","hentry"],"acf":[],"_links":{"self":[{"href":"https:\/\/www.soval.fr\/fr\/wp-json\/wp\/v2\/pages\/2835","targetHints":{"allow":["GET"]}}],"collection":[{"href":"https:\/\/www.soval.fr\/fr\/wp-json\/wp\/v2\/pages"}],"about":[{"href":"https:\/\/www.soval.fr\/fr\/wp-json\/wp\/v2\/types\/page"}],"author":[{"embeddable":true,"href":"https:\/\/www.soval.fr\/fr\/wp-json\/wp\/v2\/users\/2"}],"replies":[{"embeddable":true,"href":"https:\/\/www.soval.fr\/fr\/wp-json\/wp\/v2\/comments?post=2835"}],"version-history":[{"count":0,"href":"https:\/\/www.soval.fr\/fr\/wp-json\/wp\/v2\/pages\/2835\/revisions"}],"wp:featuredmedia":[{"embeddable":true,"href":"https:\/\/www.soval.fr\/fr\/wp-json\/wp\/v2\/media\/5427"}],"wp:attachment":[{"href":"https:\/\/www.soval.fr\/fr\/wp-json\/wp\/v2\/media?parent=2835"}],"curies":[{"name":"wp","href":"https:\/\/api.w.org\/{rel}","templated":true}]}}