{"id":5170,"date":"2024-08-09T15:07:16","date_gmt":"2024-08-09T13:07:16","guid":{"rendered":"https:\/\/www.soval.fr\/?page_id=5170"},"modified":"2024-10-07T16:43:51","modified_gmt":"2024-10-07T14:43:51","slug":"trappe-tampon-port-aeroport","status":"publish","type":"page","link":"https:\/\/www.soval.fr\/fr\/trappe-tampon-port-aeroport\/","title":{"rendered":"Port et a\u00e9roport"},"content":{"rendered":"\n<div class=\"wp-block-columns is-layout-flex wp-container-core-columns-is-layout-51c8ee58 wp-block-columns-is-layout-flex\" style=\"padding-top:var(--wp--preset--spacing--70);padding-bottom:var(--wp--preset--spacing--70)\">\n<div class=\"wp-block-column is-layout-flow wp-block-column-is-layout-flow\">\n<p>En 15 ans, le trafic ferroviaire a \u00e9volu\u00e9 de 20%. En ce qui concerne l\u2019aviation civile, le trafic a pu \u00eatre multipli\u00e9 par 10 en moins de 40 ans. Ces statistiques croissantes se refl\u00e8tent \u00e9galement dans le fret de marchandise. Avec une \u00e9volution permanente de la technologie, il n\u2019a jamais \u00e9t\u00e9 aussi simple de se d\u00e9placer et d\u2019\u00eatre livr\u00e9 rapidement.<\/p>\n<\/div>\n\n\n\n<div class=\"wp-block-column is-layout-flow wp-block-column-is-layout-flow\">\n<p>Pour r\u00e9pondre \u00e0 ce trafic exceptionnel et \u00e0 ces charges lourdes en milieu portuaire et a\u00e9roportuaire, notre gamme de produits E600\/F900 assure le drainage et l\u2019\u00e9vacuation des eaux pluviales, facilite l\u2019ouverture et la manipulation de vos trappes et regards de visite, tout en assurant la s\u00fbret\u00e9 du personnel sur le terrain.<\/p>\n<\/div>\n<\/div>\n\n\n\n<div class=\"wp-block-group alignfull has-beige-background-color has-background is-layout-constrained wp-block-group-is-layout-constrained\" style=\"padding-top:var(--wp--preset--spacing--70);padding-bottom:var(--wp--preset--spacing--70)\">\n<h2 class=\"wp-block-heading has-bleu-roi-color has-text-color has-link-color wp-elements-d439848b3b9721535f05882b8dd79e60\"><strong>Sites portuaire\/a\u00e9roportuaire\/quai de gare, plateforme logistique, industrie, SOVAL est l\u2019expert des fontes de voirie en charges extr\u00eames<\/strong><\/h2>\n\n\n\n<div class=\"wp-block-columns is-layout-flex wp-container-core-columns-is-layout-fe77f8b0 wp-block-columns-is-layout-flex\" style=\"padding-right:var(--wp--preset--spacing--60);padding-left:var(--wp--preset--spacing--60)\">\n<div class=\"wp-block-column is-layout-flow wp-block-column-is-layout-flow\">\n<div class=\"wp-block-group colonne_max is-vertical is-layout-flex wp-container-core-group-is-layout-fed7e1b2 wp-block-group-is-layout-flex\">\n<ul class=\"wp-block-list wp-container-content-f9bd05ee\">\n<li style=\"font-size:1.2em\"><strong>Site industriel<\/strong><\/li>\n<\/ul>\n\n\n\n<p class=\"has-bleu-roi-color has-text-color has-bleu-roi-color has-text-color\">Fondeur dans le 52, les affleurants de voirie pos\u00e9s \u00e0 m\u00eame notre usine sont fortement impact\u00e9s par la circulation d\u2019engins de manutention.<\/p>\n\n\n\n<hr class=\"wp-block-separator has-alpha-channel-opacity\" style=\"margin-top:var(--wp--preset--spacing--20);margin-bottom:var(--wp--preset--spacing--20)\"\/>\n\n\n\n<p>Profitez de notre savoir-faire et de notre exp\u00e9rience pour nous faire d\u00e9couvrir vos sites industriels et vos cas les plus complexes. <\/p>\n\n\n\n<hr class=\"wp-block-separator has-alpha-channel-opacity\" style=\"margin-top:var(--wp--preset--spacing--20);margin-bottom:var(--wp--preset--spacing--20)\"\/>\n\n\n\n<p>Nous disposons de solutions appropri\u00e9es \u00e0 vos circulations d\u2019engins ou \u00e0 vos probl\u00e8mes de corrosions \u00e0 travers une large gamme de produits pouvant \u00eatre trait\u00e9s sp\u00e9cifiquement \u00e0 la demande. Nos diff\u00e9rentes r\u00e9f\u00e9rences sur sites Seveso sont l\u00e0 pour r\u00e9pondre \u00e0 vos contraintes.<\/p>\n\n\n\n<div style=\"height:0px\" aria-hidden=\"true\" class=\"wp-block-spacer wp-container-content-4dd21e30\"><\/div>\n\n\n\n<figure class=\"wp-block-image size-large mobile-img_full element-bottom wp-container-content-e0b89f81\"><img decoding=\"async\" width=\"1024\" height=\"683\" src=\"https:\/\/www.soval.fr\/wp-content\/uploads\/2024\/08\/1_industriel-1024x683.jpg\" alt=\"\" class=\"wp-image-5182\" style=\"aspect-ratio:16\/9;object-fit:cover\" srcset=\"https:\/\/www.soval.fr\/wp-content\/uploads\/2024\/08\/1_industriel-1024x683.jpg 1024w, https:\/\/www.soval.fr\/wp-content\/uploads\/2024\/08\/1_industriel-300x200.jpg 300w, https:\/\/www.soval.fr\/wp-content\/uploads\/2024\/08\/1_industriel-768x512.jpg 768w, https:\/\/www.soval.fr\/wp-content\/uploads\/2024\/08\/1_industriel-1536x1024.jpg 1536w, https:\/\/www.soval.fr\/wp-content\/uploads\/2024\/08\/1_industriel-2048x1365.jpg 2048w, https:\/\/www.soval.fr\/wp-content\/uploads\/2024\/08\/1_industriel-600x400.jpg 600w\" sizes=\"(max-width: 1024px) 100vw, 1024px\" \/><\/figure>\n<\/div>\n<\/div>\n\n\n\n<div class=\"wp-block-column is-layout-flow wp-block-column-is-layout-flow\">\n<div class=\"wp-block-group colonne_max is-vertical is-layout-flex wp-container-core-group-is-layout-fed7e1b2 wp-block-group-is-layout-flex\">\n<ul class=\"wp-block-list wp-container-content-f9bd05ee\">\n<li style=\"font-size:1.2em\"><strong>Plateforme logistique<\/strong><span style=\"font-size: medium; white-space-collapse: collapse;\"><\/span><\/li>\n<\/ul>\n\n\n\n<p class=\"has-bleu-roi-color has-text-color has-bleu-roi-color has-text-color\">La r\u00e9alisation de VRD sur des plateformes logistiques n\u00e9cessite une attention particuli\u00e8re au vu du trafic important des camions et de leur impact lors de leur giration sur vos affleurants de surface.<\/p>\n\n\n\n<hr class=\"wp-block-separator has-alpha-channel-opacity\" style=\"margin-top:var(--wp--preset--spacing--20);margin-bottom:var(--wp--preset--spacing--20)\"\/>\n\n\n\n<p>Comme pour les ports et a\u00e9roports, disposer de scellement sp\u00e9cifique (Calcel) et de fontes de voirie plus massives contribue \u00e0 la p\u00e9rennit\u00e9 de vos sites. Par ailleurs, l\u2019\u00e9quipement de nos trappes et tampons assist\u00e9s au levage par des v\u00e9rins (\u00e0 gaz, m\u00e9caniques, inox) est l\u00e0 pour faciliter la manipulation de nos produits par vos agents. Nous savons \u00e9galement r\u00e9pondre \u00e0 leur s\u00e9curit\u00e9 par la mise en \u0153uvre de garde-corps et de grilles antichute.<\/p>\n\n\n\n<div style=\"height:0px\" aria-hidden=\"true\" class=\"wp-block-spacer wp-container-content-4dd21e30\"><\/div>\n\n\n\n<figure class=\"wp-block-image size-large mobile-img_full element-bottom wp-container-content-e0b89f81\"><img decoding=\"async\" width=\"1024\" height=\"574\" src=\"https:\/\/www.soval.fr\/wp-content\/uploads\/2024\/08\/2_logistique-1024x574.jpg\" alt=\"\" class=\"wp-image-5178\" style=\"aspect-ratio:16\/9;object-fit:cover\" srcset=\"https:\/\/www.soval.fr\/wp-content\/uploads\/2024\/08\/2_logistique-1024x574.jpg 1024w, https:\/\/www.soval.fr\/wp-content\/uploads\/2024\/08\/2_logistique-300x168.jpg 300w, https:\/\/www.soval.fr\/wp-content\/uploads\/2024\/08\/2_logistique-768x430.jpg 768w, https:\/\/www.soval.fr\/wp-content\/uploads\/2024\/08\/2_logistique-1536x861.jpg 1536w, https:\/\/www.soval.fr\/wp-content\/uploads\/2024\/08\/2_logistique-2048x1148.jpg 2048w, https:\/\/www.soval.fr\/wp-content\/uploads\/2024\/08\/2_logistique-600x336.jpg 600w\" sizes=\"(max-width: 1024px) 100vw, 1024px\" \/><\/figure>\n<\/div>\n<\/div>\n<\/div>\n\n\n\n<div style=\"height:4em\" aria-hidden=\"true\" class=\"wp-block-spacer\"><\/div>\n\n\n\n<div class=\"wp-block-columns is-layout-flex wp-container-core-columns-is-layout-e5c6600c wp-block-columns-is-layout-flex\" style=\"margin-top:0;margin-bottom:0;padding-right:var(--wp--preset--spacing--60);padding-left:var(--wp--preset--spacing--60)\">\n<div class=\"wp-block-column is-layout-flow wp-block-column-is-layout-flow\">\n<div class=\"wp-block-group colonne_max is-vertical is-layout-flex wp-container-core-group-is-layout-fe9cc265 wp-block-group-is-layout-flex\">\n<ul class=\"wp-block-list\">\n<li style=\"font-size:1.2em\"><strong>Sites portuaires\/a\u00e9roportuaires<\/strong><span id=\"docs-internal-guid-e5467699-7fff-54a4-33d4-9d4727094f07\"><div><span style=\"font-size: 11pt; font-family: Calibri, sans-serif; background-color: transparent; font-variant-numeric: normal; font-variant-east-asian: normal; font-variant-alternates: normal; font-variant-position: normal; vertical-align: baseline;\"><\/span><\/div><\/span><\/li>\n<\/ul>\n\n\n\n<p class=\"has-bleu-roi-color has-text-color has-link-color has-bleu-roi-color has-text-color\">Balisage de pistes, circulation d\u2019avion, chargement et d\u00e9placement de conteneurs maritimes sur un terminal portuaire, voil\u00e0 un vocabulaire devenu courant et en lien direct avec nos derniers projets livr\u00e9s en grilles, tampons et trappes SOVAL ces derni\u00e8res ann\u00e9es.<\/p>\n\n\n\n<hr class=\"wp-block-separator has-alpha-channel-opacity\" style=\"margin-top:var(--wp--preset--spacing--20);margin-bottom:var(--wp--preset--spacing--20)\"\/>\n\n\n\n<p>Dans l\u2019ensemble de ces cas, l\u2019enjeu est sensiblement le m\u00eame&nbsp;:&nbsp;<strong>s\u00e9curiser et faciliter<\/strong>&nbsp;<strong>les acc\u00e8s<\/strong>&nbsp;tout en r\u00e9duisant les interventions sur vos fontes de voirie afin de minimiser vos ruptures de charges.<\/p>\n\n\n\n<hr class=\"wp-block-separator has-alpha-channel-opacity\" style=\"margin-top:var(--wp--preset--spacing--20);margin-bottom:var(--wp--preset--spacing--20)\"\/>\n\n\n\n<p>Notre recul d\u2019exp\u00e9rience au travers de projets men\u00e9s sur des a\u00e9roports et docks nationaux et internationaux nous ont permis de satisfaire nos clients par un choix de produits d\u00e9di\u00e9s&nbsp;: trappes grandes ouvertures <a href=\"https:\/\/www.soval.fr\/fr\/produit\/trappes\/trappes-articulees\/fermetures-sur-charnieres\/trappes-titan-1000-e600-verrouillees-articulees-assistees\/\">Titan 1000<\/a> et <a href=\"https:\/\/www.soval.fr\/fr\/produit\/trappes\/trappes-articulees\/fermetures-sur-charnieres\/trappes-titan-1200-nouvelle-version-400-kn-verrouillees-articulees-assistees\/\">1200<\/a>, trappes \u00ab&nbsp;standards&nbsp;\u00bb articul\u00e9es assist\u00e9es, tampons <a href=\"https:\/\/www.soval.fr\/fr\/produit\/voirie-assainissement\/regards-et-tampons\/regards-de-chaussee\/regard-de-chaussee-maxum-classe-e600\/\">Maxums E600<\/a> \/ <a href=\"https:\/\/www.soval.fr\/fr\/produit\/voirie-assainissement\/regards-et-tampons\/regards-de-chaussee\/regard-de-chaussee-maxum-classe-f900\/\">F900<\/a>, grilles et caniveaux <a href=\"https:\/\/www.soval.fr\/fr\/produit\/voirie-assainissement\/collecte-des-eaux\/grilles-plates\/grille-de-caniveau-chainable-fixoval-e600\/\">Fixoval<\/a>, trappes multifonctions <a href=\"https:\/\/www.soval.fr\/fr\/produit\/trappes\/trappes-articulees\/fermetures-sur-charnieres\/trappes-ares-e600-verrouillees-articulees-assistees\/\">Ares<\/a>, trappes pour support de balisage de pistes Aero.<\/p>\n\n\n\n<div style=\"height:0px\" aria-hidden=\"true\" class=\"wp-block-spacer wp-container-content-4dd21e30\"><\/div>\n\n\n\n<figure class=\"wp-block-image size-large mobile-img_full element-bottom wp-container-content-e0b89f81\"><img decoding=\"async\" width=\"1024\" height=\"615\" src=\"https:\/\/www.soval.fr\/wp-content\/uploads\/2024\/08\/marche_port-1-1024x615.jpg\" alt=\"\" class=\"wp-image-6232\" style=\"aspect-ratio:16\/9;object-fit:cover\" srcset=\"https:\/\/www.soval.fr\/wp-content\/uploads\/2024\/08\/marche_port-1-1024x615.jpg 1024w, https:\/\/www.soval.fr\/wp-content\/uploads\/2024\/08\/marche_port-1-300x180.jpg 300w, https:\/\/www.soval.fr\/wp-content\/uploads\/2024\/08\/marche_port-1-768x462.jpg 768w, https:\/\/www.soval.fr\/wp-content\/uploads\/2024\/08\/marche_port-1-1536x923.jpg 1536w, https:\/\/www.soval.fr\/wp-content\/uploads\/2024\/08\/marche_port-1-2048x1231.jpg 2048w, https:\/\/www.soval.fr\/wp-content\/uploads\/2024\/08\/marche_port-1-600x361.jpg 600w\" sizes=\"(max-width: 1024px) 100vw, 1024px\" \/><\/figure>\n<\/div>\n<\/div>\n\n\n\n<div class=\"wp-block-column is-layout-flow wp-block-column-is-layout-flow\">\n<div class=\"wp-block-group colonne_max is-vertical is-layout-flex wp-container-core-group-is-layout-fe9cc265 wp-block-group-is-layout-flex\">\n<ul class=\"wp-block-list\">\n<li style=\"font-size:1.2em\"><strong>Quais maritimes, de gare et projets ferroviaires<\/strong><span style=\"font-size: medium; white-space-collapse: collapse;\"><\/span><span id=\"docs-internal-guid-e5467699-7fff-54a4-33d4-9d4727094f07\"><div><span style=\"font-size: 11pt; font-family: Calibri, sans-serif; background-color: transparent; font-variant-numeric: normal; font-variant-east-asian: normal; font-variant-alternates: normal; font-variant-position: normal; vertical-align: baseline;\"><\/span><\/div><\/span><\/li>\n<\/ul>\n\n\n\n<p class=\"has-bleu-roi-color has-text-color has-link-color has-bleu-roi-color has-text-color\">Electrification des quais maritimes ou fluviaux, mooring et syst\u00e8mes d\u2019amarrage automatis\u00e9s, quai de gares et projets ferroviaires, SOVAL est en mesure de vous accompagner dans la r\u00e9alisation de caniveaux techniques, chambres de tirage agr\u00e9es, affleurants et trappes de voirie dans le respect de votre int\u00e9gration paysag\u00e8re.<\/p>\n\n\n\n<hr class=\"wp-block-separator has-alpha-channel-opacity\" style=\"margin-top:var(--wp--preset--spacing--20);margin-bottom:var(--wp--preset--spacing--20)\"\/>\n\n\n\n<p>Nous disposons \u00e9galement de solutions facilitant votre s\u00e9curit\u00e9 et votre visibilit\u00e9 lors de vos phases d\u2019exploitation.<\/p>\n\n\n\n<hr class=\"wp-block-separator has-alpha-channel-opacity\" style=\"margin-top:var(--wp--preset--spacing--20);margin-bottom:var(--wp--preset--spacing--20)\"\/>\n\n\n\n<div style=\"height:0px\" aria-hidden=\"true\" class=\"wp-block-spacer wp-container-content-4dd21e30\"><\/div>\n\n\n\n<figure class=\"wp-block-image size-large mobile-img_full element-bottom wp-container-content-e0b89f81\"><img decoding=\"async\" width=\"1024\" height=\"768\" src=\"https:\/\/www.soval.fr\/wp-content\/uploads\/2024\/10\/trappe_fonte_soval_gare-1024x768.jpg\" alt=\"\" class=\"wp-image-8144\" style=\"aspect-ratio:16\/9;object-fit:cover\" srcset=\"https:\/\/www.soval.fr\/wp-content\/uploads\/2024\/10\/trappe_fonte_soval_gare-1024x768.jpg 1024w, https:\/\/www.soval.fr\/wp-content\/uploads\/2024\/10\/trappe_fonte_soval_gare-300x225.jpg 300w, https:\/\/www.soval.fr\/wp-content\/uploads\/2024\/10\/trappe_fonte_soval_gare-768x576.jpg 768w, https:\/\/www.soval.fr\/wp-content\/uploads\/2024\/10\/trappe_fonte_soval_gare-1536x1152.jpg 1536w, https:\/\/www.soval.fr\/wp-content\/uploads\/2024\/10\/trappe_fonte_soval_gare-2048x1536.jpg 2048w, https:\/\/www.soval.fr\/wp-content\/uploads\/2024\/10\/trappe_fonte_soval_gare-600x450.jpg 600w\" sizes=\"(max-width: 1024px) 100vw, 1024px\" \/><\/figure>\n<\/div>\n<\/div>\n<\/div>\n<\/div>\n\n\n\n<div class=\"wp-block-group is-layout-constrained wp-block-group-is-layout-constrained\" style=\"padding-top:var(--wp--preset--spacing--70);padding-bottom:var(--wp--preset--spacing--70)\">\n<h2 class=\"wp-block-heading has-bleu-roi-color has-text-color has-link-color wp-elements-e0a9b3d0c6c4fa91e2a0ca59150576ac\">Les points fort de Soval<\/h2>\n\n\n\n<div class=\"wp-block-group is-layout-constrained wp-container-core-group-is-layout-2704560f wp-block-group-is-layout-constrained\">\n<div class=\"wp-block-columns is-layout-flex wp-container-core-columns-is-layout-14cf5ab5 wp-block-columns-is-layout-flex\">\n<div class=\"wp-block-column is-layout-flow wp-block-column-is-layout-flow\">\n<div class=\"wp-block-group is-layout-constrained wp-block-group-is-layout-constrained\">\n<figure class=\"wp-block-image size-full is-resized\"><img decoding=\"async\" src=\"https:\/\/www.soval.fr\/wp-content\/uploads\/2024\/08\/1_production.svg\" alt=\"\" class=\"wp-image-4942\" style=\"width:75px\"\/><\/figure>\n\n\n\n<h3 class=\"wp-block-heading\" style=\"margin-top:var(--wp--preset--spacing--30);margin-bottom:var(--wp--preset--spacing--30)\"><strong>Production int\u00e9gr\u00e9e<\/strong><\/h3>\n\n\n\n<p>Les gammes fontes Soval sont con\u00e7ues et fabriqu\u00e9es dans notre fonderie haut-marnaise centenaire pour une exigence et un savoir-faire de proximit\u00e9.<\/p>\n<\/div>\n<\/div>\n\n\n\n<div class=\"wp-block-column is-layout-flow wp-block-column-is-layout-flow\">\n<div class=\"wp-block-group is-layout-constrained wp-block-group-is-layout-constrained\">\n<figure class=\"wp-block-image size-full is-resized\"><img decoding=\"async\" src=\"https:\/\/www.soval.fr\/wp-content\/uploads\/2024\/08\/2_urgences.svg\" alt=\"\" class=\"wp-image-4944\" style=\"width:75px\"\/><\/figure>\n\n\n\n<h3 class=\"wp-block-heading\" style=\"margin-top:var(--wp--preset--spacing--30);margin-bottom:var(--wp--preset--spacing--30)\"><strong>Gestion des urgences<\/strong><\/h3>\n\n\n\n<p>Vos probl\u00e8mes sont nos urgences. Experts et professionnels, nos \u00e9quipes sont d\u2019abord l\u00e0 pour vous orienter et vous conseiller dans vos choix techniques.<\/p>\n<\/div>\n<\/div>\n\n\n\n<div class=\"wp-block-column is-layout-flow wp-block-column-is-layout-flow\">\n<div class=\"wp-block-group is-layout-constrained wp-block-group-is-layout-constrained\">\n<figure class=\"wp-block-image size-full is-resized\"><img decoding=\"async\" src=\"https:\/\/www.soval.fr\/wp-content\/uploads\/2024\/08\/3_fabricant.svg\" alt=\"\" class=\"wp-image-4946\" style=\"width:75px\"\/><\/figure>\n\n\n\n<h3 class=\"wp-block-heading\" style=\"margin-top:var(--wp--preset--spacing--30);margin-bottom:var(--wp--preset--spacing--30)\"><strong>Fabricant \u2013 Distributeu<\/strong>r<\/h3>\n\n\n\n<p>Un maillage national et international. Nos agences sont toutes dot\u00e9es d\u2019un stock et de conseillers experts de vos r\u00e9seaux et nourris de notre longue exp\u00e9rience.<\/p>\n<\/div>\n<\/div>\n<\/div>\n<\/div>\n<\/div>\n\n\n\n<div class=\"wp-block-group has-beige-background-color has-background is-layout-constrained wp-block-group-is-layout-constrained\" style=\"padding-top:var(--wp--preset--spacing--70);padding-bottom:var(--wp--preset--spacing--70)\">\n<h2 class=\"wp-block-heading has-bleu-roi-color has-text-color has-link-color wp-elements-a0fc2c3e4940d8ac0cf5360417e20fb2\">Nos derniers chantiers<\/h2>\n\n\n<div class=\"block-relationnel overflow-hidden align wp-block-acf-relationnel\">\n    <div class=\"swiper swiper-relationnel\">\n        <div class=\"swiper-wrapper \">\n\t\t\t<div class=\"pb-10 swiper-slide\"><a href=\"https:\/\/www.soval.fr\/fr\/realisations\/chantier-trappes-roissy-ch-de-gaulles-95\/\" class=\"templates-relationnel soval-link\" title=\"Lire la suite de Chantier Trappes : Roissy Ch.de Gaulles (95)\"><article class=\"flex h-full flex-col m-5\">\n    <div class=\"relative\">\n\t\t<img decoding=\"async\" width=\"2560\" height=\"1440\" src=\"https:\/\/www.soval.fr\/wp-content\/uploads\/2024\/09\/ares_adp_5-scaled.jpg\" class=\"object-cover w-full h-64 wp-post-image\" alt=\"\" srcset=\"https:\/\/www.soval.fr\/wp-content\/uploads\/2024\/09\/ares_adp_5-scaled.jpg 2560w, https:\/\/www.soval.fr\/wp-content\/uploads\/2024\/09\/ares_adp_5-300x169.jpg 300w, https:\/\/www.soval.fr\/wp-content\/uploads\/2024\/09\/ares_adp_5-1024x576.jpg 1024w, https:\/\/www.soval.fr\/wp-content\/uploads\/2024\/09\/ares_adp_5-768x432.jpg 768w, https:\/\/www.soval.fr\/wp-content\/uploads\/2024\/09\/ares_adp_5-1536x864.jpg 1536w, https:\/\/www.soval.fr\/wp-content\/uploads\/2024\/09\/ares_adp_5-2048x1152.jpg 2048w, https:\/\/www.soval.fr\/wp-content\/uploads\/2024\/09\/ares_adp_5-600x338.jpg 600w\" sizes=\"(max-width: 2560px) 100vw, 2560px\" \/>    <\/div>\n    <div class=\"flex basis-full flex-col bg-white p-5\">\n        <div class=\"mb-5 text-2xl font-semibold\">\n\t\t\tChantier Trappes : Roissy Ch.de Gaulles (95)        <\/div>\n        <div class=\"mt-auto mb-3 line-clamp-4\">\n\t\t\t<p>R\u00e9habilitation de la piste 3 &#8211; Roissy Charles de Gaulles (95) Entre 2019 et 2021, le Groupe ADP a men\u00e9 d&#8217;importants travaux de r\u00e9habilitation sur la piste 3 de Roissy-Charles de Gaulle. Ces travaux \u00e9taient n\u00e9cessaires pour assurer la s\u00e9curit\u00e9 a\u00e9rienne et le bon fonctionnement \u00e0 long terme de cette infrastructure. Soval a \u00e9t\u00e9 s\u00e9lectionn\u00e9e [&hellip;]<\/p>\n        <\/div>\n        <div class=\"mt-auto text-right underline\">\n\t\t\tLire la suite        <\/div>\n    <\/div>\n<\/article>\n<\/a><\/div><div class=\"pb-10 swiper-slide\"><a href=\"https:\/\/www.soval.fr\/fr\/realisations\/chantier-voirie-toulouse-31\/\" class=\"templates-relationnel soval-link\" title=\"Lire la suite de Chantier voirie : Toulouse (31)\"><article class=\"flex h-full flex-col m-5\">\n    <div class=\"relative\">\n\t\t<img decoding=\"async\" width=\"2560\" height=\"1440\" src=\"https:\/\/www.soval.fr\/wp-content\/uploads\/2024\/09\/20190711_122644-scaled.jpg\" class=\"object-cover w-full h-64 wp-post-image\" alt=\"\" srcset=\"https:\/\/www.soval.fr\/wp-content\/uploads\/2024\/09\/20190711_122644-scaled.jpg 2560w, https:\/\/www.soval.fr\/wp-content\/uploads\/2024\/09\/20190711_122644-300x169.jpg 300w, https:\/\/www.soval.fr\/wp-content\/uploads\/2024\/09\/20190711_122644-1024x576.jpg 1024w, https:\/\/www.soval.fr\/wp-content\/uploads\/2024\/09\/20190711_122644-768x432.jpg 768w, https:\/\/www.soval.fr\/wp-content\/uploads\/2024\/09\/20190711_122644-1536x864.jpg 1536w, https:\/\/www.soval.fr\/wp-content\/uploads\/2024\/09\/20190711_122644-2048x1152.jpg 2048w, https:\/\/www.soval.fr\/wp-content\/uploads\/2024\/09\/20190711_122644-600x338.jpg 600w\" sizes=\"(max-width: 2560px) 100vw, 2560px\" \/>    <\/div>\n    <div class=\"flex basis-full flex-col bg-white p-5\">\n        <div class=\"mb-5 text-2xl font-semibold\">\n\t\t\tChantier voirie : Toulouse (31)        <\/div>\n        <div class=\"mt-auto mb-3 line-clamp-4\">\n\t\t\t<p>R\u00e9habilitation du quartier des Minimes &#8211; Toulouse (31) En 2016 la municipalit\u00e9 de Toulouse (31) a lanc\u00e9 le l\u2019op\u00e9ration \u00ab&nbsp;C\u0153ur de quartier&nbsp;\u00bb visant \u00e0 redynamiser et r\u00e9animer 33 quartiers toulousains. Parmi ces 33 quartiers, l\u2019agence de Soval Toulouse a \u00e9t\u00e9 choisi en 2019 pour r\u00e9am\u00e9nager l\u2019avenue des minimes avec la fourniture mat\u00e9riel de de voirie [&hellip;]<\/p>\n        <\/div>\n        <div class=\"mt-auto text-right underline\">\n\t\t\tLire la suite        <\/div>\n    <\/div>\n<\/article>\n<\/a><\/div><div class=\"pb-10 swiper-slide\"><a href=\"https:\/\/www.soval.fr\/fr\/realisations\/chantier-voirie-mehun-sur-yevres-18\/\" class=\"templates-relationnel soval-link\" title=\"Lire la suite de Chantier Voirie : Mehun-sur-Y\u00e8vres (18)\"><article class=\"flex h-full flex-col m-5\">\n    <div class=\"relative\">\n\t\t<img decoding=\"async\" width=\"2560\" height=\"1920\" src=\"https:\/\/www.soval.fr\/wp-content\/uploads\/2024\/09\/20190404_091837-scaled.jpg\" class=\"object-cover w-full h-64 wp-post-image\" alt=\"\" srcset=\"https:\/\/www.soval.fr\/wp-content\/uploads\/2024\/09\/20190404_091837-scaled.jpg 2560w, https:\/\/www.soval.fr\/wp-content\/uploads\/2024\/09\/20190404_091837-300x225.jpg 300w, https:\/\/www.soval.fr\/wp-content\/uploads\/2024\/09\/20190404_091837-1024x768.jpg 1024w, https:\/\/www.soval.fr\/wp-content\/uploads\/2024\/09\/20190404_091837-768x576.jpg 768w, https:\/\/www.soval.fr\/wp-content\/uploads\/2024\/09\/20190404_091837-1536x1152.jpg 1536w, https:\/\/www.soval.fr\/wp-content\/uploads\/2024\/09\/20190404_091837-2048x1536.jpg 2048w, https:\/\/www.soval.fr\/wp-content\/uploads\/2024\/09\/20190404_091837-600x450.jpg 600w\" sizes=\"(max-width: 2560px) 100vw, 2560px\" \/>    <\/div>\n    <div class=\"flex basis-full flex-col bg-white p-5\">\n        <div class=\"mb-5 text-2xl font-semibold\">\n\t\t\tChantier Voirie : Mehun-sur-Y\u00e8vres (18)        <\/div>\n        <div class=\"mt-auto mb-3 line-clamp-4\">\n\t\t\t<p>Revitalisation du quartier historique &#8211; Mehun sur-Y\u00e8vres (18) La ville de Mehun-sur-Y\u00e8vre (18) a \u00e9tabli sur 3 ans des travaux de revitalisation de son centre-ville et de son site historique la cit\u00e9 Charles VII avec au programme, remplacement des r\u00e9seaux et r\u00e9fection de la voirie. Pour l\u2019occasion, la municipalit\u00e9 a choisi l\u2019agence de Soval Bourges [&hellip;]<\/p>\n        <\/div>\n        <div class=\"mt-auto text-right underline\">\n\t\t\tLire la suite        <\/div>\n    <\/div>\n<\/article>\n<\/a><\/div>        <\/div>\n        <div class=\"swiper-pagination\"><\/div>\n    <\/div>\n<\/div>\n\n\n\n<div style=\"height:4em\" aria-hidden=\"true\" class=\"wp-block-spacer\"><\/div>\n<\/div>\n","protected":false},"excerpt":{"rendered":"<p>En 15 ans, le trafic ferroviaire a \u00e9volu\u00e9 de 20%. En ce qui concerne l\u2019aviation civile, le trafic a pu \u00eatre multipli\u00e9 par 10 en moins de 40 ans. Ces statistiques croissantes se refl\u00e8tent \u00e9galement dans le fret de marchandise. Avec une \u00e9volution permanente de la technologie, il n\u2019a jamais \u00e9t\u00e9 aussi simple de se [&hellip;]<\/p>\n","protected":false},"author":2,"featured_media":5171,"parent":0,"menu_order":0,"comment_status":"closed","ping_status":"closed","template":"","meta":{"_acf_changed":false,"footnotes":""},"class_list":["post-5170","page","type-page","status-publish","has-post-thumbnail","hentry"],"acf":[],"_links":{"self":[{"href":"https:\/\/www.soval.fr\/fr\/wp-json\/wp\/v2\/pages\/5170","targetHints":{"allow":["GET"]}}],"collection":[{"href":"https:\/\/www.soval.fr\/fr\/wp-json\/wp\/v2\/pages"}],"about":[{"href":"https:\/\/www.soval.fr\/fr\/wp-json\/wp\/v2\/types\/page"}],"author":[{"embeddable":true,"href":"https:\/\/www.soval.fr\/fr\/wp-json\/wp\/v2\/users\/2"}],"replies":[{"embeddable":true,"href":"https:\/\/www.soval.fr\/fr\/wp-json\/wp\/v2\/comments?post=5170"}],"version-history":[{"count":2,"href":"https:\/\/www.soval.fr\/fr\/wp-json\/wp\/v2\/pages\/5170\/revisions"}],"predecessor-version":[{"id":8147,"href":"https:\/\/www.soval.fr\/fr\/wp-json\/wp\/v2\/pages\/5170\/revisions\/8147"}],"wp:featuredmedia":[{"embeddable":true,"href":"https:\/\/www.soval.fr\/fr\/wp-json\/wp\/v2\/media\/5171"}],"wp:attachment":[{"href":"https:\/\/www.soval.fr\/fr\/wp-json\/wp\/v2\/media?parent=5170"}],"curies":[{"name":"wp","href":"https:\/\/api.w.org\/{rel}","templated":true}]}}