{"id":5187,"date":"2024-08-09T15:28:05","date_gmt":"2024-08-09T13:28:05","guid":{"rendered":"https:\/\/www.soval.fr\/?page_id=5187"},"modified":"2024-09-23T10:30:24","modified_gmt":"2024-09-23T08:30:24","slug":"eaux-pluviales","status":"publish","type":"page","link":"https:\/\/www.soval.fr\/fr\/eaux-pluviales\/","title":{"rendered":"Gestion des eaux pluviales"},"content":{"rendered":"\n<div class=\"wp-block-columns is-layout-flex wp-container-core-columns-is-layout-51c8ee58 wp-block-columns-is-layout-flex\" style=\"padding-top:var(--wp--preset--spacing--70);padding-bottom:var(--wp--preset--spacing--70)\">\n<div class=\"wp-block-column is-layout-flow wp-block-column-is-layout-flow\">\n<p>Apr\u00e8s des d\u00e9cennies d\u2019\u00e9vacuation des eaux de pluie sur le collecteur assainissement le plus proche, des mesures pr\u00e9ventives de stockage et de gestion \u00e0 la parcelle des eaux pluviales voient le jour.<\/p>\n\n\n\n<hr class=\"wp-block-separator has-text-color has-alpha-channel-opacity has-background\" style=\"margin-top:var(--wp--preset--spacing--20);margin-bottom:var(--wp--preset--spacing--20);background-color:#ffffff;color:#ffffff\"\/>\n\n\n\n<p>En plus de la cr\u00e9ation de villes plus vertes par une d\u00e9simperm\u00e9abilisation des sols, l\u2019objectif est \u00e0 pr\u00e9sent d\u2019infiltrer et stocker les eaux de pluie \u00e0 la parcelle avec un impact imm\u00e9diat\u00a0: r\u00e9alimenter les nappes souterraines et lutter contre les inondations. De nombreux programmes d\u2019aides voient ainsi le jour en ce moment par les agences de<\/p>\n<\/div>\n\n\n\n<div class=\"wp-block-column is-layout-flow wp-block-column-is-layout-flow\">\n<p>l\u2019eau, incitant \u00e0 la d\u00e9connexion des eaux pluviales des toitures publiques. Pour la cr\u00e9ation de nouveaux am\u00e9nagements, la politique du \u00ab\u00a0tout \u00e0 l\u2019\u00e9gout\u00a0\u00bb est \u00e0 pr\u00e9sent proscrite un peu partout en France.<\/p>\n\n\n\n<hr class=\"wp-block-separator has-text-color has-alpha-channel-opacity has-background\" style=\"margin-top:var(--wp--preset--spacing--20);margin-bottom:var(--wp--preset--spacing--20);background-color:#ffffff;color:#ffffff\"\/>\n\n\n\n<p>Pour r\u00e9pondre au processus naturel du cycle de l\u2019eau, SOVAL dispose de fonte de voiries d\u00e9di\u00e9es \u00e0 la collecte des eaux de ruissellement, de mat\u00e9riels n\u00e9cessaires au stockage des eaux de pluie en domaine priv\u00e9, ainsi que de produits accompagnant la construction de bassin d\u2019orage et de r\u00e9tention.<\/p>\n<\/div>\n<\/div>\n\n\n\n<div class=\"wp-block-group alignfull has-beige-background-color has-background is-layout-constrained wp-block-group-is-layout-constrained\" style=\"padding-top:var(--wp--preset--spacing--70);padding-bottom:var(--wp--preset--spacing--70)\">\n<h2 class=\"wp-block-heading has-bleu-roi-color has-text-color has-link-color wp-elements-f9f3c93df466f296834a4ec32e24a610\"><strong>Maitre d\u2019ouvrage, maitre d\u2019\u0153uvre, exploitant des r\u00e9seaux d\u2019eaux pluviales et d&#8217;assainissement, am\u00e9nageur et particulier<\/strong><span style=\"color: rgb(0, 0, 0); font-size: medium; font-weight: 400; white-space-collapse: collapse;\"><\/span><\/h2>\n\n\n\n<div class=\"wp-block-columns is-layout-flex wp-container-core-columns-is-layout-fe77f8b0 wp-block-columns-is-layout-flex\" style=\"padding-right:var(--wp--preset--spacing--60);padding-left:var(--wp--preset--spacing--60)\">\n<div class=\"wp-block-column is-layout-flow wp-block-column-is-layout-flow\">\n<div class=\"wp-block-group colonne_max is-vertical is-layout-flex wp-container-core-group-is-layout-fed7e1b2 wp-block-group-is-layout-flex\">\n<ul class=\"wp-block-list wp-container-content-f9bd05ee\">\n<li style=\"font-size:1.2em\"><strong>Gargouille, grille, avaloirs et caniveaux en fonte<\/strong><span style=\"font-size: medium; white-space-collapse: collapse;\"><\/span><\/li>\n<\/ul>\n\n\n\n<p class=\"has-bleu-roi-color has-text-color has-bleu-roi-color has-text-color\">Le premier point de collecte des eaux pluviales reste dans de nombreuses villes la \u00ab\u00a0bouche d\u2019\u00e9gout \u00bb\u00a0situ\u00e9e en point bas du profil de voirie.<\/p>\n\n\n\n<hr class=\"wp-block-separator has-alpha-channel-opacity\" style=\"margin-top:var(--wp--preset--spacing--20);margin-bottom:var(--wp--preset--spacing--20)\"\/>\n\n\n\n<p>Evacu\u00e9es jusqu\u2019\u00e0 ce jour sur un r\u00e9seau unitaire, nos <a href=\"https:\/\/www.soval.fr\/fr\/produit\/voirie-assainissement\/collecte-des-eaux\/gargouilles-sabots\/gargouille-de-trottoir-longueur-1-metre\/\">gargouilles<\/a>, <a href=\"https:\/\/www.soval.fr\/produits\/voirie-assainissement\/collecte-des-eaux\/grilles-plates\/\">grilles plates<\/a> et <a href=\"https:\/\/www.soval.fr\/fr\/produit\/voirie-assainissement\/collecte-des-eaux\/grilles-concaves\/grille-concave-accyo-avec-cadre-classe-c250\/\">concaves<\/a> C250\/D400, tampons, grilles circulaires et caniveaux sont l\u00e0 pour collecter et \u00e9vacuer vos eaux pluviales vers vos r\u00e9seaux unitaires ou s\u00e9paratifs.<\/p>\n\n\n\n<p>La d\u00e9marcation des tampons fonte par un flocage \u00ab&nbsp;eaux us\u00e9es&nbsp;\u00bb et \u00ab&nbsp;eaux pluviales&nbsp;\u00bb contribue \u00e9galement \u00e0 la bonne identification des effluents.<\/p>\n\n\n\n<div style=\"height:0px\" aria-hidden=\"true\" class=\"wp-block-spacer wp-container-content-4dd21e30\"><\/div>\n\n\n\n<figure class=\"wp-block-image size-large mobile-img_full element-bottom wp-container-content-e0b89f81\"><img decoding=\"async\" width=\"1024\" height=\"382\" src=\"https:\/\/www.soval.fr\/wp-content\/uploads\/2024\/07\/header-collecte-des-eaux-copie_1-1024x382.jpg\" alt=\"\" class=\"wp-image-3650\" style=\"aspect-ratio:16\/9;object-fit:cover\" srcset=\"https:\/\/www.soval.fr\/wp-content\/uploads\/2024\/07\/header-collecte-des-eaux-copie_1-1024x382.jpg 1024w, https:\/\/www.soval.fr\/wp-content\/uploads\/2024\/07\/header-collecte-des-eaux-copie_1-300x112.jpg 300w, https:\/\/www.soval.fr\/wp-content\/uploads\/2024\/07\/header-collecte-des-eaux-copie_1-768x287.jpg 768w, https:\/\/www.soval.fr\/wp-content\/uploads\/2024\/07\/header-collecte-des-eaux-copie_1-1536x574.jpg 1536w, https:\/\/www.soval.fr\/wp-content\/uploads\/2024\/07\/header-collecte-des-eaux-copie_1-600x224.jpg 600w, https:\/\/www.soval.fr\/wp-content\/uploads\/2024\/07\/header-collecte-des-eaux-copie_1.jpg 1920w\" sizes=\"(max-width: 1024px) 100vw, 1024px\" \/><\/figure>\n<\/div>\n<\/div>\n\n\n\n<div class=\"wp-block-column is-layout-flow wp-block-column-is-layout-flow\">\n<div class=\"wp-block-group colonne_max is-vertical is-layout-flex wp-container-core-group-is-layout-fed7e1b2 wp-block-group-is-layout-flex\">\n<ul class=\"wp-block-list wp-container-content-f9bd05ee\">\n<li style=\"font-size:1.2em\"><strong>Domaine public&nbsp;: bassin d\u2019orage et r\u00e9tention<\/strong><span style=\"font-size: medium; white-space-collapse: collapse;\"><\/span><\/li>\n<\/ul>\n\n\n\n<p class=\"has-bleu-roi-color has-text-color has-bleu-roi-color has-text-color\">L\u2019obligation de r\u00e9pondre aux \u00e9v\u00e9nements pluvieux les plus intenses et de ne plus polluer le milieu naturel, conduit \u00e0 la cr\u00e9ation de divers bassins d\u2019orage et de r\u00e9tention des eaux de pluie.<\/p>\n\n\n\n<hr class=\"wp-block-separator has-alpha-channel-opacity\" style=\"margin-top:var(--wp--preset--spacing--20);margin-bottom:var(--wp--preset--spacing--20)\"\/>\n\n\n\n<p>Souvent invisibles du grand public, ces immenses r\u00e9tentions et fosses de stockage se manifestent en surface par nos plus grandes trappes en fonte de type <a href=\"https:\/\/www.soval.fr\/fr\/produit\/trappes\/trappes-articulees\/fermetures-sur-charnieres\/trappes-titan-1000-d400-verrouillees-articulees-assistees-2\/\">Titan 1000<\/a> et <a href=\"https:\/\/www.soval.fr\/fr\/produit\/trappes\/trappes-articulees\/fermetures-sur-charnieres\/trappes-titan-1200-nouvelle-version-400-kn-verrouillees-articulees-assistees\/\">1200<\/a>. Ventil\u00e9 ou non, l\u2019acc\u00e8s \u00e0 des augets basculants, \u00e0 des regards de contr\u00f4le ou d\u2019\u00e9vacuation de diff\u00e9rents organes (pompes, vanne, appareils de mesure,\u2026), impliquent des ouvertures libres significatives et un acc\u00e8s s\u00e9curis\u00e9 en phase d\u2019exploitation gr\u00e2ce \u00e0 nos nouveaux garde-corps.<\/p>\n\n\n\n<div style=\"height:0px\" aria-hidden=\"true\" class=\"wp-block-spacer wp-container-content-4dd21e30\"><\/div>\n\n\n\n<figure class=\"wp-block-image size-large mobile-img_full element-bottom wp-container-content-e0b89f81\"><img decoding=\"async\" width=\"1024\" height=\"764\" src=\"https:\/\/www.soval.fr\/wp-content\/uploads\/2024\/08\/2_bassin-1024x764.jpg\" alt=\"\" class=\"wp-image-5192\" style=\"aspect-ratio:16\/9;object-fit:cover\" srcset=\"https:\/\/www.soval.fr\/wp-content\/uploads\/2024\/08\/2_bassin-1024x764.jpg 1024w, https:\/\/www.soval.fr\/wp-content\/uploads\/2024\/08\/2_bassin-300x224.jpg 300w, https:\/\/www.soval.fr\/wp-content\/uploads\/2024\/08\/2_bassin-768x573.jpg 768w, https:\/\/www.soval.fr\/wp-content\/uploads\/2024\/08\/2_bassin-1536x1146.jpg 1536w, https:\/\/www.soval.fr\/wp-content\/uploads\/2024\/08\/2_bassin-2048x1528.jpg 2048w, https:\/\/www.soval.fr\/wp-content\/uploads\/2024\/08\/2_bassin-600x448.jpg 600w\" sizes=\"(max-width: 1024px) 100vw, 1024px\" \/><\/figure>\n<\/div>\n<\/div>\n<\/div>\n\n\n\n<div style=\"height:4em\" aria-hidden=\"true\" class=\"wp-block-spacer\"><\/div>\n\n\n\n<div class=\"wp-block-columns is-layout-flex wp-container-core-columns-is-layout-e5c6600c wp-block-columns-is-layout-flex\" style=\"margin-top:0;margin-bottom:0;padding-right:var(--wp--preset--spacing--60);padding-left:var(--wp--preset--spacing--60)\">\n<div class=\"wp-block-column is-layout-flow wp-block-column-is-layout-flow\">\n<div class=\"wp-block-group colonne_max is-vertical is-layout-flex wp-container-core-group-is-layout-fe9cc265 wp-block-group-is-layout-flex\">\n<ul class=\"wp-block-list\">\n<li style=\"font-size:1.2em\"><strong>Am\u00e9nageur : vers une d\u00e9connexion des eaux pluviales<\/strong><span id=\"docs-internal-guid-e5467699-7fff-54a4-33d4-9d4727094f07\"><div><span style=\"font-size: 11pt; font-family: Calibri, sans-serif; background-color: transparent; font-variant-numeric: normal; font-variant-east-asian: normal; font-variant-alternates: normal; font-variant-position: normal; vertical-align: baseline;\"><\/span><\/div><\/span><\/li>\n<\/ul>\n\n\n\n<p class=\"has-bleu-roi-color has-text-color has-link-color has-bleu-roi-color has-text-color\">La d\u00e9simperm\u00e9abilisation et la d\u00e9connexion des eaux pluviales sont devenues un sujet prioritaire pour la plupart des Agences de l\u2019Eau. De nombreux projets voient ainsi le jour dans le cadre d\u2019am\u00e9nagements de voirie avec un objectif simple\u00a0: donner plus de place \u00e0 la nature.<\/p>\n\n\n\n<hr class=\"wp-block-separator has-alpha-channel-opacity\" style=\"margin-top:var(--wp--preset--spacing--20);margin-bottom:var(--wp--preset--spacing--20)\"\/>\n\n\n\n<p>Am\u00e9nageurs et constructeurs privatifs, nous vous proposons un accompagnement d\u00e9di\u00e9 afin de respecter les enjeux actuels par le sourcing du mat\u00e9riel n\u00e9cessaire \u00e0 la r\u00e9alisation de votre projet\/lotissement.<\/p>\n\n\n\n<div style=\"height:0px\" aria-hidden=\"true\" class=\"wp-block-spacer wp-container-content-4dd21e30\"><\/div>\n\n\n\n<figure class=\"wp-block-image size-large mobile-img_full element-bottom wp-container-content-e0b89f81\"><img decoding=\"async\" width=\"1024\" height=\"576\" src=\"https:\/\/www.soval.fr\/wp-content\/uploads\/2024\/09\/souplessur-t-kit-a-emboitement-automatique-tyton00_00_22_25still002-1024x576.jpg\" alt=\"\" class=\"wp-image-6525\" style=\"aspect-ratio:16\/9;object-fit:cover\" srcset=\"https:\/\/www.soval.fr\/wp-content\/uploads\/2024\/09\/souplessur-t-kit-a-emboitement-automatique-tyton00_00_22_25still002-1024x576.jpg 1024w, https:\/\/www.soval.fr\/wp-content\/uploads\/2024\/09\/souplessur-t-kit-a-emboitement-automatique-tyton00_00_22_25still002-300x169.jpg 300w, https:\/\/www.soval.fr\/wp-content\/uploads\/2024\/09\/souplessur-t-kit-a-emboitement-automatique-tyton00_00_22_25still002-768x432.jpg 768w, https:\/\/www.soval.fr\/wp-content\/uploads\/2024\/09\/souplessur-t-kit-a-emboitement-automatique-tyton00_00_22_25still002-1536x864.jpg 1536w, https:\/\/www.soval.fr\/wp-content\/uploads\/2024\/09\/souplessur-t-kit-a-emboitement-automatique-tyton00_00_22_25still002-600x338.jpg 600w, https:\/\/www.soval.fr\/wp-content\/uploads\/2024\/09\/souplessur-t-kit-a-emboitement-automatique-tyton00_00_22_25still002.jpg 1920w\" sizes=\"(max-width: 1024px) 100vw, 1024px\" \/><\/figure>\n<\/div>\n<\/div>\n\n\n\n<div class=\"wp-block-column is-layout-flow wp-block-column-is-layout-flow\">\n<div class=\"wp-block-group colonne_max is-vertical is-layout-flex wp-container-core-group-is-layout-fe9cc265 wp-block-group-is-layout-flex\">\n<ul class=\"wp-block-list\">\n<li style=\"font-size:1.2em\"><strong>Particulier : r\u00e9guler et stocker les eaux de pluie \u00e0 la parcelle<\/strong><span id=\"docs-internal-guid-e5467699-7fff-54a4-33d4-9d4727094f07\"><div><span style=\"font-size: 11pt; font-family: Calibri, sans-serif; background-color: transparent; font-variant-numeric: normal; font-variant-east-asian: normal; font-variant-alternates: normal; font-variant-position: normal; vertical-align: baseline;\"><\/span><\/div><\/span><\/li>\n<\/ul>\n\n\n\n<p class=\"has-bleu-roi-color has-text-color has-link-color has-bleu-roi-color has-text-color\">L\u2019actualisation des r\u00e8glements d&#8217;assainissement de votre collectivit\u00e9 induit d\u2019infiltrer, stocker ou r\u00e9guler les eaux de pluie<\/p>\n\n\n\n<hr class=\"wp-block-separator has-alpha-channel-opacity\" style=\"margin-top:var(--wp--preset--spacing--20);margin-bottom:var(--wp--preset--spacing--20)\"\/>\n\n\n\n<p>A travers notre r\u00e9seau de n\u00e9goce, nous sommes en mesure de vous accompagner dans vos besoins les plus courants pour mener \u00e0 bien votre projet. Dans le cas de constructions individuelles, cela se traduit g\u00e9n\u00e9ralement par l\u2019achat de cuves de stockage ou la r\u00e9alisation de syst\u00e8mes de collecte et d\u2019infiltration \u00e0 la parcelle.<\/p>\n\n\n\n<div style=\"height:0px\" aria-hidden=\"true\" class=\"wp-block-spacer wp-container-content-4dd21e30\"><\/div>\n\n\n\n<figure class=\"wp-block-image size-large mobile-img_full element-bottom wp-container-content-e0b89f81\"><img decoding=\"async\" width=\"1024\" height=\"768\" src=\"https:\/\/www.soval.fr\/wp-content\/uploads\/2024\/08\/3_cuve-1024x768.jpg\" alt=\"\" class=\"wp-image-5194\" style=\"aspect-ratio:16\/9;object-fit:cover\" srcset=\"https:\/\/www.soval.fr\/wp-content\/uploads\/2024\/08\/3_cuve-1024x768.jpg 1024w, https:\/\/www.soval.fr\/wp-content\/uploads\/2024\/08\/3_cuve-300x225.jpg 300w, https:\/\/www.soval.fr\/wp-content\/uploads\/2024\/08\/3_cuve-768x576.jpg 768w, https:\/\/www.soval.fr\/wp-content\/uploads\/2024\/08\/3_cuve-1536x1152.jpg 1536w, https:\/\/www.soval.fr\/wp-content\/uploads\/2024\/08\/3_cuve-2048x1536.jpg 2048w, https:\/\/www.soval.fr\/wp-content\/uploads\/2024\/08\/3_cuve-600x450.jpg 600w\" sizes=\"(max-width: 1024px) 100vw, 1024px\" \/><\/figure>\n<\/div>\n<\/div>\n<\/div>\n<\/div>\n\n\n\n<div class=\"wp-block-group is-layout-constrained wp-block-group-is-layout-constrained\" style=\"padding-top:var(--wp--preset--spacing--70);padding-bottom:var(--wp--preset--spacing--70)\">\n<h2 class=\"wp-block-heading has-bleu-roi-color has-text-color has-link-color wp-elements-e0a9b3d0c6c4fa91e2a0ca59150576ac\">Les points fort de Soval<\/h2>\n\n\n\n<div class=\"wp-block-group is-layout-constrained wp-container-core-group-is-layout-2704560f wp-block-group-is-layout-constrained\">\n<div class=\"wp-block-columns is-layout-flex wp-container-core-columns-is-layout-14cf5ab5 wp-block-columns-is-layout-flex\">\n<div class=\"wp-block-column is-layout-flow wp-block-column-is-layout-flow\">\n<div class=\"wp-block-group is-layout-constrained wp-block-group-is-layout-constrained\">\n<figure class=\"wp-block-image size-full is-resized\"><img decoding=\"async\" src=\"https:\/\/www.soval.fr\/wp-content\/uploads\/2024\/08\/1_production.svg\" alt=\"\" class=\"wp-image-4942\" style=\"width:75px\"\/><\/figure>\n\n\n\n<h3 class=\"wp-block-heading\" style=\"margin-top:var(--wp--preset--spacing--30);margin-bottom:var(--wp--preset--spacing--30)\"><strong>Production int\u00e9gr\u00e9e<\/strong><\/h3>\n\n\n\n<p>Les gammes fontes Soval sont con\u00e7ues et fabriqu\u00e9es dans notre fonderie haut-marnaise centenaire pour une exigence et un savoir-faire de proximit\u00e9.<\/p>\n<\/div>\n<\/div>\n\n\n\n<div class=\"wp-block-column is-layout-flow wp-block-column-is-layout-flow\">\n<div class=\"wp-block-group is-layout-constrained wp-block-group-is-layout-constrained\">\n<figure class=\"wp-block-image size-full is-resized\"><img decoding=\"async\" src=\"https:\/\/www.soval.fr\/wp-content\/uploads\/2024\/08\/2_urgences.svg\" alt=\"\" class=\"wp-image-4944\" style=\"width:75px\"\/><\/figure>\n\n\n\n<h3 class=\"wp-block-heading\" style=\"margin-top:var(--wp--preset--spacing--30);margin-bottom:var(--wp--preset--spacing--30)\"><strong>Gestion des urgences<\/strong><\/h3>\n\n\n\n<p>Vos probl\u00e8mes sont nos urgences. Experts et professionnels, nos \u00e9quipes sont d\u2019abord l\u00e0 pour vous orienter et vous conseiller dans vos choix techniques.<\/p>\n<\/div>\n<\/div>\n\n\n\n<div class=\"wp-block-column is-layout-flow wp-block-column-is-layout-flow\">\n<div class=\"wp-block-group is-layout-constrained wp-block-group-is-layout-constrained\">\n<figure class=\"wp-block-image size-full is-resized\"><img decoding=\"async\" src=\"https:\/\/www.soval.fr\/wp-content\/uploads\/2024\/08\/3_fabricant.svg\" alt=\"\" class=\"wp-image-4946\" style=\"width:75px\"\/><\/figure>\n\n\n\n<h3 class=\"wp-block-heading\" style=\"margin-top:var(--wp--preset--spacing--30);margin-bottom:var(--wp--preset--spacing--30)\"><strong>Fabricant \u2013 Distributeu<\/strong>r<\/h3>\n\n\n\n<p>Un maillage national et international. Nos agences sont toutes dot\u00e9es d\u2019un stock et de conseillers experts de vos r\u00e9seaux et nourris de notre longue exp\u00e9rience.<\/p>\n<\/div>\n<\/div>\n<\/div>\n<\/div>\n<\/div>\n\n\n\n<div class=\"wp-block-group has-beige-background-color has-background is-layout-constrained wp-block-group-is-layout-constrained\" style=\"padding-top:var(--wp--preset--spacing--70);padding-bottom:var(--wp--preset--spacing--70)\">\n<h2 class=\"wp-block-heading has-bleu-roi-color has-text-color has-link-color wp-elements-a0fc2c3e4940d8ac0cf5360417e20fb2\">Nos derniers chantiers<\/h2>\n\n\n<div class=\"block-relationnel overflow-hidden align wp-block-acf-relationnel\">\n    <div class=\"swiper swiper-relationnel\">\n        <div class=\"swiper-wrapper \">\n\t\t\t<div class=\"pb-10 swiper-slide\"><a href=\"https:\/\/www.soval.fr\/fr\/realisations\/chantier-assainissement-cuba\/\" class=\"templates-relationnel soval-link\" title=\"Lire la suite de Chantier Assainissement : Rhumerie Cuba\"><article class=\"flex h-full flex-col m-5\">\n    <div class=\"relative\">\n\t\t<img decoding=\"async\" width=\"1368\" height=\"1824\" src=\"https:\/\/www.soval.fr\/wp-content\/uploads\/2024\/09\/img-20211116-wa0015.jpg\" class=\"object-cover w-full h-64 wp-post-image\" alt=\"\" srcset=\"https:\/\/www.soval.fr\/wp-content\/uploads\/2024\/09\/img-20211116-wa0015.jpg 1368w, https:\/\/www.soval.fr\/wp-content\/uploads\/2024\/09\/img-20211116-wa0015-225x300.jpg 225w, https:\/\/www.soval.fr\/wp-content\/uploads\/2024\/09\/img-20211116-wa0015-768x1024.jpg 768w, https:\/\/www.soval.fr\/wp-content\/uploads\/2024\/09\/img-20211116-wa0015-1152x1536.jpg 1152w, https:\/\/www.soval.fr\/wp-content\/uploads\/2024\/09\/img-20211116-wa0015-600x800.jpg 600w\" sizes=\"(max-width: 1368px) 100vw, 1368px\" \/>    <\/div>\n    <div class=\"flex basis-full flex-col bg-white p-5\">\n        <div class=\"mb-5 text-2xl font-semibold\">\n\t\t\tChantier Assainissement : Rhumerie Cuba        <\/div>\n        <div class=\"mt-auto mb-3 line-clamp-4\">\n\t\t\t<p>R\u00e9seaux &#8211; Distillerie Havana Club (Cuba) Dans le cadre de son expansion, la distillerie \/ rhumerie Havana Club bas\u00e9e \u00e0 Cuba a lanc\u00e9 la construction de nouveaux b\u00e2timents. La collaboration entre Soval Export et Vonroll Hydro a permis la fourniture et la pose de canalisations et de raccords en fonte ductile disposant du label \u00ab&nbsp;FM [&hellip;]<\/p>\n        <\/div>\n        <div class=\"mt-auto text-right underline\">\n\t\t\tLire la suite        <\/div>\n    <\/div>\n<\/article>\n<\/a><\/div><div class=\"pb-10 swiper-slide\"><a href=\"https:\/\/www.soval.fr\/fr\/realisations\/chantier-assainissement-strasbourg-67\/\" class=\"templates-relationnel soval-link\" title=\"Lire la suite de Chantier Assainissement : Strasbourg (67)\"><article class=\"flex h-full flex-col m-5\">\n    <div class=\"relative\">\n\t\t<img decoding=\"async\" width=\"2560\" height=\"1440\" src=\"https:\/\/www.soval.fr\/wp-content\/uploads\/2024\/09\/20210609-20210609_082454-scaled.jpg\" class=\"object-cover w-full h-64 wp-post-image\" alt=\"\" srcset=\"https:\/\/www.soval.fr\/wp-content\/uploads\/2024\/09\/20210609-20210609_082454-scaled.jpg 2560w, https:\/\/www.soval.fr\/wp-content\/uploads\/2024\/09\/20210609-20210609_082454-300x169.jpg 300w, https:\/\/www.soval.fr\/wp-content\/uploads\/2024\/09\/20210609-20210609_082454-1024x576.jpg 1024w, https:\/\/www.soval.fr\/wp-content\/uploads\/2024\/09\/20210609-20210609_082454-768x432.jpg 768w, https:\/\/www.soval.fr\/wp-content\/uploads\/2024\/09\/20210609-20210609_082454-1536x864.jpg 1536w, https:\/\/www.soval.fr\/wp-content\/uploads\/2024\/09\/20210609-20210609_082454-2048x1152.jpg 2048w, https:\/\/www.soval.fr\/wp-content\/uploads\/2024\/09\/20210609-20210609_082454-600x338.jpg 600w\" sizes=\"(max-width: 2560px) 100vw, 2560px\" \/>    <\/div>\n    <div class=\"flex basis-full flex-col bg-white p-5\">\n        <div class=\"mb-5 text-2xl font-semibold\">\n\t\t\tChantier Assainissement : Strasbourg (67)        <\/div>\n        <div class=\"mt-auto mb-3 line-clamp-4\">\n\t\t\t<p>Cr\u00e9ation d&#8217;un poste de pompage &#8211; Strasbourg (67) Dans le cadre de la cr\u00e9ation d\u2019un nouveau poste de pompage assainissement, l\u2019Eurom\u00e9tropole de Strasbourg (67) a renouvel\u00e9e une conduite suspendue en DN 500, situ\u00e9e \u00e0 proximit\u00e9 de l\u2019Ecluse Sud le long de la Darse du Rhin. L\u2019agence SOVAL Strasbourg a pu accompagner ce chantier en hauteur [&hellip;]<\/p>\n        <\/div>\n        <div class=\"mt-auto text-right underline\">\n\t\t\tLire la suite        <\/div>\n    <\/div>\n<\/article>\n<\/a><\/div><div class=\"pb-10 swiper-slide\"><a href=\"https:\/\/www.soval.fr\/fr\/realisations\/realisations-de-plusieurs-noeuds-de-vannes\/\" class=\"templates-relationnel soval-link\" title=\"Lire la suite de Chantier Eau potable : Saint-Mayeux (22)\"><article class=\"flex h-full flex-col m-5\">\n    <div class=\"relative\">\n\t\t<img decoding=\"async\" width=\"2560\" height=\"1440\" src=\"https:\/\/www.soval.fr\/wp-content\/uploads\/2024\/08\/20231017_114625-scaled.jpg\" class=\"object-cover w-full h-64 wp-post-image\" alt=\"\" srcset=\"https:\/\/www.soval.fr\/wp-content\/uploads\/2024\/08\/20231017_114625-scaled.jpg 2560w, https:\/\/www.soval.fr\/wp-content\/uploads\/2024\/08\/20231017_114625-300x169.jpg 300w, https:\/\/www.soval.fr\/wp-content\/uploads\/2024\/08\/20231017_114625-1024x576.jpg 1024w, https:\/\/www.soval.fr\/wp-content\/uploads\/2024\/08\/20231017_114625-768x432.jpg 768w, https:\/\/www.soval.fr\/wp-content\/uploads\/2024\/08\/20231017_114625-1536x864.jpg 1536w, https:\/\/www.soval.fr\/wp-content\/uploads\/2024\/08\/20231017_114625-2048x1152.jpg 2048w, https:\/\/www.soval.fr\/wp-content\/uploads\/2024\/08\/20231017_114625-600x338.jpg 600w\" sizes=\"(max-width: 2560px) 100vw, 2560px\" \/>    <\/div>\n    <div class=\"flex basis-full flex-col bg-white p-5\">\n        <div class=\"mb-5 text-2xl font-semibold\">\n\t\t\tChantier Eau potable : Saint-Mayeux (22)        <\/div>\n        <div class=\"mt-auto mb-3 line-clamp-4\">\n\t\t\t<p>Noeuds de vannes &#8211; Saint-Mayeux (22) R\u00e9alisations de plusieurs n\u0153uds de vannes sur le feeder existant du Syndicat Mixte de Kerne Uhel sur la commune de Saint-Mayeux (22). L\u2019objectif de ces n\u0153uds est de pouvoir sectoriser la conduite en cas de casse ou de vidange. La cr\u00e9ation de ces n\u0153uds a n\u00e9cessit\u00e9 des raccords Souplessur [&hellip;]<\/p>\n        <\/div>\n        <div class=\"mt-auto text-right underline\">\n\t\t\tLire la suite        <\/div>\n    <\/div>\n<\/article>\n<\/a><\/div>        <\/div>\n        <div class=\"swiper-pagination\"><\/div>\n    <\/div>\n<\/div>\n\n\n\n<div style=\"height:4em\" aria-hidden=\"true\" class=\"wp-block-spacer\"><\/div>\n<\/div>\n","protected":false},"excerpt":{"rendered":"<p>Apr\u00e8s des d\u00e9cennies d\u2019\u00e9vacuation des eaux de pluie sur le collecteur assainissement le plus proche, des mesures pr\u00e9ventives de stockage et de gestion \u00e0 la parcelle des eaux pluviales voient le jour. En plus de la cr\u00e9ation de villes plus vertes par une d\u00e9simperm\u00e9abilisation des sols, l\u2019objectif est \u00e0 pr\u00e9sent d\u2019infiltrer et stocker les eaux [&hellip;]<\/p>\n","protected":false},"author":2,"featured_media":5197,"parent":0,"menu_order":0,"comment_status":"closed","ping_status":"closed","template":"","meta":{"_acf_changed":false,"footnotes":""},"class_list":["post-5187","page","type-page","status-publish","has-post-thumbnail","hentry"],"acf":[],"_links":{"self":[{"href":"https:\/\/www.soval.fr\/fr\/wp-json\/wp\/v2\/pages\/5187","targetHints":{"allow":["GET"]}}],"collection":[{"href":"https:\/\/www.soval.fr\/fr\/wp-json\/wp\/v2\/pages"}],"about":[{"href":"https:\/\/www.soval.fr\/fr\/wp-json\/wp\/v2\/types\/page"}],"author":[{"embeddable":true,"href":"https:\/\/www.soval.fr\/fr\/wp-json\/wp\/v2\/users\/2"}],"replies":[{"embeddable":true,"href":"https:\/\/www.soval.fr\/fr\/wp-json\/wp\/v2\/comments?post=5187"}],"version-history":[{"count":1,"href":"https:\/\/www.soval.fr\/fr\/wp-json\/wp\/v2\/pages\/5187\/revisions"}],"predecessor-version":[{"id":7384,"href":"https:\/\/www.soval.fr\/fr\/wp-json\/wp\/v2\/pages\/5187\/revisions\/7384"}],"wp:featuredmedia":[{"embeddable":true,"href":"https:\/\/www.soval.fr\/fr\/wp-json\/wp\/v2\/media\/5197"}],"wp:attachment":[{"href":"https:\/\/www.soval.fr\/fr\/wp-json\/wp\/v2\/media?parent=5187"}],"curies":[{"name":"wp","href":"https:\/\/api.w.org\/{rel}","templated":true}]}}