{"id":5210,"date":"2024-08-09T18:15:58","date_gmt":"2024-08-09T16:15:58","guid":{"rendered":"https:\/\/www.soval.fr\/?page_id=5210"},"modified":"2024-09-23T14:16:37","modified_gmt":"2024-09-23T12:16:37","slug":"reseaux-secs-telecom-fibre","status":"publish","type":"page","link":"https:\/\/www.soval.fr\/fr\/reseaux-secs-telecom-fibre\/","title":{"rendered":"R\u00e9seaux secs"},"content":{"rendered":"\n<div class=\"wp-block-columns is-layout-flex wp-container-core-columns-is-layout-51c8ee58 wp-block-columns-is-layout-flex\" style=\"padding-top:var(--wp--preset--spacing--70);padding-bottom:var(--wp--preset--spacing--70)\">\n<div class=\"wp-block-column is-layout-flow wp-block-column-is-layout-flow\">\n<p>Data center, I.A, centrale de biomasse, digitalisation, vous aurez constat\u00e9 que nos villes se r\u00e9inventent.<\/p>\n\n\n\n<p>Les infrastructures publiques, les r\u00e9seaux, les modes de transports sont en mutation dans la plupart de nos grandes agglom\u00e9rations fran\u00e7aises.<\/p>\n<\/div>\n\n\n\n<div class=\"wp-block-column is-layout-flow wp-block-column-is-layout-flow\">\n<p>Pour r\u00e9pondre aux enjeux du 4.0 et de\u00a0la ville de demain, SOVAL dispose de solutions d\u00e9di\u00e9es aux r\u00e9seaux secs. \u00c0 ce titre, nous participons directement \u00e0 l\u2019accompagnement de nos clients de la phase \u00e9tude \u00e0 la phase r\u00e9alisation de Data Center ou de nouveaux r\u00e9seaux\u00a0: chaleur, gaz, t\u00e9l\u00e9com, fibre optique, hydrog\u00e8ne \u00e0 venir.<\/p>\n<\/div>\n<\/div>\n\n\n\n<div class=\"wp-block-group alignfull has-beige-background-color has-background is-layout-constrained wp-block-group-is-layout-constrained\" style=\"padding-top:var(--wp--preset--spacing--70);padding-bottom:var(--wp--preset--spacing--70)\">\n<h2 class=\"wp-block-heading has-bleu-roi-color has-text-color has-link-color wp-elements-899435bee7088a68feb692fc127995b1\"><strong>Constructeurs et op\u00e9rateurs de r\u00e9seaux secs : de l\u2019\u00e9tude \u00e0 la personnalisation de vos projets<\/strong><span style=\"color: rgb(0, 0, 0); font-size: medium; font-weight: 400; white-space-collapse: collapse;\"><\/span><\/h2>\n\n\n\n<div class=\"wp-block-columns is-layout-flex wp-container-core-columns-is-layout-fe77f8b0 wp-block-columns-is-layout-flex\" style=\"padding-right:var(--wp--preset--spacing--60);padding-left:var(--wp--preset--spacing--60)\">\n<div class=\"wp-block-column is-layout-flow wp-block-column-is-layout-flow\">\n<div class=\"wp-block-group colonne_max is-vertical is-layout-flex wp-container-core-group-is-layout-fed7e1b2 wp-block-group-is-layout-flex\">\n<ul class=\"wp-block-list wp-container-content-f9bd05ee\">\n<li style=\"font-size:1.2em\"><strong>Constructeurs, op\u00e9rateurs de r\u00e9seaux fibre optique et t\u00e9l\u00e9com<\/strong><span style=\"font-size: medium; white-space-collapse: collapse;\"><\/span><\/li>\n<\/ul>\n\n\n\n<p class=\"has-bleu-roi-color has-text-color has-bleu-roi-color has-text-color\">Furets et guide fil, mat\u00e9riel n\u00e9cessaire \u00e0 la d\u00e9tection des r\u00e9seaux, \u00e9carteurs de tubes, aiguille en fibre de verre, tubes lisses et annel\u00e9s, SOVAL est en mesure de vous fournir de nombreux accessoires pour votre g\u00e9nie civil et n\u00e9cessaires \u00e0 la r\u00e9alisation de vos r\u00e9seaux fibres optiques et t\u00e9l\u00e9com.<\/p>\n\n\n\n<hr class=\"wp-block-separator has-alpha-channel-opacity\" style=\"margin-top:var(--wp--preset--spacing--20);margin-bottom:var(--wp--preset--spacing--20)\"\/>\n\n\n\n<p>Nous disposons \u00e9galement d\u2019une large gamme de trappes et tampons pour les r\u00e9seaux secs certifi\u00e9es EN 124-2 allant de la classe B125 \u00e0 F900 avec diff\u00e9rentes options&nbsp;:<\/p>\n\n\n\n<ul style=\"font-size:0.9em\" class=\"wp-block-list\">\n<li>Protection antichute<\/li>\n\n\n\n<li>Verrouillage anti-intrusion<\/li>\n\n\n\n<li>Articulation<\/li>\n\n\n\n<li>Assistance \u00e0 l\u2019ouverture par v\u00e9rins<\/li>\n<\/ul>\n\n\n\n<p>Enfin, profitez de notre riche base de donn\u00e9es \u00e0 travers nos 350 logos t\u00e9l\u00e9coms r\u00e9f\u00e9renc\u00e9s en fonderie pour identifier facilement vos ouvrages.<\/p>\n\n\n\n<div style=\"height:0px\" aria-hidden=\"true\" class=\"wp-block-spacer wp-container-content-4dd21e30\"><\/div>\n\n\n\n<figure class=\"wp-block-image size-large mobile-img_full element-bottom wp-container-content-e0b89f81\"><img decoding=\"async\" width=\"1024\" height=\"581\" src=\"https:\/\/www.soval.fr\/wp-content\/uploads\/2024\/08\/header-trappes-classiques-1024x581.jpg\" alt=\"\" class=\"wp-image-4088\" style=\"aspect-ratio:16\/9;object-fit:cover\" srcset=\"https:\/\/www.soval.fr\/wp-content\/uploads\/2024\/08\/header-trappes-classiques-1024x581.jpg 1024w, https:\/\/www.soval.fr\/wp-content\/uploads\/2024\/08\/header-trappes-classiques-300x170.jpg 300w, https:\/\/www.soval.fr\/wp-content\/uploads\/2024\/08\/header-trappes-classiques-768x436.jpg 768w, https:\/\/www.soval.fr\/wp-content\/uploads\/2024\/08\/header-trappes-classiques-1536x872.jpg 1536w, https:\/\/www.soval.fr\/wp-content\/uploads\/2024\/08\/header-trappes-classiques-600x341.jpg 600w, https:\/\/www.soval.fr\/wp-content\/uploads\/2024\/08\/header-trappes-classiques.jpg 1920w\" sizes=\"(max-width: 1024px) 100vw, 1024px\" \/><\/figure>\n<\/div>\n<\/div>\n\n\n\n<div class=\"wp-block-column is-layout-flow wp-block-column-is-layout-flow\">\n<div class=\"wp-block-group colonne_max is-vertical is-layout-flex wp-container-core-group-is-layout-fed7e1b2 wp-block-group-is-layout-flex\">\n<ul class=\"wp-block-list wp-container-content-f9bd05ee\">\n<li style=\"font-size:1.2em\"><strong>Constructeurs, op\u00e9rateurs de r\u00e9seaux de chaleur urbain et gaz<\/strong><span style=\"font-size: medium; white-space-collapse: collapse;\"><\/span><\/li>\n<\/ul>\n\n\n\n<p class=\"has-bleu-roi-color has-text-color has-bleu-roi-color has-text-color\">SOVAL accompagne et conseille de nombreux op\u00e9rateurs sp\u00e9cialis\u00e9s en r\u00e9seaux de chaleur et gaz. D\u00e9l\u00e9gataire de service public ou op\u00e9rateur priv\u00e9, nos produits sont con\u00e7us pour r\u00e9pondre \u00e0 vos contraintes d\u2019exploitation (humidit\u00e9, temp\u00e9rature \u00e9lev\u00e9e, s\u00e9curisation des acc\u00e8s).<\/p>\n\n\n\n<hr class=\"wp-block-separator has-alpha-channel-opacity\" style=\"margin-top:var(--wp--preset--spacing--20);margin-bottom:var(--wp--preset--spacing--20)\"\/>\n\n\n\n<p>L\u2019ensemble de nos fontes de voirie sont personnalisables par un logo int\u00e9gr\u00e9 dans la masse ou par des solutions appropri\u00e9es \u00e0 vos cas les plus complexes.<\/p>\n\n\n\n<hr class=\"wp-block-separator has-alpha-channel-opacity\" style=\"margin-top:var(--wp--preset--spacing--20);margin-bottom:var(--wp--preset--spacing--20)\"\/>\n\n\n\n<p>N\u2019h\u00e9sitez pas \u00e0 contacter l\u2019une de nos 18 agences SOVAL en France afin de vous faire conseiller sur les classes de charge et les ouvertures libres de nos produits les plus courants\u00a0:<\/p>\n\n\n\n<ul style=\"font-size:0.9em\" class=\"wp-block-list\">\n<li>Tampon D400 <a href=\"https:\/\/www.soval.fr\/fr\/produit\/voirie-assainissement\/regards-et-tampons\/regards-de-chaussee\/regard-de-chaussee-maxum-classe-f900\/\">Maxum 600 <\/a>et <a href=\"https:\/\/www.soval.fr\/fr\/produit\/voirie-assainissement\/regards-et-tampons\/regards-de-chaussee\/regard-de-chaussee-maxum-800-classe-d400\/\">800<\/a><\/li>\n\n\n\n<li>Trappes C250 et D400 <a href=\"https:\/\/www.soval.fr\/produits\/trappes\/trappes-classiques\/fermetures-standards\/\">standard<\/a>\u00a0\/ <a href=\"https:\/\/www.soval.fr\/produits\/trappes\/trappes-articulees\/fermetures-sur-charnieres\/\">articul\u00e9es \/ assist\u00e9es<\/a><\/li>\n\n\n\n<li><a href=\"https:\/\/www.soval.fr\/fr\/produit\/voirie-assainissement\/regards-et-tampons\/regards-hydraulique\/regard-hydraulique-hydro-b125\/\">Regard hydraulique B125<\/a> \u00e0 <a href=\"https:\/\/www.soval.fr\/fr\/produit\/voirie-assainissement\/regards-et-tampons\/regards-hydraulique\/regard-hydraulique-hydro-d400\/\">D400<\/a><\/li>\n\n\n\n<li>Bouche \u00e0 cl\u00e9 et hydrant floqu\u00e9s \u00ab&nbsp;r\u00e9seau de chaleur urbain&nbsp;\u00bb et \u00ab&nbsp;gaz&nbsp;\u00bb.<\/li>\n<\/ul>\n\n\n\n<figure class=\"wp-block-image size-large mobile-img_full element-bottom wp-container-content-e0b89f81\"><img decoding=\"async\" width=\"1024\" height=\"841\" src=\"https:\/\/www.soval.fr\/wp-content\/uploads\/2024\/08\/gaz-1024x841.jpg\" alt=\"\" class=\"wp-image-6135\" style=\"aspect-ratio:16\/9;object-fit:cover\" srcset=\"https:\/\/www.soval.fr\/wp-content\/uploads\/2024\/08\/gaz-1024x841.jpg 1024w, https:\/\/www.soval.fr\/wp-content\/uploads\/2024\/08\/gaz-300x247.jpg 300w, https:\/\/www.soval.fr\/wp-content\/uploads\/2024\/08\/gaz-768x631.jpg 768w, https:\/\/www.soval.fr\/wp-content\/uploads\/2024\/08\/gaz-1536x1262.jpg 1536w, https:\/\/www.soval.fr\/wp-content\/uploads\/2024\/08\/gaz-2048x1683.jpg 2048w, https:\/\/www.soval.fr\/wp-content\/uploads\/2024\/08\/gaz-600x493.jpg 600w\" sizes=\"(max-width: 1024px) 100vw, 1024px\" \/><\/figure>\n<\/div>\n<\/div>\n<\/div>\n<\/div>\n\n\n\n<div class=\"wp-block-group is-layout-constrained wp-block-group-is-layout-constrained\" style=\"padding-top:var(--wp--preset--spacing--70);padding-bottom:var(--wp--preset--spacing--70)\">\n<h2 class=\"wp-block-heading has-bleu-roi-color has-text-color has-link-color wp-elements-e0a9b3d0c6c4fa91e2a0ca59150576ac\">Les points fort de Soval<\/h2>\n\n\n\n<div class=\"wp-block-group is-layout-constrained wp-container-core-group-is-layout-2704560f wp-block-group-is-layout-constrained\">\n<div class=\"wp-block-columns is-layout-flex wp-container-core-columns-is-layout-14cf5ab5 wp-block-columns-is-layout-flex\">\n<div class=\"wp-block-column is-layout-flow wp-block-column-is-layout-flow\">\n<div class=\"wp-block-group is-layout-constrained wp-block-group-is-layout-constrained\">\n<figure class=\"wp-block-image size-full is-resized\"><img decoding=\"async\" src=\"https:\/\/www.soval.fr\/wp-content\/uploads\/2024\/08\/1_production.svg\" alt=\"\" class=\"wp-image-4942\" style=\"width:75px\"\/><\/figure>\n\n\n\n<h3 class=\"wp-block-heading\" style=\"margin-top:var(--wp--preset--spacing--30);margin-bottom:var(--wp--preset--spacing--30)\"><strong>Production int\u00e9gr\u00e9e<\/strong><\/h3>\n\n\n\n<p>Les gammes fontes Soval sont con\u00e7ues et fabriqu\u00e9es dans notre fonderie haut-marnaise centenaire pour une exigence et un savoir-faire de proximit\u00e9.<\/p>\n<\/div>\n<\/div>\n\n\n\n<div class=\"wp-block-column is-layout-flow wp-block-column-is-layout-flow\">\n<div class=\"wp-block-group is-layout-constrained wp-block-group-is-layout-constrained\">\n<figure class=\"wp-block-image size-full is-resized\"><img decoding=\"async\" src=\"https:\/\/www.soval.fr\/wp-content\/uploads\/2024\/08\/2_urgences.svg\" alt=\"\" class=\"wp-image-4944\" style=\"width:75px\"\/><\/figure>\n\n\n\n<h3 class=\"wp-block-heading\" style=\"margin-top:var(--wp--preset--spacing--30);margin-bottom:var(--wp--preset--spacing--30)\"><strong>Gestion des urgences<\/strong><\/h3>\n\n\n\n<p>Vos probl\u00e8mes sont nos urgences. Experts et professionnels, nos \u00e9quipes sont d\u2019abord l\u00e0 pour vous orienter et vous conseiller dans vos choix techniques.<\/p>\n<\/div>\n<\/div>\n\n\n\n<div class=\"wp-block-column is-layout-flow wp-block-column-is-layout-flow\">\n<div class=\"wp-block-group is-layout-constrained wp-block-group-is-layout-constrained\">\n<figure class=\"wp-block-image size-full is-resized\"><img decoding=\"async\" src=\"https:\/\/www.soval.fr\/wp-content\/uploads\/2024\/08\/3_fabricant.svg\" alt=\"\" class=\"wp-image-4946\" style=\"width:75px\"\/><\/figure>\n\n\n\n<h3 class=\"wp-block-heading\" style=\"margin-top:var(--wp--preset--spacing--30);margin-bottom:var(--wp--preset--spacing--30)\"><strong>Fabricant \u2013 Distributeu<\/strong>r<\/h3>\n\n\n\n<p>Un maillage national et international. Nos agences sont toutes dot\u00e9es d\u2019un stock et de conseillers experts de vos r\u00e9seaux et nourris de notre longue exp\u00e9rience.<\/p>\n<\/div>\n<\/div>\n<\/div>\n<\/div>\n<\/div>\n\n\n\n<div class=\"wp-block-group has-beige-background-color has-background is-layout-constrained wp-block-group-is-layout-constrained\" style=\"padding-top:var(--wp--preset--spacing--70);padding-bottom:var(--wp--preset--spacing--70)\">\n<h2 class=\"wp-block-heading has-bleu-roi-color has-text-color has-link-color wp-elements-a0fc2c3e4940d8ac0cf5360417e20fb2\">Nos derniers chantiers<\/h2>\n\n\n<div class=\"block-relationnel overflow-hidden align wp-block-acf-relationnel\">\n    <div class=\"swiper swiper-relationnel\">\n        <div class=\"swiper-wrapper \">\n\t\t\t<div class=\"pb-10 swiper-slide\"><a href=\"https:\/\/www.soval.fr\/fr\/realisations\/chantier-trappes-roissy-ch-de-gaulles-95\/\" class=\"templates-relationnel soval-link\" title=\"Lire la suite de Chantier Trappes : Roissy Ch.de Gaulles (95)\"><article class=\"flex h-full flex-col m-5\">\n    <div class=\"relative\">\n\t\t<img decoding=\"async\" width=\"2560\" height=\"1440\" src=\"https:\/\/www.soval.fr\/wp-content\/uploads\/2024\/09\/ares_adp_5-scaled.jpg\" class=\"object-cover w-full h-64 wp-post-image\" alt=\"\" srcset=\"https:\/\/www.soval.fr\/wp-content\/uploads\/2024\/09\/ares_adp_5-scaled.jpg 2560w, https:\/\/www.soval.fr\/wp-content\/uploads\/2024\/09\/ares_adp_5-300x169.jpg 300w, https:\/\/www.soval.fr\/wp-content\/uploads\/2024\/09\/ares_adp_5-1024x576.jpg 1024w, https:\/\/www.soval.fr\/wp-content\/uploads\/2024\/09\/ares_adp_5-768x432.jpg 768w, https:\/\/www.soval.fr\/wp-content\/uploads\/2024\/09\/ares_adp_5-1536x864.jpg 1536w, https:\/\/www.soval.fr\/wp-content\/uploads\/2024\/09\/ares_adp_5-2048x1152.jpg 2048w, https:\/\/www.soval.fr\/wp-content\/uploads\/2024\/09\/ares_adp_5-600x338.jpg 600w\" sizes=\"(max-width: 2560px) 100vw, 2560px\" \/>    <\/div>\n    <div class=\"flex basis-full flex-col bg-white p-5\">\n        <div class=\"mb-5 text-2xl font-semibold\">\n\t\t\tChantier Trappes : Roissy Ch.de Gaulles (95)        <\/div>\n        <div class=\"mt-auto mb-3 line-clamp-4\">\n\t\t\t<p>R\u00e9habilitation de la piste 3 &#8211; Roissy Charles de Gaulles (95) Entre 2019 et 2021, le Groupe ADP a men\u00e9 d&#8217;importants travaux de r\u00e9habilitation sur la piste 3 de Roissy-Charles de Gaulle. Ces travaux \u00e9taient n\u00e9cessaires pour assurer la s\u00e9curit\u00e9 a\u00e9rienne et le bon fonctionnement \u00e0 long terme de cette infrastructure. Soval a \u00e9t\u00e9 s\u00e9lectionn\u00e9e [&hellip;]<\/p>\n        <\/div>\n        <div class=\"mt-auto text-right underline\">\n\t\t\tLire la suite        <\/div>\n    <\/div>\n<\/article>\n<\/a><\/div><div class=\"pb-10 swiper-slide\"><a href=\"https:\/\/www.soval.fr\/fr\/realisations\/chantier-voirie-toulouse-31\/\" class=\"templates-relationnel soval-link\" title=\"Lire la suite de Chantier voirie : Toulouse (31)\"><article class=\"flex h-full flex-col m-5\">\n    <div class=\"relative\">\n\t\t<img decoding=\"async\" width=\"2560\" height=\"1440\" src=\"https:\/\/www.soval.fr\/wp-content\/uploads\/2024\/09\/20190711_122644-scaled.jpg\" class=\"object-cover w-full h-64 wp-post-image\" alt=\"\" srcset=\"https:\/\/www.soval.fr\/wp-content\/uploads\/2024\/09\/20190711_122644-scaled.jpg 2560w, https:\/\/www.soval.fr\/wp-content\/uploads\/2024\/09\/20190711_122644-300x169.jpg 300w, https:\/\/www.soval.fr\/wp-content\/uploads\/2024\/09\/20190711_122644-1024x576.jpg 1024w, https:\/\/www.soval.fr\/wp-content\/uploads\/2024\/09\/20190711_122644-768x432.jpg 768w, https:\/\/www.soval.fr\/wp-content\/uploads\/2024\/09\/20190711_122644-1536x864.jpg 1536w, https:\/\/www.soval.fr\/wp-content\/uploads\/2024\/09\/20190711_122644-2048x1152.jpg 2048w, https:\/\/www.soval.fr\/wp-content\/uploads\/2024\/09\/20190711_122644-600x338.jpg 600w\" sizes=\"(max-width: 2560px) 100vw, 2560px\" \/>    <\/div>\n    <div class=\"flex basis-full flex-col bg-white p-5\">\n        <div class=\"mb-5 text-2xl font-semibold\">\n\t\t\tChantier voirie : Toulouse (31)        <\/div>\n        <div class=\"mt-auto mb-3 line-clamp-4\">\n\t\t\t<p>R\u00e9habilitation du quartier des Minimes &#8211; Toulouse (31) En 2016 la municipalit\u00e9 de Toulouse (31) a lanc\u00e9 le l\u2019op\u00e9ration \u00ab&nbsp;C\u0153ur de quartier&nbsp;\u00bb visant \u00e0 redynamiser et r\u00e9animer 33 quartiers toulousains. Parmi ces 33 quartiers, l\u2019agence de Soval Toulouse a \u00e9t\u00e9 choisi en 2019 pour r\u00e9am\u00e9nager l\u2019avenue des minimes avec la fourniture mat\u00e9riel de de voirie [&hellip;]<\/p>\n        <\/div>\n        <div class=\"mt-auto text-right underline\">\n\t\t\tLire la suite        <\/div>\n    <\/div>\n<\/article>\n<\/a><\/div><div class=\"pb-10 swiper-slide\"><a href=\"https:\/\/www.soval.fr\/fr\/realisations\/chantier-voirie-mehun-sur-yevres-18\/\" class=\"templates-relationnel soval-link\" title=\"Lire la suite de Chantier Voirie : Mehun-sur-Y\u00e8vres (18)\"><article class=\"flex h-full flex-col m-5\">\n    <div class=\"relative\">\n\t\t<img decoding=\"async\" width=\"2560\" height=\"1920\" src=\"https:\/\/www.soval.fr\/wp-content\/uploads\/2024\/09\/20190404_091837-scaled.jpg\" class=\"object-cover w-full h-64 wp-post-image\" alt=\"\" srcset=\"https:\/\/www.soval.fr\/wp-content\/uploads\/2024\/09\/20190404_091837-scaled.jpg 2560w, https:\/\/www.soval.fr\/wp-content\/uploads\/2024\/09\/20190404_091837-300x225.jpg 300w, https:\/\/www.soval.fr\/wp-content\/uploads\/2024\/09\/20190404_091837-1024x768.jpg 1024w, https:\/\/www.soval.fr\/wp-content\/uploads\/2024\/09\/20190404_091837-768x576.jpg 768w, https:\/\/www.soval.fr\/wp-content\/uploads\/2024\/09\/20190404_091837-1536x1152.jpg 1536w, https:\/\/www.soval.fr\/wp-content\/uploads\/2024\/09\/20190404_091837-2048x1536.jpg 2048w, https:\/\/www.soval.fr\/wp-content\/uploads\/2024\/09\/20190404_091837-600x450.jpg 600w\" sizes=\"(max-width: 2560px) 100vw, 2560px\" \/>    <\/div>\n    <div class=\"flex basis-full flex-col bg-white p-5\">\n        <div class=\"mb-5 text-2xl font-semibold\">\n\t\t\tChantier Voirie : Mehun-sur-Y\u00e8vres (18)        <\/div>\n        <div class=\"mt-auto mb-3 line-clamp-4\">\n\t\t\t<p>Revitalisation du quartier historique &#8211; Mehun sur-Y\u00e8vres (18) La ville de Mehun-sur-Y\u00e8vre (18) a \u00e9tabli sur 3 ans des travaux de revitalisation de son centre-ville et de son site historique la cit\u00e9 Charles VII avec au programme, remplacement des r\u00e9seaux et r\u00e9fection de la voirie. Pour l\u2019occasion, la municipalit\u00e9 a choisi l\u2019agence de Soval Bourges [&hellip;]<\/p>\n        <\/div>\n        <div class=\"mt-auto text-right underline\">\n\t\t\tLire la suite        <\/div>\n    <\/div>\n<\/article>\n<\/a><\/div>        <\/div>\n        <div class=\"swiper-pagination\"><\/div>\n    <\/div>\n<\/div>\n\n\n\n<div style=\"height:4em\" aria-hidden=\"true\" class=\"wp-block-spacer\"><\/div>\n<\/div>\n","protected":false},"excerpt":{"rendered":"<p>Data center, I.A, centrale de biomasse, digitalisation, vous aurez constat\u00e9 que nos villes se r\u00e9inventent. Les infrastructures publiques, les r\u00e9seaux, les modes de transports sont en mutation dans la plupart de nos grandes agglom\u00e9rations fran\u00e7aises. Pour r\u00e9pondre aux enjeux du 4.0 et de\u00a0la ville de demain, SOVAL dispose de solutions d\u00e9di\u00e9es aux r\u00e9seaux secs. \u00c0 [&hellip;]<\/p>\n","protected":false},"author":2,"featured_media":4088,"parent":0,"menu_order":0,"comment_status":"closed","ping_status":"closed","template":"","meta":{"_acf_changed":false,"footnotes":""},"class_list":["post-5210","page","type-page","status-publish","has-post-thumbnail","hentry"],"acf":[],"_links":{"self":[{"href":"https:\/\/www.soval.fr\/fr\/wp-json\/wp\/v2\/pages\/5210","targetHints":{"allow":["GET"]}}],"collection":[{"href":"https:\/\/www.soval.fr\/fr\/wp-json\/wp\/v2\/pages"}],"about":[{"href":"https:\/\/www.soval.fr\/fr\/wp-json\/wp\/v2\/types\/page"}],"author":[{"embeddable":true,"href":"https:\/\/www.soval.fr\/fr\/wp-json\/wp\/v2\/users\/2"}],"replies":[{"embeddable":true,"href":"https:\/\/www.soval.fr\/fr\/wp-json\/wp\/v2\/comments?post=5210"}],"version-history":[{"count":1,"href":"https:\/\/www.soval.fr\/fr\/wp-json\/wp\/v2\/pages\/5210\/revisions"}],"predecessor-version":[{"id":7388,"href":"https:\/\/www.soval.fr\/fr\/wp-json\/wp\/v2\/pages\/5210\/revisions\/7388"}],"wp:featuredmedia":[{"embeddable":true,"href":"https:\/\/www.soval.fr\/fr\/wp-json\/wp\/v2\/media\/4088"}],"wp:attachment":[{"href":"https:\/\/www.soval.fr\/fr\/wp-json\/wp\/v2\/media?parent=5210"}],"curies":[{"name":"wp","href":"https:\/\/api.w.org\/{rel}","templated":true}]}}