{"id":5218,"date":"2024-08-09T18:35:03","date_gmt":"2024-08-09T16:35:03","guid":{"rendered":"https:\/\/www.soval.fr\/?page_id=5218"},"modified":"2024-09-23T14:32:31","modified_gmt":"2024-09-23T12:32:31","slug":"assainissement","status":"publish","type":"page","link":"https:\/\/www.soval.fr\/fr\/assainissement\/","title":{"rendered":"Assainissement"},"content":{"rendered":"\n<div class=\"wp-block-columns is-layout-flex wp-container-core-columns-is-layout-51c8ee58 wp-block-columns-is-layout-flex\" style=\"padding-top:var(--wp--preset--spacing--70);padding-bottom:var(--wp--preset--spacing--70)\">\n<div class=\"wp-block-column is-layout-flow wp-block-column-is-layout-flow\">\n<p>La fin de la Seconde Guerre mondiale a n\u00e9cessit\u00e9 une reconstruction rapide d\u2019infrastructures et de logements. Dans le domaine de l\u2019assainissement, cela s\u2019est rapidement traduit par une politique de raccordement du \u00ab&nbsp;tout \u00e0 l\u2019\u00e9gout&nbsp;\u00bb sans distinction de la nature des effluents.<\/p>\n\n\n\n<hr class=\"wp-block-separator has-text-color has-alpha-channel-opacity has-background\" style=\"margin-top:var(--wp--preset--spacing--20);margin-bottom:var(--wp--preset--spacing--20);background-color:#ffffff;color:#ffffff\"\/>\n\n\n\n<p>Aujourd\u2019hui, un nouveau jargon d&#8217;assainissement a vu le jour \u00e0 travers nos collecteurs assainissement\u00a0: r\u00e9seau unitaire, r\u00e9seau s\u00e9paratif, r\u00e9seau pseudo-s\u00e9paratif. En terme d\u2019hydraulique, il est \u00e9galement important de distinguer en assainissement collectif les<\/p>\n<\/div>\n\n\n\n<div class=\"wp-block-column is-layout-flow wp-block-column-is-layout-flow\">\n<p>r\u00e9seaux gravitaires, mesures de restriction et interdiction de l\u2019usage de l\u2019eau potable. (relevage, refoulement).<br>Bien entendu, pour les zones non raccordables aux collecteurs publics, l\u2019assainissement non collectif reste un moyen important de traiter ses effluents en domaine priv\u00e9.<\/p>\n\n\n\n<hr class=\"wp-block-separator has-text-color has-alpha-channel-opacity has-background\" style=\"margin-top:var(--wp--preset--spacing--20);margin-bottom:var(--wp--preset--spacing--20);background-color:#ffffff;color:#ffffff\"\/>\n\n\n\n<p>Pour vous accompagner en domaine public ou priv\u00e9, SOVAL dispose d\u2019une large gamme de conduites (fonte, PVC, polypropyl\u00e8ne\u2026), de tampons et de trappes adapt\u00e9s aux classes de charges et aux atmosph\u00e8res impact\u00e9es par l\u2019H2S.<\/p>\n<\/div>\n<\/div>\n\n\n\n<div class=\"wp-block-group alignfull has-beige-background-color has-background is-layout-constrained wp-block-group-is-layout-constrained\" style=\"padding-top:var(--wp--preset--spacing--70);padding-bottom:var(--wp--preset--spacing--70)\">\n<h2 class=\"wp-block-heading has-bleu-roi-color has-text-color has-link-color wp-elements-7ab4c167706e71cb7ebd6bbd86e236e5\"><strong>Maitres d\u2019ouvrage, maitres d\u2019\u0153uvre, exploitants des r\u00e9seaux d&#8217;assainissement<\/strong><\/h2>\n\n\n\n<div class=\"wp-block-columns is-layout-flex wp-container-core-columns-is-layout-fe77f8b0 wp-block-columns-is-layout-flex\" style=\"padding-right:var(--wp--preset--spacing--60);padding-left:var(--wp--preset--spacing--60)\">\n<div class=\"wp-block-column is-layout-flow wp-block-column-is-layout-flow\">\n<div class=\"wp-block-group colonne_max is-vertical is-layout-flex wp-container-core-group-is-layout-fed7e1b2 wp-block-group-is-layout-flex\">\n<ul class=\"wp-block-list wp-container-content-f9bd05ee\">\n<li style=\"font-size:1.2em\"><strong>Regards de chauss\u00e9e et regards hydrauliques en fonte classe B125 \u00e0 D400<\/strong><span style=\"font-size: medium; white-space-collapse: collapse;\"><\/span><\/li>\n<\/ul>\n\n\n\n<p class=\"has-bleu-roi-color has-text-color has-bleu-roi-color has-text-color\">Soucieux de faciliter l\u2019acc\u00e8s \u00e0 vos regards de branchements et \u00e0 vos diff\u00e9rents points de curage des r\u00e9seaux, nous disposons d\u2019une large gamme de tampons de la classe B125 \u00e0 D400.<\/p>\n\n\n\n<hr class=\"wp-block-separator has-alpha-channel-opacity\" style=\"margin-top:var(--wp--preset--spacing--20);margin-bottom:var(--wp--preset--spacing--20)\"\/>\n\n\n\n<p>Avec des ouvertures libres rondes de 600 et 800 mm, notre gamme de tampons <a href=\"https:\/\/www.soval.fr\/fr\/produit\/voirie-assainissement\/regards-et-tampons\/regards-de-chaussee\/regard-de-chaussee-kantum-classe-d400\/\">Kantum<\/a> &amp; <a href=\"https:\/\/www.soval.fr\/fr\/produit\/voirie-assainissement\/regards-et-tampons\/regards-de-chaussee\/regard-de-chaussee-maxum-ventile-classe-d400\/\">Maxum<\/a> (ventil\u00e9, non ventil\u00e9) est l\u00e0 pour r\u00e9pondre \u00e0 vos diff\u00e9rents types de trafics. De plus, gr\u00e2ce \u00e0 notre innovation \u00ab&nbsp;Easyshut&nbsp;\u00bb, votre &nbsp;ergonomie au travail est notre priorit\u00e9&nbsp;!<\/p>\n\n\n\n<p>En effet, notre syst\u00e8me d\u2019articulation ne n\u00e9cessite plus de soulever le tampon pour d\u00e9verrouiller la s\u00e9curit\u00e9 du tampon lors de sa fermeture. Une seule pression lat\u00e9rale sur le c\u00f4t\u00e9 suffit \u00e0 rabattre d\u2019une seule main un tampon de plus de 50 kg.<\/p>\n\n\n\n<hr class=\"wp-block-separator has-alpha-channel-opacity\" style=\"margin-top:var(--wp--preset--spacing--20);margin-bottom:var(--wp--preset--spacing--20)\"\/>\n\n\n\n<p>Enfin notre large gamme de tampons hydrauliques carr\u00e9s permet de recouvrir des ouvertures libres allant de 200 \u00e0 600 mm tout en rajoutant certaines options&nbsp;: verrou \u00bc de tour, bouchon EPDM d\u2019identification.<\/p>\n\n\n\n<div style=\"height:0px\" aria-hidden=\"true\" class=\"wp-block-spacer wp-container-content-4dd21e30\"><\/div>\n\n\n\n<figure class=\"wp-block-image size-large mobile-img_full element-bottom wp-container-content-e0b89f81\"><img decoding=\"async\" width=\"1024\" height=\"768\" src=\"https:\/\/www.soval.fr\/wp-content\/uploads\/2024\/08\/ragards_assainissement-1024x768.jpg\" alt=\"\" class=\"wp-image-6128\" style=\"aspect-ratio:16\/9;object-fit:cover\" srcset=\"https:\/\/www.soval.fr\/wp-content\/uploads\/2024\/08\/ragards_assainissement-1024x768.jpg 1024w, https:\/\/www.soval.fr\/wp-content\/uploads\/2024\/08\/ragards_assainissement-300x225.jpg 300w, https:\/\/www.soval.fr\/wp-content\/uploads\/2024\/08\/ragards_assainissement-768x576.jpg 768w, https:\/\/www.soval.fr\/wp-content\/uploads\/2024\/08\/ragards_assainissement-1536x1152.jpg 1536w, https:\/\/www.soval.fr\/wp-content\/uploads\/2024\/08\/ragards_assainissement-2048x1536.jpg 2048w, https:\/\/www.soval.fr\/wp-content\/uploads\/2024\/08\/ragards_assainissement-600x450.jpg 600w\" sizes=\"(max-width: 1024px) 100vw, 1024px\" \/><\/figure>\n<\/div>\n<\/div>\n\n\n\n<div class=\"wp-block-column is-layout-flow wp-block-column-is-layout-flow\">\n<div class=\"wp-block-group colonne_max is-vertical is-layout-flex wp-container-core-group-is-layout-fed7e1b2 wp-block-group-is-layout-flex\">\n<ul class=\"wp-block-list wp-container-content-f9bd05ee\">\n<li style=\"font-size:1.2em\"><strong>Trappes d\u00e9di\u00e9es aux stations de pompage et aux ouvrages d&#8217;assainissement<\/strong><span style=\"font-size: medium; white-space-collapse: collapse;\"><\/span><\/li>\n<\/ul>\n\n\n\n<p class=\"has-bleu-roi-color has-text-color has-bleu-roi-color has-text-color\">Le temps d\u2019ouvrir une trappe \u00e0 deux est malheureusement r\u00e9volu. Sans parler du risque de chute d\u2019un tampon au fond d\u2019un ouvrage, il est souvent compliqu\u00e9 d\u2019ouvrir seul certaines trappes encore pr\u00e9sentes sur des ouvrages d&#8217;assainissement en phase d\u2019astreinte.<\/p>\n\n\n\n<hr class=\"wp-block-separator has-alpha-channel-opacity\" style=\"margin-top:var(--wp--preset--spacing--20);margin-bottom:var(--wp--preset--spacing--20)\"\/>\n\n\n\n<p>SOVAL dispose d\u2019une riche gamme de trappes assist\u00e9es par v\u00e9rins&nbsp;et accompagn\u00e9es d&#8217;un syst\u00e8me de grilles antichute :<\/p>\n\n\n\n<ul style=\"font-size:0.9em\" class=\"wp-block-list\">\n<li style=\"font-size:1.1em\">Formats modulaires&nbsp;: trappes de largeurs sp\u00e9cifiques avec conception standardis\u00e9e ou sur demande&nbsp;<\/li>\n\n\n\n<li style=\"font-size:1.1em\">Ouverture r\u00e9duite&nbsp;: <a href=\"https:\/\/www.soval.fr\/fr\/produit\/voirie-assainissement\/regards-et-tampons\/regards-de-chaussee\/regard-de-chaussee-maxum-800-classe-d400\/\">Maxum 800<\/a> assist\u00e9s par v\u00e9rins et Trappes <a href=\"https:\/\/www.soval.fr\/fr\/produit\/trappes\/trappes-articulees\/fermetures-sur-charnieres\/trappes-ares-d400-verrouillees-articulees-assistees\/\">Ares<\/a> 750 x 750 \/ 900 x 900<\/li>\n\n\n\n<li style=\"font-size:1.1em\">Formats standards&nbsp;: trappes C250 \u00e0 E600 de largeurs 75 ou 88 cm et jusqu\u2019\u00e0 3 m de long<\/li>\n\n\n\n<li style=\"font-size:1.1em\">Trappes surdimensionn\u00e9es&nbsp;: gamme <a href=\"https:\/\/www.soval.fr\/fr\/produit\/trappes\/trappes-articulees\/fermetures-sur-charnieres\/trappes-titan-1000-d400-verrouillees-articulees-assistees-2\/\">Titan 1000<\/a> et <a href=\"https:\/\/www.soval.fr\/fr\/produit\/trappes\/trappes-articulees\/fermetures-sur-charnieres\/trappes-titan-1200-nouvelle-version-400-kn-verrouillees-articulees-assistees\/\">1200&nbsp;D400 <\/a>de largeurs 100 \u00e0 120 cm et jusqu\u2019\u00e0 5 m de long<\/li>\n<\/ul>\n\n\n\n<figure class=\"wp-block-image size-large mobile-img_full element-bottom wp-container-content-e0b89f81\"><img decoding=\"async\" width=\"1024\" height=\"768\" src=\"https:\/\/www.soval.fr\/wp-content\/uploads\/2024\/08\/2014-05-15-chilesse-57-1024x768.jpg\" alt=\"\" class=\"wp-image-6131\" style=\"aspect-ratio:16\/9;object-fit:cover\" srcset=\"https:\/\/www.soval.fr\/wp-content\/uploads\/2024\/08\/2014-05-15-chilesse-57-1024x768.jpg 1024w, https:\/\/www.soval.fr\/wp-content\/uploads\/2024\/08\/2014-05-15-chilesse-57-300x225.jpg 300w, https:\/\/www.soval.fr\/wp-content\/uploads\/2024\/08\/2014-05-15-chilesse-57-768x576.jpg 768w, https:\/\/www.soval.fr\/wp-content\/uploads\/2024\/08\/2014-05-15-chilesse-57-1536x1152.jpg 1536w, https:\/\/www.soval.fr\/wp-content\/uploads\/2024\/08\/2014-05-15-chilesse-57-2048x1536.jpg 2048w, https:\/\/www.soval.fr\/wp-content\/uploads\/2024\/08\/2014-05-15-chilesse-57-600x450.jpg 600w\" sizes=\"(max-width: 1024px) 100vw, 1024px\" \/><\/figure>\n<\/div>\n<\/div>\n<\/div>\n\n\n\n<div style=\"height:4em\" aria-hidden=\"true\" class=\"wp-block-spacer\"><\/div>\n\n\n\n<div class=\"wp-block-columns is-layout-flex wp-container-core-columns-is-layout-e5c6600c wp-block-columns-is-layout-flex\" style=\"margin-top:0;margin-bottom:0;padding-right:var(--wp--preset--spacing--60);padding-left:var(--wp--preset--spacing--60)\">\n<div class=\"wp-block-column is-layout-flow wp-block-column-is-layout-flow\">\n<div class=\"wp-block-group colonne_max is-vertical is-layout-flex wp-container-core-group-is-layout-fe9cc265 wp-block-group-is-layout-flex\">\n<ul class=\"wp-block-list\">\n<li style=\"font-size:1.2em\"><strong>Conduites et pi\u00e8ces de raccords<\/strong><span style=\"font-size: medium; white-space-collapse: collapse;\"><\/span><span id=\"docs-internal-guid-e5467699-7fff-54a4-33d4-9d4727094f07\"><div><span style=\"font-size: 11pt; font-family: Calibri, sans-serif; background-color: transparent; font-variant-numeric: normal; font-variant-east-asian: normal; font-variant-alternates: normal; font-variant-position: normal; vertical-align: baseline;\"><\/span><\/div><\/span><\/li>\n<\/ul>\n\n\n\n<p class=\"has-bleu-roi-color has-text-color has-link-color has-bleu-roi-color has-text-color\">Nous sommes en mesure de vous fournir l\u2019ensemble des tuyaux et raccords n\u00e9cessaires \u00e0 l\u2019\u00e9vacuation de vos eaux us\u00e9es.<\/p>\n\n\n\n<hr class=\"wp-block-separator has-alpha-channel-opacity\" style=\"margin-top:var(--wp--preset--spacing--20);margin-bottom:var(--wp--preset--spacing--20)\"\/>\n\n\n\n<p>Nos conduites en fonte assainissement de marque Duktus coupl\u00e9es \u00e0 nos raccords fonte Souplessur-T sont parfaites pour disposer d\u2019une protection m\u00e9canique (conduite peu profonde, nature des sols).<\/p>\n\n\n\n<hr class=\"wp-block-separator has-alpha-channel-opacity\" style=\"margin-top:var(--wp--preset--spacing--20);margin-bottom:var(--wp--preset--spacing--20)\"\/>\n\n\n\n<p>Enfin, plus standard, nous stockons \u00e9galement une riche gamme de tuyaux et raccords assainissement en PVC du CR4 au CR16 pour vos chantiers les plus courants.<\/p>\n\n\n\n<div style=\"height:0px\" aria-hidden=\"true\" class=\"wp-block-spacer wp-container-content-4dd21e30\"><\/div>\n\n\n\n<figure class=\"wp-block-image size-full mobile-img_full element-bottom wp-container-content-e0b89f81\"><img decoding=\"async\" src=\"https:\/\/www.soval.fr\/wp-content\/uploads\/2024\/08\/photo-23.jpg\" alt=\"\" class=\"wp-image-5317\" style=\"aspect-ratio:16\/9;object-fit:cover\"\/><\/figure>\n<\/div>\n<\/div>\n\n\n\n<div class=\"wp-block-column is-layout-flow wp-block-column-is-layout-flow\">\n<div class=\"wp-block-group colonne_max is-vertical is-layout-flex wp-container-core-group-is-layout-fe9cc265 wp-block-group-is-layout-flex\">\n<ul class=\"wp-block-list\">\n<li style=\"font-size:1.2em\"><strong>Abcite : le rev\u00eatement haute protection<\/strong><span style=\"font-size: medium; white-space-collapse: collapse;\"><\/span><span id=\"docs-internal-guid-e5467699-7fff-54a4-33d4-9d4727094f07\"><div><span style=\"font-size: 11pt; font-family: Calibri, sans-serif; background-color: transparent; font-variant-numeric: normal; font-variant-east-asian: normal; font-variant-alternates: normal; font-variant-position: normal; vertical-align: baseline;\"><\/span><\/div><\/span><\/li>\n<\/ul>\n\n\n\n<p class=\"has-bleu-roi-color has-text-color has-link-color has-bleu-roi-color has-text-color\">\u00c0 la recherche d\u2019une solution durable pour r\u00e9pondre \u00e0 vos probl\u00e8mes d\u2019H2S ou de milieu corrosif&nbsp;?<\/p>\n\n\n\n<hr class=\"wp-block-separator has-alpha-channel-opacity\" style=\"margin-top:var(--wp--preset--spacing--20);margin-bottom:var(--wp--preset--spacing--20)\"\/>\n\n\n\n<p>\u00c0 travers notre fonderie, nous sommes en mesure de vous proposer une application sp\u00e9cifique en Abcite. Cette protection thermoplastique d\u2019une \u00e9paisseur de 400 microns permet de prot\u00e9ger les pi\u00e8ces en fonte pour les conditions les plus extr\u00eames (courant vagabons, PH sp\u00e9cifique, sulfure d\u2019hydrog\u00e8ne\u2026).<\/p>\n\n\n\n<hr class=\"wp-block-separator has-alpha-channel-opacity\" style=\"margin-top:var(--wp--preset--spacing--20);margin-bottom:var(--wp--preset--spacing--20)\"\/>\n\n\n\n<div style=\"height:0px\" aria-hidden=\"true\" class=\"wp-block-spacer wp-container-content-4dd21e30\"><\/div>\n\n\n\n<figure class=\"wp-block-image size-full mobile-img_full element-bottom wp-container-content-e0b89f81\"><img decoding=\"async\" width=\"2560\" height=\"1153\" src=\"https:\/\/www.soval.fr\/wp-content\/uploads\/2024\/09\/trappe_revetement_abcite-scaled.jpg\" alt=\"\" class=\"wp-image-6529\" style=\"aspect-ratio:16\/9;object-fit:cover\" srcset=\"https:\/\/www.soval.fr\/wp-content\/uploads\/2024\/09\/trappe_revetement_abcite-scaled.jpg 2560w, https:\/\/www.soval.fr\/wp-content\/uploads\/2024\/09\/trappe_revetement_abcite-300x135.jpg 300w, https:\/\/www.soval.fr\/wp-content\/uploads\/2024\/09\/trappe_revetement_abcite-1024x461.jpg 1024w, https:\/\/www.soval.fr\/wp-content\/uploads\/2024\/09\/trappe_revetement_abcite-768x346.jpg 768w, https:\/\/www.soval.fr\/wp-content\/uploads\/2024\/09\/trappe_revetement_abcite-1536x692.jpg 1536w, https:\/\/www.soval.fr\/wp-content\/uploads\/2024\/09\/trappe_revetement_abcite-2048x922.jpg 2048w, https:\/\/www.soval.fr\/wp-content\/uploads\/2024\/09\/trappe_revetement_abcite-600x270.jpg 600w\" sizes=\"(max-width: 2560px) 100vw, 2560px\" \/><\/figure>\n<\/div>\n<\/div>\n<\/div>\n<\/div>\n\n\n\n<div class=\"wp-block-group is-layout-constrained wp-block-group-is-layout-constrained\" style=\"padding-top:var(--wp--preset--spacing--70);padding-bottom:var(--wp--preset--spacing--70)\">\n<h2 class=\"wp-block-heading has-bleu-roi-color has-text-color has-link-color wp-elements-e0a9b3d0c6c4fa91e2a0ca59150576ac\">Les points fort de Soval<\/h2>\n\n\n\n<div class=\"wp-block-group is-layout-constrained wp-container-core-group-is-layout-2704560f wp-block-group-is-layout-constrained\">\n<div class=\"wp-block-columns is-layout-flex wp-container-core-columns-is-layout-14cf5ab5 wp-block-columns-is-layout-flex\">\n<div class=\"wp-block-column is-layout-flow wp-block-column-is-layout-flow\">\n<div class=\"wp-block-group is-layout-constrained wp-block-group-is-layout-constrained\">\n<figure class=\"wp-block-image size-full is-resized\"><img decoding=\"async\" src=\"https:\/\/www.soval.fr\/wp-content\/uploads\/2024\/08\/1_production.svg\" alt=\"\" class=\"wp-image-4942\" style=\"width:75px\"\/><\/figure>\n\n\n\n<h3 class=\"wp-block-heading\" style=\"margin-top:var(--wp--preset--spacing--30);margin-bottom:var(--wp--preset--spacing--30)\"><strong>Production int\u00e9gr\u00e9e<\/strong><\/h3>\n\n\n\n<p>Les gammes fontes Soval sont con\u00e7ues et fabriqu\u00e9es dans notre fonderie haut-marnaise centenaire pour une exigence et un savoir-faire de proximit\u00e9.<\/p>\n<\/div>\n<\/div>\n\n\n\n<div class=\"wp-block-column is-layout-flow wp-block-column-is-layout-flow\">\n<div class=\"wp-block-group is-layout-constrained wp-block-group-is-layout-constrained\">\n<figure class=\"wp-block-image size-full is-resized\"><img decoding=\"async\" src=\"https:\/\/www.soval.fr\/wp-content\/uploads\/2024\/08\/2_urgences.svg\" alt=\"\" class=\"wp-image-4944\" style=\"width:75px\"\/><\/figure>\n\n\n\n<h3 class=\"wp-block-heading\" style=\"margin-top:var(--wp--preset--spacing--30);margin-bottom:var(--wp--preset--spacing--30)\"><strong>Gestion des urgences<\/strong><\/h3>\n\n\n\n<p>Vos probl\u00e8mes sont nos urgences. Experts et professionnels, nos \u00e9quipes sont d\u2019abord l\u00e0 pour vous orienter et vous conseiller dans vos choix techniques.<\/p>\n<\/div>\n<\/div>\n\n\n\n<div class=\"wp-block-column is-layout-flow wp-block-column-is-layout-flow\">\n<div class=\"wp-block-group is-layout-constrained wp-block-group-is-layout-constrained\">\n<figure class=\"wp-block-image size-full is-resized\"><img decoding=\"async\" src=\"https:\/\/www.soval.fr\/wp-content\/uploads\/2024\/08\/3_fabricant.svg\" alt=\"\" class=\"wp-image-4946\" style=\"width:75px\"\/><\/figure>\n\n\n\n<h3 class=\"wp-block-heading\" style=\"margin-top:var(--wp--preset--spacing--30);margin-bottom:var(--wp--preset--spacing--30)\"><strong>Fabricant \u2013 Distributeu<\/strong>r<\/h3>\n\n\n\n<p>Un maillage national et international. Nos agences sont toutes dot\u00e9es d\u2019un stock et de conseillers experts de vos r\u00e9seaux et nourris de notre longue exp\u00e9rience.<\/p>\n<\/div>\n<\/div>\n<\/div>\n<\/div>\n<\/div>\n\n\n\n<div class=\"wp-block-group has-beige-background-color has-background is-layout-constrained wp-block-group-is-layout-constrained\" style=\"padding-top:var(--wp--preset--spacing--70);padding-bottom:var(--wp--preset--spacing--70)\">\n<h2 class=\"wp-block-heading has-bleu-roi-color has-text-color has-link-color wp-elements-fbdb9aec0fb3af7391d8b1c1271b556a\"><strong>Nos derniers chantiers<\/strong><\/h2>\n\n\n<div class=\"block-relationnel overflow-hidden align wp-block-acf-relationnel\">\n    <div class=\"swiper swiper-relationnel\">\n        <div class=\"swiper-wrapper \">\n\t\t\t<div class=\"pb-10 swiper-slide\"><a href=\"https:\/\/www.soval.fr\/fr\/realisations\/chantier-assainissement-cuba\/\" class=\"templates-relationnel soval-link\" title=\"Lire la suite de Chantier Assainissement : Rhumerie Cuba\"><article class=\"flex h-full flex-col m-5\">\n    <div class=\"relative\">\n\t\t<img decoding=\"async\" width=\"1368\" height=\"1824\" src=\"https:\/\/www.soval.fr\/wp-content\/uploads\/2024\/09\/img-20211116-wa0015.jpg\" class=\"object-cover w-full h-64 wp-post-image\" alt=\"\" srcset=\"https:\/\/www.soval.fr\/wp-content\/uploads\/2024\/09\/img-20211116-wa0015.jpg 1368w, https:\/\/www.soval.fr\/wp-content\/uploads\/2024\/09\/img-20211116-wa0015-225x300.jpg 225w, https:\/\/www.soval.fr\/wp-content\/uploads\/2024\/09\/img-20211116-wa0015-768x1024.jpg 768w, https:\/\/www.soval.fr\/wp-content\/uploads\/2024\/09\/img-20211116-wa0015-1152x1536.jpg 1152w, https:\/\/www.soval.fr\/wp-content\/uploads\/2024\/09\/img-20211116-wa0015-600x800.jpg 600w\" sizes=\"(max-width: 1368px) 100vw, 1368px\" \/>    <\/div>\n    <div class=\"flex basis-full flex-col bg-white p-5\">\n        <div class=\"mb-5 text-2xl font-semibold\">\n\t\t\tChantier Assainissement : Rhumerie Cuba        <\/div>\n        <div class=\"mt-auto mb-3 line-clamp-4\">\n\t\t\t<p>R\u00e9seaux &#8211; Distillerie Havana Club (Cuba) Dans le cadre de son expansion, la distillerie \/ rhumerie Havana Club bas\u00e9e \u00e0 Cuba a lanc\u00e9 la construction de nouveaux b\u00e2timents. La collaboration entre Soval Export et Vonroll Hydro a permis la fourniture et la pose de canalisations et de raccords en fonte ductile disposant du label \u00ab&nbsp;FM [&hellip;]<\/p>\n        <\/div>\n        <div class=\"mt-auto text-right underline\">\n\t\t\tLire la suite        <\/div>\n    <\/div>\n<\/article>\n<\/a><\/div><div class=\"pb-10 swiper-slide\"><a href=\"https:\/\/www.soval.fr\/fr\/realisations\/chantier-assainissement-strasbourg-67\/\" class=\"templates-relationnel soval-link\" title=\"Lire la suite de Chantier Assainissement : Strasbourg (67)\"><article class=\"flex h-full flex-col m-5\">\n    <div class=\"relative\">\n\t\t<img decoding=\"async\" width=\"2560\" height=\"1440\" src=\"https:\/\/www.soval.fr\/wp-content\/uploads\/2024\/09\/20210609-20210609_082454-scaled.jpg\" class=\"object-cover w-full h-64 wp-post-image\" alt=\"\" srcset=\"https:\/\/www.soval.fr\/wp-content\/uploads\/2024\/09\/20210609-20210609_082454-scaled.jpg 2560w, https:\/\/www.soval.fr\/wp-content\/uploads\/2024\/09\/20210609-20210609_082454-300x169.jpg 300w, https:\/\/www.soval.fr\/wp-content\/uploads\/2024\/09\/20210609-20210609_082454-1024x576.jpg 1024w, https:\/\/www.soval.fr\/wp-content\/uploads\/2024\/09\/20210609-20210609_082454-768x432.jpg 768w, https:\/\/www.soval.fr\/wp-content\/uploads\/2024\/09\/20210609-20210609_082454-1536x864.jpg 1536w, https:\/\/www.soval.fr\/wp-content\/uploads\/2024\/09\/20210609-20210609_082454-2048x1152.jpg 2048w, https:\/\/www.soval.fr\/wp-content\/uploads\/2024\/09\/20210609-20210609_082454-600x338.jpg 600w\" sizes=\"(max-width: 2560px) 100vw, 2560px\" \/>    <\/div>\n    <div class=\"flex basis-full flex-col bg-white p-5\">\n        <div class=\"mb-5 text-2xl font-semibold\">\n\t\t\tChantier Assainissement : Strasbourg (67)        <\/div>\n        <div class=\"mt-auto mb-3 line-clamp-4\">\n\t\t\t<p>Cr\u00e9ation d&#8217;un poste de pompage &#8211; Strasbourg (67) Dans le cadre de la cr\u00e9ation d\u2019un nouveau poste de pompage assainissement, l\u2019Eurom\u00e9tropole de Strasbourg (67) a renouvel\u00e9e une conduite suspendue en DN 500, situ\u00e9e \u00e0 proximit\u00e9 de l\u2019Ecluse Sud le long de la Darse du Rhin. L\u2019agence SOVAL Strasbourg a pu accompagner ce chantier en hauteur [&hellip;]<\/p>\n        <\/div>\n        <div class=\"mt-auto text-right underline\">\n\t\t\tLire la suite        <\/div>\n    <\/div>\n<\/article>\n<\/a><\/div><div class=\"pb-10 swiper-slide\"><a href=\"https:\/\/www.soval.fr\/fr\/realisations\/chantier-voirie-toulouse-31\/\" class=\"templates-relationnel soval-link\" title=\"Lire la suite de Chantier voirie : Toulouse (31)\"><article class=\"flex h-full flex-col m-5\">\n    <div class=\"relative\">\n\t\t<img decoding=\"async\" width=\"2560\" height=\"1440\" src=\"https:\/\/www.soval.fr\/wp-content\/uploads\/2024\/09\/20190711_122644-scaled.jpg\" class=\"object-cover w-full h-64 wp-post-image\" alt=\"\" srcset=\"https:\/\/www.soval.fr\/wp-content\/uploads\/2024\/09\/20190711_122644-scaled.jpg 2560w, https:\/\/www.soval.fr\/wp-content\/uploads\/2024\/09\/20190711_122644-300x169.jpg 300w, https:\/\/www.soval.fr\/wp-content\/uploads\/2024\/09\/20190711_122644-1024x576.jpg 1024w, https:\/\/www.soval.fr\/wp-content\/uploads\/2024\/09\/20190711_122644-768x432.jpg 768w, https:\/\/www.soval.fr\/wp-content\/uploads\/2024\/09\/20190711_122644-1536x864.jpg 1536w, https:\/\/www.soval.fr\/wp-content\/uploads\/2024\/09\/20190711_122644-2048x1152.jpg 2048w, https:\/\/www.soval.fr\/wp-content\/uploads\/2024\/09\/20190711_122644-600x338.jpg 600w\" sizes=\"(max-width: 2560px) 100vw, 2560px\" \/>    <\/div>\n    <div class=\"flex basis-full flex-col bg-white p-5\">\n        <div class=\"mb-5 text-2xl font-semibold\">\n\t\t\tChantier voirie : Toulouse (31)        <\/div>\n        <div class=\"mt-auto mb-3 line-clamp-4\">\n\t\t\t<p>R\u00e9habilitation du quartier des Minimes &#8211; Toulouse (31) En 2016 la municipalit\u00e9 de Toulouse (31) a lanc\u00e9 le l\u2019op\u00e9ration \u00ab&nbsp;C\u0153ur de quartier&nbsp;\u00bb visant \u00e0 redynamiser et r\u00e9animer 33 quartiers toulousains. Parmi ces 33 quartiers, l\u2019agence de Soval Toulouse a \u00e9t\u00e9 choisi en 2019 pour r\u00e9am\u00e9nager l\u2019avenue des minimes avec la fourniture mat\u00e9riel de de voirie [&hellip;]<\/p>\n        <\/div>\n        <div class=\"mt-auto text-right underline\">\n\t\t\tLire la suite        <\/div>\n    <\/div>\n<\/article>\n<\/a><\/div>        <\/div>\n        <div class=\"swiper-pagination\"><\/div>\n    <\/div>\n<\/div>\n\n\n\n<div style=\"height:4em\" aria-hidden=\"true\" class=\"wp-block-spacer\"><\/div>\n<\/div>\n","protected":false},"excerpt":{"rendered":"<p>La fin de la Seconde Guerre mondiale a n\u00e9cessit\u00e9 une reconstruction rapide d\u2019infrastructures et de logements. Dans le domaine de l\u2019assainissement, cela s\u2019est rapidement traduit par une politique de raccordement du \u00ab&nbsp;tout \u00e0 l\u2019\u00e9gout&nbsp;\u00bb sans distinction de la nature des effluents. Aujourd\u2019hui, un nouveau jargon d&#8217;assainissement a vu le jour \u00e0 travers nos collecteurs assainissement\u00a0: [&hellip;]<\/p>\n","protected":false},"author":2,"featured_media":5219,"parent":0,"menu_order":0,"comment_status":"closed","ping_status":"closed","template":"","meta":{"_acf_changed":false,"footnotes":""},"class_list":["post-5218","page","type-page","status-publish","has-post-thumbnail","hentry"],"acf":[],"_links":{"self":[{"href":"https:\/\/www.soval.fr\/fr\/wp-json\/wp\/v2\/pages\/5218","targetHints":{"allow":["GET"]}}],"collection":[{"href":"https:\/\/www.soval.fr\/fr\/wp-json\/wp\/v2\/pages"}],"about":[{"href":"https:\/\/www.soval.fr\/fr\/wp-json\/wp\/v2\/types\/page"}],"author":[{"embeddable":true,"href":"https:\/\/www.soval.fr\/fr\/wp-json\/wp\/v2\/users\/2"}],"replies":[{"embeddable":true,"href":"https:\/\/www.soval.fr\/fr\/wp-json\/wp\/v2\/comments?post=5218"}],"version-history":[{"count":2,"href":"https:\/\/www.soval.fr\/fr\/wp-json\/wp\/v2\/pages\/5218\/revisions"}],"predecessor-version":[{"id":7391,"href":"https:\/\/www.soval.fr\/fr\/wp-json\/wp\/v2\/pages\/5218\/revisions\/7391"}],"wp:featuredmedia":[{"embeddable":true,"href":"https:\/\/www.soval.fr\/fr\/wp-json\/wp\/v2\/media\/5219"}],"wp:attachment":[{"href":"https:\/\/www.soval.fr\/fr\/wp-json\/wp\/v2\/media?parent=5218"}],"curies":[{"name":"wp","href":"https:\/\/api.w.org\/{rel}","templated":true}]}}