{"id":5448,"date":"2024-08-14T11:34:42","date_gmt":"2024-08-14T09:34:42","guid":{"rendered":"https:\/\/www.soval.fr\/?page_id=5448"},"modified":"2025-04-23T08:26:38","modified_gmt":"2025-04-23T06:26:38","slug":"rse","status":"publish","type":"page","link":"https:\/\/www.soval.fr\/fr\/rse\/","title":{"rendered":"Notre engagement RSE"},"content":{"rendered":"\n<div class=\"wp-block-columns is-layout-flex wp-container-core-columns-is-layout-51c8ee58 wp-block-columns-is-layout-flex\" style=\"padding-top:var(--wp--preset--spacing--70);padding-bottom:var(--wp--preset--spacing--70)\">\n<div class=\"wp-block-column is-layout-flow wp-block-column-is-layout-flow\">\n<p>Entreprise familiale ind\u00e9pendante depuis 3 g\u00e9n\u00e9rations, le groupe SLF attache une importance particuli\u00e8re dans la pr\u00e9servation de la confiance de ses employ\u00e9s, de ses clients et de ses partenaires.<\/p>\n<\/div>\n\n\n\n<div class=\"wp-block-column is-layout-flow wp-block-column-is-layout-flow\">\n<p>Fier de notre ancrage industriel dans la r\u00e9gion Grand Est, nous sommes r\u00e9solument engag\u00e9s dans une d\u00e9marche de d\u00e9veloppement durable, respectueuse de ses salari\u00e9s et de son environnement. Nos activit\u00e9s au national comme \u00e0 l\u2019international privil\u00e9gient les partenaires partageant ces m\u00eames ambitions.<\/p>\n<\/div>\n<\/div>\n\n\n\n<div class=\"wp-block-group alignfull has-background is-layout-constrained wp-block-group-is-layout-constrained\" style=\"background-color:#e9eff3;padding-top:var(--wp--preset--spacing--60);padding-bottom:var(--wp--preset--spacing--60)\">\n<h2 class=\"wp-block-heading has-bleu-roi-color has-text-color has-link-color wp-elements-a9a94c5aa80d144eee1c962f07bda438\">Les valeurs du groupe SLF<\/h2>\n\n\n\n<div class=\"wp-block-columns is-layout-flex wp-container-core-columns-is-layout-14cf5ab5 wp-block-columns-is-layout-flex\">\n<div class=\"wp-block-column is-layout-flow wp-block-column-is-layout-flow\" style=\"flex-basis:25%\">\n<div class=\"wp-block-group colonne_max is-vertical is-content-justification-center is-layout-flex wp-container-core-group-is-layout-ce155fab wp-block-group-is-layout-flex\">\n<div class=\"wp-block-group is-layout-constrained wp-block-group-is-layout-constrained\">\n<figure class=\"wp-block-image size-full is-resized\"><img decoding=\"async\" src=\"https:\/\/www.soval.fr\/wp-content\/uploads\/2024\/08\/1_adaptabilite.svg\" alt=\"\" class=\"wp-image-5456\" style=\"width:auto;height:183px\"\/><\/figure>\n<\/div>\n\n\n\n<div class=\"wp-block-group element-bottom is-layout-constrained wp-block-group-is-layout-constrained\">\n<h3 class=\"wp-block-heading has-text-align-center\" style=\"margin-bottom:0\">Adaptabilit\u00e9<\/h3>\n\n\n\n<p class=\"has-text-align-center has-small-font-size\">Agilit\u00e9 \/ R\u00e9silience<\/p>\n<\/div>\n<\/div>\n<\/div>\n\n\n\n<div class=\"wp-block-column is-layout-flow wp-block-column-is-layout-flow\" style=\"flex-basis:25%\">\n<div class=\"wp-block-group colonne_max is-vertical is-content-justification-center is-layout-flex wp-container-core-group-is-layout-ce155fab wp-block-group-is-layout-flex\">\n<div class=\"wp-block-group is-layout-constrained wp-container-core-group-is-layout-c2737fbf wp-block-group-is-layout-constrained\" style=\"padding-right:40px\">\n<figure class=\"wp-block-image size-full is-resized\"><img decoding=\"async\" src=\"https:\/\/www.soval.fr\/wp-content\/uploads\/2024\/08\/2_respect.svg\" alt=\"\" class=\"wp-image-5458\" style=\"width:auto;height:140px\"\/><\/figure>\n<\/div>\n\n\n\n<div class=\"wp-block-group element-bottom is-layout-constrained wp-block-group-is-layout-constrained\">\n<h3 class=\"wp-block-heading has-text-align-center\" style=\"margin-bottom:0\">Respect<\/h3>\n\n\n\n<p class=\"has-text-align-center has-small-font-size\">\u00c9cosyst\u00e8me<\/p>\n<\/div>\n<\/div>\n<\/div>\n\n\n\n<div class=\"wp-block-column is-layout-flow wp-block-column-is-layout-flow\" style=\"flex-basis:25%\">\n<div class=\"wp-block-group colonne_max is-vertical is-content-justification-center is-layout-flex wp-container-core-group-is-layout-ce155fab wp-block-group-is-layout-flex\">\n<div class=\"wp-block-group is-layout-constrained wp-block-group-is-layout-constrained\">\n<figure class=\"wp-block-image size-full is-resized\"><img decoding=\"async\" src=\"https:\/\/www.soval.fr\/wp-content\/uploads\/2024\/08\/3_solidarite.svg\" alt=\"\" class=\"wp-image-5460\" style=\"width:auto;height:140px\"\/><\/figure>\n<\/div>\n\n\n\n<div class=\"wp-block-group element-bottom is-layout-constrained wp-block-group-is-layout-constrained\">\n<h3 class=\"wp-block-heading has-text-align-center\" style=\"margin-bottom:0\">Solidarit\u00e9<\/h3>\n\n\n\n<p class=\"has-text-align-center has-small-font-size\">Inclusivit\u00e9 \/ \u00c9quit\u00e9<\/p>\n<\/div>\n<\/div>\n<\/div>\n\n\n\n<div class=\"wp-block-column is-layout-flow wp-block-column-is-layout-flow\" style=\"flex-basis:25%\">\n<div class=\"wp-block-group colonne_max is-vertical is-content-justification-center is-layout-flex wp-container-core-group-is-layout-ce155fab wp-block-group-is-layout-flex\">\n<div class=\"wp-block-group is-layout-constrained wp-block-group-is-layout-constrained\">\n<figure class=\"wp-block-image size-full is-resized\"><img decoding=\"async\" src=\"https:\/\/www.soval.fr\/wp-content\/uploads\/2024\/08\/4_integrite.svg\" alt=\"\" class=\"wp-image-5462\" style=\"width:auto;height:140px\"\/><\/figure>\n<\/div>\n\n\n\n<div class=\"wp-block-group element-bottom is-layout-constrained wp-block-group-is-layout-constrained\">\n<h3 class=\"wp-block-heading has-text-align-center\" style=\"margin-bottom:0\">Int\u00e9grit\u00e9<\/h3>\n\n\n\n<p class=\"has-text-align-center has-small-font-size\">\u00c9thique<\/p>\n<\/div>\n<\/div>\n<\/div>\n<\/div>\n<\/div>\n\n\n\n<div class=\"wp-block-group alignfull has-background is-layout-constrained wp-block-group-is-layout-constrained\" style=\"background-color:#9dcea0;padding-top:var(--wp--preset--spacing--60);padding-bottom:var(--wp--preset--spacing--60)\">\n<div class=\"wp-block-columns mobile-column_reverse is-layout-flex wp-container-core-columns-is-layout-14cf5ab5 wp-block-columns-is-layout-flex\">\n<div class=\"wp-block-column is-layout-flow wp-block-column-is-layout-flow\" style=\"flex-basis:65%\">\n<h2 class=\"wp-block-heading has-text-color has-link-color wp-elements-dc8b2a8c4e614530e786bb683019c587\" style=\"color:#ffffff;margin-bottom:0;font-size:2rem\">Les piliers de la d\u00e9marche RSE<\/h2>\n\n\n\n<h3 class=\"wp-block-heading has-text-color has-link-color wp-elements-c15cd109954705d29ba244471d5d3f9a\" style=\"color:#ffffff;font-size:1.5rem\">Strat\u00e9gie carbone &#8211; Objectif 2030<\/h3>\n\n\n\n<div class=\"wp-block-group is-layout-constrained wp-block-group-is-layout-constrained\" style=\"margin-bottom:var(--wp--preset--spacing--60)\">\n<h3 class=\"wp-block-heading has-text-color has-link-color wp-elements-11ea0c07452dab35d65433374a9e5767\" style=\"color:#ffffff\">D\u00e9cret tertiaire = -40% de consommations d\u2019\u00e9nergie<\/h3>\n\n\n\n<p style=\"margin-bottom:var(--wp--preset--spacing--20)\">Le groupe SLF est pr\u00e9sent sur 22 sites en France totalisant une surface de 34<br>hectares dont 13 hectares de surfaces couvertes.<\/p>\n\n\n\n<p><strong>R\u00e9cup\u00e9ration des calories sur les compresseurs (jusqu\u2019\u00e0 589kWth) pour :<br><\/strong>\u2022 80% d\u2019\u00e9conomie de gaz sur la chaine de peinture hydrosoluble<br>\u2022 30% des bureaux chauff\u00e9s (soit 700 m\u00b2)<\/p>\n<\/div>\n\n\n\n<div class=\"wp-block-group is-layout-constrained wp-block-group-is-layout-constrained\" style=\"margin-bottom:var(--wp--preset--spacing--60)\">\n<h3 class=\"wp-block-heading has-text-color has-link-color wp-elements-b0dd9be09f39f4f4438236dd51453793\" style=\"color:#ffffff\">Sortie de l\u2019\u00e8re des \u00e9nergies fossiles<\/h3>\n\n\n\n<p style=\"margin-bottom:var(--wp--preset--spacing--20)\"><strong>Electrification et optimisation de la flotte d\u2019engins.<br><\/strong>\u2022 Depuis le 1er janvier 2022 chaque demande de renouvellement d\u2019engins<br>mobiles (chariots\u2026) est \u00e9tudi\u00e9e sous le prisme de 2 pr\u00e9rogatives absolues :<br>l\u2019\u00e9lectrification du parc et la r\u00e9duction des d\u00e9placements.<\/p>\n\n\n\n<p><strong>D\u00e9carbonation des v\u00e9hicules soci\u00e9t\u00e9.<\/strong><\/p>\n<\/div>\n\n\n\n<div class=\"wp-block-group is-layout-constrained wp-block-group-is-layout-constrained\">\n<h3 class=\"wp-block-heading has-text-color has-link-color wp-elements-800db14ab62774d4ed62edfca9660a11\" style=\"color:#ffffff\">Calcul de l&#8217;empreinte carbone<\/h3>\n\n\n\n<p style=\"margin-bottom:var(--wp--preset--spacing--20)\">FBM a mis en place le calcul de son empreinte carbone des produits fabriqu\u00e9s <br>sur le site de Brousseval suivant la m\u00e9thodologie de calcul &#8220;Cradle to Gate&#8221; <br>et certifi\u00e9e par SOCOTEC.<\/p>\n<\/div>\n<\/div>\n\n\n\n<div class=\"wp-block-column is-vertically-aligned-center is-layout-flow wp-block-column-is-layout-flow\" style=\"flex-basis:35%\">\n<div class=\"wp-block-group is-content-justification-left is-layout-constrained wp-container-core-group-is-layout-12dd3699 wp-block-group-is-layout-constrained\">\n<figure class=\"wp-block-image size-full is-resized\"><img decoding=\"async\" src=\"https:\/\/www.soval.fr\/wp-content\/uploads\/2024\/08\/carbone.svg\" alt=\"\" class=\"wp-image-5466\" style=\"width:321px;height:auto\"\/><\/figure>\n<\/div>\n<\/div>\n<\/div>\n<\/div>\n\n\n\n<div class=\"wp-block-group alignfull has-background is-layout-constrained wp-block-group-is-layout-constrained\" style=\"background-color:#f7cc7d;padding-top:var(--wp--preset--spacing--60);padding-bottom:var(--wp--preset--spacing--60)\">\n<div class=\"wp-block-columns mobile-column_reverse is-layout-flex wp-container-core-columns-is-layout-14cf5ab5 wp-block-columns-is-layout-flex\">\n<div class=\"wp-block-column is-layout-flow wp-block-column-is-layout-flow\" style=\"flex-basis:65%\">\n<h2 class=\"wp-block-heading\" style=\"font-size:2rem\">Pr\u00e9servation de la ressource<\/h2>\n\n\n\n<div class=\"wp-block-group is-layout-constrained wp-block-group-is-layout-constrained\" style=\"margin-bottom:var(--wp--preset--spacing--60)\">\n<h3 class=\"wp-block-heading\">Gestion durable de l\u2019eau<\/h3>\n\n\n\n<p><strong>R\u00e9duction de la consommation globale d\u2019eau = &#8211; 50% sur 3 ans (2020-2022)*<br>Tous nos choix d\u2019investissement se font en regard des consommations d\u2019eau<br>qu\u2019ils induisent.<\/strong><\/p>\n\n\n\n<p class=\"has-small-font-size\"><br><em>Ex : Refroidissement par a\u00e9rotherme en lieu et place de circuits hydrauliques.<br><\/em><\/p>\n\n\n\n<p style=\"font-size:10px\">Aucune eau de process utilis\u00e9e*<\/p>\n<\/div>\n\n\n\n<h3 class=\"wp-block-heading\">Economie circulaire<\/h3>\n\n\n\n<div class=\"wp-block-group is-layout-constrained wp-block-group-is-layout-constrained\" style=\"margin-bottom:var(--wp--preset--spacing--60)\">\n<ul style=\"margin-bottom:0\" class=\"wp-block-list\">\n<li style=\"font-size:1.2rem\"><strong>Recycler : La fonderie, une industrie de recyclage<\/strong><\/li>\n<\/ul>\n\n\n\n<p>Nos 3 fonderies sont des entreprises de recyclage dont la mati\u00e8re premi\u00e8re est<br>constitu\u00e9e \u00e0 80% de chutes industrielles (Scrap ferraille neuve).<\/p>\n<\/div>\n\n\n\n<div class=\"wp-block-group is-layout-constrained wp-block-group-is-layout-constrained\" style=\"margin-bottom:var(--wp--preset--spacing--60)\">\n<ul style=\"margin-bottom:0\" class=\"wp-block-list\">\n<li style=\"font-size:1.2rem\"><strong>R\u00e9utiliser : Projet LOOP<\/strong><\/li>\n<\/ul>\n\n\n\n<p>Soval (filiale de distribution de mat\u00e9riels AEP et Voirie) propose \u00e0 ses clients<\/p>\n\n\n\n<p>depuis fin 2022 la reprise de leurs fontes de voirie afin de les r\u00e9int\u00e9grer sans<\/p>\n\n\n\n<p>transformation pr\u00e9alable dans le processus de fusion de nouvelles pi\u00e8ces.<\/p>\n<\/div>\n\n\n\n<div class=\"wp-block-group is-layout-constrained wp-block-group-is-layout-constrained\" style=\"margin-bottom:var(--wp--preset--spacing--60)\">\n<ul style=\"margin-bottom:0\" class=\"wp-block-list\">\n<li style=\"font-size:1.2rem\"><strong>R\u00e9duire : Eco design<\/strong><\/li>\n<\/ul>\n\n\n\n<p>Objectif d\u2019optimisation mati\u00e8re-poids par le service R&amp;D lors des nouveaux<\/p>\n\n\n\n<p>d\u00e9veloppements ou renouvellement des outillages.<\/p>\n\n\n\n<p><em>Ex : 1425 tonnes de gains mati\u00e8re entre 2019 et 2022.<\/em><\/p>\n<\/div>\n<\/div>\n\n\n\n<div class=\"wp-block-column is-vertically-aligned-center is-layout-flow wp-block-column-is-layout-flow\" style=\"flex-basis:35%\">\n<div class=\"wp-block-group is-content-justification-left is-layout-constrained wp-container-core-group-is-layout-12dd3699 wp-block-group-is-layout-constrained\">\n<figure class=\"wp-block-image size-full is-resized\"><img decoding=\"async\" src=\"https:\/\/www.soval.fr\/wp-content\/uploads\/2024\/08\/ressource.svg\" alt=\"\" class=\"wp-image-5470\" style=\"width:310px;height:auto\"\/><\/figure>\n<\/div>\n<\/div>\n<\/div>\n<\/div>\n\n\n\n<div class=\"wp-block-group alignfull has-background is-layout-constrained wp-block-group-is-layout-constrained\" style=\"background-color:#1a345a;padding-top:var(--wp--preset--spacing--60);padding-bottom:var(--wp--preset--spacing--60)\">\n<div class=\"wp-block-columns mobile-column_reverse is-layout-flex wp-container-core-columns-is-layout-14cf5ab5 wp-block-columns-is-layout-flex\">\n<div class=\"wp-block-column has-text-color has-link-color wp-elements-ccba2a4c47dd3bc97bce19dfd84218bf is-layout-flow wp-block-column-is-layout-flow\" style=\"color:#ffffff;flex-basis:65%\">\n<h2 class=\"wp-block-heading\" style=\"font-size:2rem\">Bien-\u00eatre &amp; Solidarit\u00e9<\/h2>\n\n\n\n<div class=\"wp-block-group is-layout-constrained wp-block-group-is-layout-constrained\" style=\"margin-bottom:var(--wp--preset--spacing--60)\">\n<h3 class=\"wp-block-heading\">Sant\u00e9 et S\u00e9curit\u00e9<\/h3>\n\n\n\n<ul style=\"margin-bottom:0\" class=\"wp-block-list bullet-white\">\n<li style=\"font-size:1.2rem\"><strong>Pr\u00e9venir, en prot\u00e9geant la sant\u00e9 de nos salari\u00e9s.<\/strong><\/li>\n<\/ul>\n\n\n\n<p>Ex : Utilisation d\u2019Exosquelette passif (non motoris\u00e9), plan d\u2019am\u00e9lioration<\/p>\n\n\n\n<p>des extracteurs de fum\u00e9es.<br><\/p>\n\n\n\n<div style=\"height:1rem\" aria-hidden=\"true\" class=\"wp-block-spacer\"><\/div>\n\n\n\n<ul style=\"margin-bottom:0\" class=\"wp-block-list bullet-white\">\n<li style=\"font-size:1.2rem\"><strong>Accompagner, en formant aux gestes qui sauvent.<\/strong><\/li>\n<\/ul>\n\n\n\n<p>Nos collaborateurs SST sont r\u00e9guli\u00e8rement form\u00e9s aux premiers secours.<\/p>\n\n\n\n<p>Le pourcentage de salari\u00e9s SST est de 16%, soit le double de la moyenne<\/p>\n\n\n\n<p>fran\u00e7aise (source SSF).<\/p>\n\n\n\n<p>\u2022 Nous nous engageons dans une politique active d\u2019acc\u00e9l\u00e9ration du nombre<\/p>\n\n\n\n<p>de salari\u00e9s volontaires form\u00e9s au SST \u00e0 horizon de 5 ans<\/p>\n<\/div>\n\n\n\n<div class=\"wp-block-group is-layout-constrained wp-block-group-is-layout-constrained\" style=\"margin-bottom:var(--wp--preset--spacing--60)\">\n<h3 class=\"wp-block-heading\">Qualit\u00e9 de vie et condition au travail (QVCT)<\/h3>\n\n\n\n<p>\u2022 Ergonome groupe en charge de l\u2019\u00e9tude et de l\u2019am\u00e9lioration des gestes et<\/p>\n\n\n\n<p>postures.<\/p>\n\n\n\n<p>\u2022 Encouragement \u00e0 la convivialit\u00e9 dans l\u2019entreprise.<\/p>\n\n\n\n<p>( portes ouvertes, rassemblements festifs ou challenges sportifs hors les<\/p>\n\n\n\n<p>murs)<\/p>\n<\/div>\n\n\n\n<div class=\"wp-block-group is-layout-constrained wp-block-group-is-layout-constrained\" style=\"margin-bottom:var(--wp--preset--spacing--60)\">\n<h3 class=\"wp-block-heading\">Egalit\u00e9, diversit\u00e9 &amp; inclusion<\/h3>\n\n\n\n<p>\u2022 Mise en place d\u2019une politique active d\u2019indiff\u00e9renciation de nos recrutements.<\/p>\n\n\n\n<p>\u2022 Mesure index de l\u2019\u00e9galit\u00e9 professionnelle entre les femmes et les hommes.<\/p>\n\n\n\n<p>Ex : Pour Soval, d\u00e9claration de l\u2019index 2023 de 80\/100 en date du 01\/03\/23.<\/p>\n<\/div>\n\n\n\n<div class=\"wp-block-group is-layout-constrained wp-block-group-is-layout-constrained\" style=\"margin-bottom:var(--wp--preset--spacing--60)\">\n<h3 class=\"wp-block-heading\">Ethique &amp; Droits humains<\/h3>\n\n\n\n<p>\u2022 RGPD : Charte des nouvelles technologies de l\u2019information et de la<\/p>\n\n\n\n<p>communication du groupe.<\/p>\n\n\n\n<p>\u2022 Participation \u00e0 la vie de la cit\u00e9 par des parrainages associatifs cibl\u00e9s en<\/p>\n\n\n\n<p>fonction de nos chaines de valeurs.<\/p>\n<\/div>\n<\/div>\n\n\n\n<div class=\"wp-block-column is-vertically-aligned-center is-layout-flow wp-block-column-is-layout-flow\" style=\"flex-basis:35%\">\n<div class=\"wp-block-group is-content-justification-left is-layout-constrained wp-container-core-group-is-layout-12dd3699 wp-block-group-is-layout-constrained\">\n<figure class=\"wp-block-image size-full is-resized\"><img decoding=\"async\" src=\"https:\/\/www.soval.fr\/wp-content\/uploads\/2024\/08\/bien-etre.svg\" alt=\"\" class=\"wp-image-5464\" style=\"width:305px;height:auto\"\/><\/figure>\n<\/div>\n<\/div>\n<\/div>\n<\/div>\n\n\n\n<div class=\"wp-block-group alignfull has-background is-layout-constrained wp-block-group-is-layout-constrained\" style=\"background-color:#7e8c6b;padding-top:var(--wp--preset--spacing--60);padding-bottom:var(--wp--preset--spacing--60)\">\n<div class=\"wp-block-columns mobile-column_reverse is-layout-flex wp-container-core-columns-is-layout-14cf5ab5 wp-block-columns-is-layout-flex\">\n<div class=\"wp-block-column is-vertically-aligned-center has-text-color has-link-color wp-elements-bd16d226a7f8d95c1bf075b21a7a658c is-layout-flow wp-block-column-is-layout-flow\" style=\"color:#ffffff;flex-basis:65%\">\n<h2 class=\"wp-block-heading\" style=\"padding-top:var(--wp--preset--spacing--60);padding-bottom:0;font-size:2rem\">Supply Chain Responsable<\/h2>\n\n\n\n<div class=\"wp-block-group is-layout-constrained wp-block-group-is-layout-constrained\" style=\"margin-bottom:var(--wp--preset--spacing--60)\">\n<p><\/p>\n\n\n\n<p><strong>Mise en place \u00e0 l\u2019horizon 2025 d\u2019une charte de groupe sur les achats <br>responsables et la chaine logistique (transport, emballage)<\/strong><\/p>\n\n\n\n<p>\u2022 Privil\u00e9gier les fournisseurs de proximit\u00e9 (circuit court).<\/p>\n\n\n\n<p>\u2022 Optimisation de la cha\u00eene logistique.<\/p>\n\n\n\n<p style=\"margin-bottom:0\">\u2022 Evaluation des fournisseurs qui sont en ad\u00e9quation avec nos valeurs<\/p>\n\n\n\n<p style=\"margin-bottom:var(--wp--preset--spacing--70)\">RSE.<\/p>\n<\/div>\n<\/div>\n\n\n\n<div class=\"wp-block-column is-vertically-aligned-center is-layout-flow wp-block-column-is-layout-flow\" style=\"flex-basis:35%\">\n<div class=\"wp-block-group is-content-justification-left is-layout-constrained wp-container-core-group-is-layout-12dd3699 wp-block-group-is-layout-constrained\">\n<figure class=\"wp-block-image size-full is-resized\"><img decoding=\"async\" src=\"https:\/\/www.soval.fr\/wp-content\/uploads\/2024\/08\/supply-chain.svg\" alt=\"\" class=\"wp-image-5472\" style=\"width:264px;height:auto\"\/><\/figure>\n<\/div>\n<\/div>\n<\/div>\n<\/div>\n\n\n\n<div class=\"wp-block-group alignfull has-background is-layout-constrained wp-block-group-is-layout-constrained\" style=\"background-color:#e1b090;padding-top:var(--wp--preset--spacing--60);padding-bottom:8rem\">\n<div class=\"wp-block-columns mobile-column_reverse is-layout-flex wp-container-core-columns-is-layout-14cf5ab5 wp-block-columns-is-layout-flex\">\n<div class=\"wp-block-column is-vertically-aligned-center is-layout-flow wp-block-column-is-layout-flow\" style=\"flex-basis:65%\">\n<h2 class=\"wp-block-heading has-text-color has-link-color wp-elements-4ef894589fd5fcfb78a34f057ed4756d\" style=\"color:#ffffff;font-size:2rem\">Label RSE<\/h2>\n\n\n\n<p>Le groupe SLF a re\u00e7u la m\u00e9daille de Bronze EcoVadis 2024 qui vient r\u00e9compenser<br>l&#8217;engagement de ses entreprises en mati\u00e8re de responsabilit\u00e9 sociale et ses performances en mati\u00e8re de d\u00e9veloppement durable.<\/p>\n<\/div>\n\n\n\n<div class=\"wp-block-column is-layout-flow wp-block-column-is-layout-flow\" style=\"flex-basis:35%\">\n<div class=\"wp-block-group is-content-justification-left is-layout-constrained wp-container-core-group-is-layout-12dd3699 wp-block-group-is-layout-constrained\">\n<figure class=\"wp-block-image size-full\"><img decoding=\"async\" src=\"https:\/\/www.soval.fr\/wp-content\/uploads\/2025\/03\/label-rse_2024.svg\" alt=\"\" class=\"wp-image-10270\"\/><\/figure>\n<\/div>\n<\/div>\n<\/div>\n<\/div>\n","protected":false},"excerpt":{"rendered":"<p>Entreprise familiale ind\u00e9pendante depuis 3 g\u00e9n\u00e9rations, le groupe SLF attache une importance particuli\u00e8re dans la pr\u00e9servation de la confiance de ses employ\u00e9s, de ses clients et de ses partenaires. Fier de notre ancrage industriel dans la r\u00e9gion Grand Est, nous sommes r\u00e9solument engag\u00e9s dans une d\u00e9marche de d\u00e9veloppement durable, respectueuse de ses salari\u00e9s et de [&hellip;]<\/p>\n","protected":false},"author":1,"featured_media":5449,"parent":0,"menu_order":0,"comment_status":"closed","ping_status":"closed","template":"","meta":{"_acf_changed":false,"footnotes":""},"class_list":["post-5448","page","type-page","status-publish","has-post-thumbnail","hentry"],"acf":[],"_links":{"self":[{"href":"https:\/\/www.soval.fr\/fr\/wp-json\/wp\/v2\/pages\/5448","targetHints":{"allow":["GET"]}}],"collection":[{"href":"https:\/\/www.soval.fr\/fr\/wp-json\/wp\/v2\/pages"}],"about":[{"href":"https:\/\/www.soval.fr\/fr\/wp-json\/wp\/v2\/types\/page"}],"author":[{"embeddable":true,"href":"https:\/\/www.soval.fr\/fr\/wp-json\/wp\/v2\/users\/1"}],"replies":[{"embeddable":true,"href":"https:\/\/www.soval.fr\/fr\/wp-json\/wp\/v2\/comments?post=5448"}],"version-history":[{"count":5,"href":"https:\/\/www.soval.fr\/fr\/wp-json\/wp\/v2\/pages\/5448\/revisions"}],"predecessor-version":[{"id":10345,"href":"https:\/\/www.soval.fr\/fr\/wp-json\/wp\/v2\/pages\/5448\/revisions\/10345"}],"wp:featuredmedia":[{"embeddable":true,"href":"https:\/\/www.soval.fr\/fr\/wp-json\/wp\/v2\/media\/5449"}],"wp:attachment":[{"href":"https:\/\/www.soval.fr\/fr\/wp-json\/wp\/v2\/media?parent=5448"}],"curies":[{"name":"wp","href":"https:\/\/api.w.org\/{rel}","templated":true}]}}