{"id":6389,"date":"2024-09-02T10:06:15","date_gmt":"2024-09-02T08:06:15","guid":{"rendered":"https:\/\/www.soval.fr\/fr\/?post_type=realisation&#038;p=6389"},"modified":"2025-03-13T07:57:05","modified_gmt":"2025-03-13T06:57:05","slug":"chantier-voirie-toulouse-31","status":"publish","type":"realisation","link":"https:\/\/www.soval.fr\/fr\/realisations\/chantier-voirie-toulouse-31\/","title":{"rendered":"Chantier voirie : Toulouse (31)"},"content":{"rendered":"\n<div class=\"wp-block-group is-layout-constrained wp-block-group-is-layout-constrained\" style=\"padding-top:var(--wp--preset--spacing--60);padding-bottom:var(--wp--preset--spacing--60)\">\n<h2 class=\"wp-block-heading has-text-align-center has-bleu-roi-color has-text-color has-link-color wp-elements-571205612a3e606b63b983de8705cfd0\">R\u00e9habilitation du quartier des Minimes &#8211; Toulouse (31)<\/h2>\n\n\n\n<div class=\"wp-block-group mobile-width_max is-layout-constrained wp-container-core-group-is-layout-59ca10f4 wp-block-group-is-layout-constrained\" style=\"padding-top:var(--wp--preset--spacing--20);padding-bottom:var(--wp--preset--spacing--20)\">\n<p class=\"has-text-align-center\">En 2016 la municipalit\u00e9 de Toulouse (31) a lanc\u00e9 le l\u2019op\u00e9ration \u00ab&nbsp;C\u0153ur de quartier&nbsp;\u00bb visant \u00e0 redynamiser et r\u00e9animer 33 quartiers toulousains. Parmi ces 33 quartiers, l\u2019agence de Soval Toulouse a \u00e9t\u00e9 choisi en 2019 pour r\u00e9am\u00e9nager l\u2019avenue des minimes avec la fourniture mat\u00e9riel de de voirie et de fermetures.<\/p>\n<\/div>\n<\/div>\n\n\n\n<div class=\"wp-block-group alignfull is-layout-constrained wp-block-group-is-layout-constrained\" style=\"margin-top:var(--wp--preset--spacing--50);margin-bottom:var(--wp--preset--spacing--50)\"><div class=\"block-photo-swipe alignfull swiper swiper-block-photo-swipe align wp-block-acf-photo-swipe\">\n    <div class=\"flex sm:justify-center sm:flex-wrap swiper-wrapper mb-10\">\n\t\t<div class=\"sm:basis-1\/4 aspect-square swiper-slide\"><img decoding=\"async\" width=\"576\" height=\"1024\" src=\"https:\/\/www.soval.fr\/wp-content\/uploads\/2024\/09\/20200929_115818-576x1024.jpg\" class=\"object-cover h-full w-full\" alt=\"\" srcset=\"https:\/\/www.soval.fr\/wp-content\/uploads\/2024\/09\/20200929_115818-576x1024.jpg 576w, https:\/\/www.soval.fr\/wp-content\/uploads\/2024\/09\/20200929_115818-169x300.jpg 169w, https:\/\/www.soval.fr\/wp-content\/uploads\/2024\/09\/20200929_115818-768x1365.jpg 768w, https:\/\/www.soval.fr\/wp-content\/uploads\/2024\/09\/20200929_115818-864x1536.jpg 864w, https:\/\/www.soval.fr\/wp-content\/uploads\/2024\/09\/20200929_115818-1152x2048.jpg 1152w, https:\/\/www.soval.fr\/wp-content\/uploads\/2024\/09\/20200929_115818-600x1067.jpg 600w, https:\/\/www.soval.fr\/wp-content\/uploads\/2024\/09\/20200929_115818-scaled.jpg 1440w\" sizes=\"(max-width: 576px) 100vw, 576px\" \/><\/div><div class=\"sm:basis-1\/4 aspect-square swiper-slide\"><img decoding=\"async\" width=\"576\" height=\"1024\" src=\"https:\/\/www.soval.fr\/wp-content\/uploads\/2024\/09\/20200929_115635-576x1024.jpg\" class=\"object-cover h-full w-full\" alt=\"\" srcset=\"https:\/\/www.soval.fr\/wp-content\/uploads\/2024\/09\/20200929_115635-576x1024.jpg 576w, https:\/\/www.soval.fr\/wp-content\/uploads\/2024\/09\/20200929_115635-169x300.jpg 169w, https:\/\/www.soval.fr\/wp-content\/uploads\/2024\/09\/20200929_115635-768x1365.jpg 768w, https:\/\/www.soval.fr\/wp-content\/uploads\/2024\/09\/20200929_115635-864x1536.jpg 864w, https:\/\/www.soval.fr\/wp-content\/uploads\/2024\/09\/20200929_115635-1152x2048.jpg 1152w, https:\/\/www.soval.fr\/wp-content\/uploads\/2024\/09\/20200929_115635-600x1067.jpg 600w, https:\/\/www.soval.fr\/wp-content\/uploads\/2024\/09\/20200929_115635-scaled.jpg 1440w\" sizes=\"(max-width: 576px) 100vw, 576px\" \/><\/div><div class=\"sm:basis-1\/4 aspect-square swiper-slide\"><img decoding=\"async\" width=\"768\" height=\"1024\" src=\"https:\/\/www.soval.fr\/wp-content\/uploads\/2024\/09\/resized_20211110_091732_5965-768x1024.jpg\" class=\"object-cover h-full w-full\" alt=\"\" srcset=\"https:\/\/www.soval.fr\/wp-content\/uploads\/2024\/09\/resized_20211110_091732_5965-768x1024.jpg 768w, https:\/\/www.soval.fr\/wp-content\/uploads\/2024\/09\/resized_20211110_091732_5965-225x300.jpg 225w, https:\/\/www.soval.fr\/wp-content\/uploads\/2024\/09\/resized_20211110_091732_5965-600x800.jpg 600w, https:\/\/www.soval.fr\/wp-content\/uploads\/2024\/09\/resized_20211110_091732_5965.jpg 1080w\" sizes=\"(max-width: 768px) 100vw, 768px\" \/><\/div><div class=\"sm:basis-1\/4 aspect-square swiper-slide\"><img decoding=\"async\" width=\"576\" height=\"1024\" src=\"https:\/\/www.soval.fr\/wp-content\/uploads\/2024\/09\/20200929_115741-576x1024.jpg\" class=\"object-cover h-full w-full\" alt=\"\" srcset=\"https:\/\/www.soval.fr\/wp-content\/uploads\/2024\/09\/20200929_115741-576x1024.jpg 576w, https:\/\/www.soval.fr\/wp-content\/uploads\/2024\/09\/20200929_115741-169x300.jpg 169w, https:\/\/www.soval.fr\/wp-content\/uploads\/2024\/09\/20200929_115741-768x1365.jpg 768w, https:\/\/www.soval.fr\/wp-content\/uploads\/2024\/09\/20200929_115741-864x1536.jpg 864w, https:\/\/www.soval.fr\/wp-content\/uploads\/2024\/09\/20200929_115741-1152x2048.jpg 1152w, https:\/\/www.soval.fr\/wp-content\/uploads\/2024\/09\/20200929_115741-600x1067.jpg 600w, https:\/\/www.soval.fr\/wp-content\/uploads\/2024\/09\/20200929_115741-scaled.jpg 1440w\" sizes=\"(max-width: 576px) 100vw, 576px\" \/><\/div>    <\/div>\n    <div class=\"swiper-pagination\"><\/div>\n<\/div>\n<\/div>\n\n\n\n<div class=\"wp-block-group is-layout-constrained wp-block-group-is-layout-constrained\">\n<h2 class=\"wp-block-heading has-text-align-center has-bleu-roi-color has-text-color has-link-color wp-elements-62d70c3d853db35b1a0ff7163d714468\">Informations chantiers<\/h2>\n\n\n\n<div class=\"wp-block-group mobile-width_max is-layout-constrained wp-container-core-group-is-layout-e80f372c wp-block-group-is-layout-constrained\" style=\"padding-bottom:var(--wp--preset--spacing--60)\">\n<ul class=\"wp-block-list bullet-bleu-roi\">\n<li>Lieu : Toulouse (31)<\/li>\n\n\n\n<li>Agence : Soval Toulouse<\/li>\n\n\n\n<li>Ma\u00eetrise d&#8217;ouvrage : Communaut\u00e9 Urbaine du Grand Toulouse, Toulouse M\u00e9tropole<\/li>\n\n\n\n<li>TP : Colas Toulouse \/ Giesper Toulouse<\/li>\n\n\n\n<li>Produits\u00a0: <a href=\"https:\/\/www.soval.fr\/fr\/produit\/trappes\/trappes-classiques\/fermetures-standards\/trappes-classiques-type-lt-classe-c250\/\">Trappe LT C250<\/a>, <a href=\"https:\/\/www.soval.fr\/fr\/produit\/trappes\/trappes-classiques\/fermetures-standards\/trappes-classiques-type-lc-classe-d400\/\">Trappe LC D400,<\/a> <a href=\"https:\/\/www.soval.fr\/fr\/produit\/trappes\/trappes-classiques\/fermetures-standards\/trappes-classiques-type-kc-classe-d400\/\">Trappe KC D400<\/a>, <a href=\"https:\/\/www.soval.fr\/fr\/produit\/trappes\/trappes-classiques\/fermetures-standards\/trappes-optimum-type-lt-classe-b125\/\">Trappe Optimum LT B125<\/a>, <a href=\"https:\/\/www.soval.fr\/fr\/produit\/voirie-assainissement\/regards-et-tampons\/regards-de-chaussee\/regard-de-chaussee-maxum-600-classe-d400\/\">Regard Maxum D400<\/a>, <a href=\"https:\/\/www.soval.fr\/fr\/produit\/voirie-assainissement\/regards-et-tampons\/regards-hydraulique\/regard-hydraulique-hydro-b125\/\">Regard Hydr\u2019o B125<\/a> et <a href=\"https:\/\/www.soval.fr\/fr\/produit\/voirie-assainissement\/regards-et-tampons\/regards-hydraulique\/regard-hydraulique-hydro-c250\/\">C250<\/a><\/li>\n<\/ul>\n<\/div>\n<\/div>\n\n\n\n<div class=\"wp-block-group alignfull has-beige-background-color has-background is-layout-constrained wp-block-group-is-layout-constrained\" style=\"padding-top:var(--wp--preset--spacing--70);padding-bottom:var(--wp--preset--spacing--70)\"><div class=\"block-relationnel overflow-hidden align wp-block-acf-relationnel\">\n    <div class=\"swiper swiper-relationnel\">\n        <div class=\"swiper-wrapper \">\n\t\t\t<div class=\"pb-10 swiper-slide\"><a href=\"https:\/\/www.soval.fr\/fr\/realisations\/chantier-trappes-roissy-ch-de-gaulles-95\/\" class=\"templates-relationnel soval-link\" title=\"Lire la suite de Chantier Trappes : Roissy Ch.de Gaulles (95)\"><article class=\"flex h-full flex-col m-5\">\n    <div class=\"relative\">\n\t\t<img decoding=\"async\" width=\"2560\" height=\"1440\" src=\"https:\/\/www.soval.fr\/wp-content\/uploads\/2024\/09\/ares_adp_5-scaled.jpg\" class=\"object-cover w-full h-64 wp-post-image\" alt=\"\" srcset=\"https:\/\/www.soval.fr\/wp-content\/uploads\/2024\/09\/ares_adp_5-scaled.jpg 2560w, https:\/\/www.soval.fr\/wp-content\/uploads\/2024\/09\/ares_adp_5-300x169.jpg 300w, https:\/\/www.soval.fr\/wp-content\/uploads\/2024\/09\/ares_adp_5-1024x576.jpg 1024w, https:\/\/www.soval.fr\/wp-content\/uploads\/2024\/09\/ares_adp_5-768x432.jpg 768w, https:\/\/www.soval.fr\/wp-content\/uploads\/2024\/09\/ares_adp_5-1536x864.jpg 1536w, https:\/\/www.soval.fr\/wp-content\/uploads\/2024\/09\/ares_adp_5-2048x1152.jpg 2048w, https:\/\/www.soval.fr\/wp-content\/uploads\/2024\/09\/ares_adp_5-600x338.jpg 600w\" sizes=\"(max-width: 2560px) 100vw, 2560px\" \/>    <\/div>\n    <div class=\"flex basis-full flex-col bg-white p-5\">\n        <div class=\"mb-5 text-2xl font-semibold\">\n\t\t\tChantier Trappes : Roissy Ch.de Gaulles (95)        <\/div>\n        <div class=\"mt-auto mb-3 line-clamp-4\">\n\t\t\t<p>R\u00e9habilitation de la piste 3 &#8211; Roissy Charles de Gaulles (95) Entre 2019 et 2021, le Groupe ADP a men\u00e9 d&#8217;importants travaux de r\u00e9habilitation sur la piste 3 de Roissy-Charles de Gaulle. Ces travaux \u00e9taient n\u00e9cessaires pour assurer la s\u00e9curit\u00e9 a\u00e9rienne et le bon fonctionnement \u00e0 long terme de cette infrastructure. Soval a \u00e9t\u00e9 s\u00e9lectionn\u00e9e [&hellip;]<\/p>\n        <\/div>\n        <div class=\"mt-auto text-right underline\">\n\t\t\tLire la suite        <\/div>\n    <\/div>\n<\/article>\n<\/a><\/div><div class=\"pb-10 swiper-slide\"><a href=\"https:\/\/www.soval.fr\/fr\/realisations\/chantier-voirie-toulouse-31\/\" class=\"templates-relationnel soval-link\" title=\"Lire la suite de Chantier voirie : Toulouse (31)\"><article class=\"flex h-full flex-col m-5\">\n    <div class=\"relative\">\n\t\t<img decoding=\"async\" width=\"2560\" height=\"1440\" src=\"https:\/\/www.soval.fr\/wp-content\/uploads\/2024\/09\/20190711_122644-scaled.jpg\" class=\"object-cover w-full h-64 wp-post-image\" alt=\"\" srcset=\"https:\/\/www.soval.fr\/wp-content\/uploads\/2024\/09\/20190711_122644-scaled.jpg 2560w, https:\/\/www.soval.fr\/wp-content\/uploads\/2024\/09\/20190711_122644-300x169.jpg 300w, https:\/\/www.soval.fr\/wp-content\/uploads\/2024\/09\/20190711_122644-1024x576.jpg 1024w, https:\/\/www.soval.fr\/wp-content\/uploads\/2024\/09\/20190711_122644-768x432.jpg 768w, https:\/\/www.soval.fr\/wp-content\/uploads\/2024\/09\/20190711_122644-1536x864.jpg 1536w, https:\/\/www.soval.fr\/wp-content\/uploads\/2024\/09\/20190711_122644-2048x1152.jpg 2048w, https:\/\/www.soval.fr\/wp-content\/uploads\/2024\/09\/20190711_122644-600x338.jpg 600w\" sizes=\"(max-width: 2560px) 100vw, 2560px\" \/>    <\/div>\n    <div class=\"flex basis-full flex-col bg-white p-5\">\n        <div class=\"mb-5 text-2xl font-semibold\">\n\t\t\tChantier voirie : Toulouse (31)        <\/div>\n        <div class=\"mt-auto mb-3 line-clamp-4\">\n\t\t\t<p>R\u00e9habilitation du quartier des Minimes &#8211; Toulouse (31) En 2016 la municipalit\u00e9 de Toulouse (31) a lanc\u00e9 le l\u2019op\u00e9ration \u00ab&nbsp;C\u0153ur de quartier&nbsp;\u00bb visant \u00e0 redynamiser et r\u00e9animer 33 quartiers toulousains. Parmi ces 33 quartiers, l\u2019agence de Soval Toulouse a \u00e9t\u00e9 choisi en 2019 pour r\u00e9am\u00e9nager l\u2019avenue des minimes avec la fourniture mat\u00e9riel de de voirie [&hellip;]<\/p>\n        <\/div>\n        <div class=\"mt-auto text-right underline\">\n\t\t\tLire la suite        <\/div>\n    <\/div>\n<\/article>\n<\/a><\/div><div class=\"pb-10 swiper-slide\"><a href=\"https:\/\/www.soval.fr\/fr\/realisations\/realisations-de-plusieurs-noeuds-de-vannes\/\" class=\"templates-relationnel soval-link\" title=\"Lire la suite de Chantier Eau potable : Saint-Mayeux (22)\"><article class=\"flex h-full flex-col m-5\">\n    <div class=\"relative\">\n\t\t<img decoding=\"async\" width=\"2560\" height=\"1440\" src=\"https:\/\/www.soval.fr\/wp-content\/uploads\/2024\/08\/20231017_114625-scaled.jpg\" class=\"object-cover w-full h-64 wp-post-image\" alt=\"\" srcset=\"https:\/\/www.soval.fr\/wp-content\/uploads\/2024\/08\/20231017_114625-scaled.jpg 2560w, https:\/\/www.soval.fr\/wp-content\/uploads\/2024\/08\/20231017_114625-300x169.jpg 300w, https:\/\/www.soval.fr\/wp-content\/uploads\/2024\/08\/20231017_114625-1024x576.jpg 1024w, https:\/\/www.soval.fr\/wp-content\/uploads\/2024\/08\/20231017_114625-768x432.jpg 768w, https:\/\/www.soval.fr\/wp-content\/uploads\/2024\/08\/20231017_114625-1536x864.jpg 1536w, https:\/\/www.soval.fr\/wp-content\/uploads\/2024\/08\/20231017_114625-2048x1152.jpg 2048w, https:\/\/www.soval.fr\/wp-content\/uploads\/2024\/08\/20231017_114625-600x338.jpg 600w\" sizes=\"(max-width: 2560px) 100vw, 2560px\" \/>    <\/div>\n    <div class=\"flex basis-full flex-col bg-white p-5\">\n        <div class=\"mb-5 text-2xl font-semibold\">\n\t\t\tChantier Eau potable : Saint-Mayeux (22)        <\/div>\n        <div class=\"mt-auto mb-3 line-clamp-4\">\n\t\t\t<p>Noeuds de vannes &#8211; Saint-Mayeux (22) R\u00e9alisations de plusieurs n\u0153uds de vannes sur le feeder existant du Syndicat Mixte de Kerne Uhel sur la commune de Saint-Mayeux (22). L\u2019objectif de ces n\u0153uds est de pouvoir sectoriser la conduite en cas de casse ou de vidange. La cr\u00e9ation de ces n\u0153uds a n\u00e9cessit\u00e9 des raccords Souplessur [&hellip;]<\/p>\n        <\/div>\n        <div class=\"mt-auto text-right underline\">\n\t\t\tLire la suite        <\/div>\n    <\/div>\n<\/article>\n<\/a><\/div>        <\/div>\n        <div class=\"swiper-pagination\"><\/div>\n    <\/div>\n<\/div>\n\n\n\n<div style=\"height:4em\" aria-hidden=\"true\" class=\"wp-block-spacer\"><\/div>\n<\/div>\n","protected":false},"author":2,"featured_media":6394,"template":"","filtre":[131,130],"class_list":["post-6389","realisation","type-realisation","status-publish","has-post-thumbnail","hentry","filtre-voirie-assainissement","filtre-trappes"],"acf":[],"_links":{"self":[{"href":"https:\/\/www.soval.fr\/fr\/wp-json\/wp\/v2\/realisation\/6389","targetHints":{"allow":["GET"]}}],"collection":[{"href":"https:\/\/www.soval.fr\/fr\/wp-json\/wp\/v2\/realisation"}],"about":[{"href":"https:\/\/www.soval.fr\/fr\/wp-json\/wp\/v2\/types\/realisation"}],"author":[{"embeddable":true,"href":"https:\/\/www.soval.fr\/fr\/wp-json\/wp\/v2\/users\/2"}],"version-history":[{"count":2,"href":"https:\/\/www.soval.fr\/fr\/wp-json\/wp\/v2\/realisation\/6389\/revisions"}],"predecessor-version":[{"id":10223,"href":"https:\/\/www.soval.fr\/fr\/wp-json\/wp\/v2\/realisation\/6389\/revisions\/10223"}],"wp:featuredmedia":[{"embeddable":true,"href":"https:\/\/www.soval.fr\/fr\/wp-json\/wp\/v2\/media\/6394"}],"wp:attachment":[{"href":"https:\/\/www.soval.fr\/fr\/wp-json\/wp\/v2\/media?parent=6389"}],"wp:term":[{"taxonomy":"filtre","embeddable":true,"href":"https:\/\/www.soval.fr\/fr\/wp-json\/wp\/v2\/filtre?post=6389"}],"curies":[{"name":"wp","href":"https:\/\/api.w.org\/{rel}","templated":true}]}}