{"id":6443,"date":"2024-09-02T16:07:13","date_gmt":"2024-09-02T14:07:13","guid":{"rendered":"https:\/\/www.soval.fr\/fr\/?post_type=realisation&#038;p=6443"},"modified":"2024-09-13T15:56:15","modified_gmt":"2024-09-13T13:56:15","slug":"chantier-trappes-roissy-ch-de-gaulles-95","status":"publish","type":"realisation","link":"https:\/\/www.soval.fr\/fr\/realisations\/chantier-trappes-roissy-ch-de-gaulles-95\/","title":{"rendered":"Chantier Trappes : Roissy Ch.de Gaulles (95)"},"content":{"rendered":"\n<div class=\"wp-block-group is-layout-constrained wp-block-group-is-layout-constrained\" style=\"padding-top:var(--wp--preset--spacing--60);padding-bottom:var(--wp--preset--spacing--60)\">\n<h2 class=\"wp-block-heading has-text-align-center has-bleu-roi-color has-text-color has-link-color wp-elements-a02266cbe78231db090be8ec76cba5be\">R\u00e9habilitation de la piste 3 &#8211; Roissy Charles de Gaulles (95)<\/h2>\n\n\n\n<div class=\"wp-block-group mobile-width_max is-layout-constrained wp-container-core-group-is-layout-59ca10f4 wp-block-group-is-layout-constrained\" style=\"padding-top:var(--wp--preset--spacing--20);padding-bottom:var(--wp--preset--spacing--20)\">\n<p class=\"has-text-align-center\">Entre 2019 et 2021, le Groupe ADP a men\u00e9 d&#8217;importants travaux de r\u00e9habilitation sur la piste 3 de Roissy-Charles de Gaulle. Ces travaux \u00e9taient n\u00e9cessaires pour assurer la s\u00e9curit\u00e9 a\u00e9rienne et le bon fonctionnement \u00e0 long terme de cette infrastructure. Soval a \u00e9t\u00e9 s\u00e9lectionn\u00e9e pour \u00e9quiper la piste 3 de sa fermeture multi-r\u00e9seaux ARES.<\/p>\n<\/div>\n<\/div>\n\n\n\n<div class=\"wp-block-group alignfull is-layout-constrained wp-block-group-is-layout-constrained\" style=\"margin-top:var(--wp--preset--spacing--50);margin-bottom:var(--wp--preset--spacing--50)\"><div class=\"block-photo-swipe alignfull swiper swiper-block-photo-swipe align wp-block-acf-photo-swipe\">\n    <div class=\"flex sm:justify-center sm:flex-wrap swiper-wrapper mb-10\">\n\t\t<div class=\"sm:basis-1\/4 aspect-square swiper-slide\"><img decoding=\"async\" width=\"1024\" height=\"1022\" src=\"https:\/\/www.soval.fr\/wp-content\/uploads\/2024\/09\/ares_adp_1-1024x1022.jpg\" class=\"object-cover h-full w-full\" alt=\"\" srcset=\"https:\/\/www.soval.fr\/wp-content\/uploads\/2024\/09\/ares_adp_1-1024x1022.jpg 1024w, https:\/\/www.soval.fr\/wp-content\/uploads\/2024\/09\/ares_adp_1-300x300.jpg 300w, https:\/\/www.soval.fr\/wp-content\/uploads\/2024\/09\/ares_adp_1-150x150.jpg 150w, https:\/\/www.soval.fr\/wp-content\/uploads\/2024\/09\/ares_adp_1-768x766.jpg 768w, https:\/\/www.soval.fr\/wp-content\/uploads\/2024\/09\/ares_adp_1-600x599.jpg 600w, https:\/\/www.soval.fr\/wp-content\/uploads\/2024\/09\/ares_adp_1-100x100.jpg 100w, https:\/\/www.soval.fr\/wp-content\/uploads\/2024\/09\/ares_adp_1.jpg 1240w\" sizes=\"(max-width: 1024px) 100vw, 1024px\" \/><\/div><div class=\"sm:basis-1\/4 aspect-square swiper-slide\"><img decoding=\"async\" width=\"565\" height=\"376\" src=\"https:\/\/www.soval.fr\/wp-content\/uploads\/2024\/09\/ares_adp_1-1.jpg\" class=\"object-cover h-full w-full\" alt=\"\" srcset=\"https:\/\/www.soval.fr\/wp-content\/uploads\/2024\/09\/ares_adp_1-1.jpg 565w, https:\/\/www.soval.fr\/wp-content\/uploads\/2024\/09\/ares_adp_1-1-300x200.jpg 300w\" sizes=\"(max-width: 565px) 100vw, 565px\" \/><\/div><div class=\"sm:basis-1\/4 aspect-square swiper-slide\"><img decoding=\"async\" width=\"540\" height=\"405\" src=\"https:\/\/www.soval.fr\/wp-content\/uploads\/2024\/09\/ares_adp_3-1.jpg\" class=\"object-cover h-full w-full\" alt=\"\" srcset=\"https:\/\/www.soval.fr\/wp-content\/uploads\/2024\/09\/ares_adp_3-1.jpg 540w, https:\/\/www.soval.fr\/wp-content\/uploads\/2024\/09\/ares_adp_3-1-300x225.jpg 300w\" sizes=\"(max-width: 540px) 100vw, 540px\" \/><\/div><div class=\"sm:basis-1\/4 aspect-square swiper-slide\"><img decoding=\"async\" width=\"720\" height=\"405\" src=\"https:\/\/www.soval.fr\/wp-content\/uploads\/2024\/09\/ares_adp_4-1.jpg\" class=\"object-cover h-full w-full\" alt=\"\" srcset=\"https:\/\/www.soval.fr\/wp-content\/uploads\/2024\/09\/ares_adp_4-1.jpg 720w, https:\/\/www.soval.fr\/wp-content\/uploads\/2024\/09\/ares_adp_4-1-300x169.jpg 300w, https:\/\/www.soval.fr\/wp-content\/uploads\/2024\/09\/ares_adp_4-1-600x338.jpg 600w\" sizes=\"(max-width: 720px) 100vw, 720px\" \/><\/div>    <\/div>\n    <div class=\"swiper-pagination\"><\/div>\n<\/div>\n<\/div>\n\n\n\n<div class=\"wp-block-group is-layout-constrained wp-block-group-is-layout-constrained\">\n<h2 class=\"wp-block-heading has-text-align-center has-bleu-roi-color has-text-color has-link-color wp-elements-62d70c3d853db35b1a0ff7163d714468\">Informations chantiers<\/h2>\n\n\n\n<div class=\"wp-block-group mobile-width_max is-layout-constrained wp-container-core-group-is-layout-e80f372c wp-block-group-is-layout-constrained\" style=\"padding-bottom:var(--wp--preset--spacing--60)\">\n<ul class=\"wp-block-list bullet-bleu-roi\">\n<li>Lieu&nbsp;: Roissy-en-France (95)<\/li>\n\n\n\n<li>Agence&nbsp;: Soval Paris-sud<\/li>\n\n\n\n<li>Ma\u00eetrise d\u2019ouvrage&nbsp;: A\u00e9roport de Paris<\/li>\n\n\n\n<li>Ma\u00eetrise d&#8217;oeuvre&nbsp;: Colas<\/li>\n\n\n\n<li>Produits&nbsp;: 453 <a href=\"https:\/\/www.soval.fr\/fr\/produit\/trappes\/trappes-articulees\/fermetures-sur-charnieres\/trappes-ares-d400-verrouillees-articulees-assistees\/\">trappes ARES D400<\/a> personnalis\u00e9es \u00ab&nbsp;Paris a\u00e9roport&nbsp;\u00bb &nbsp;sur plaque rapport\u00e9e en fonte thermolaqu\u00e9e.<\/li>\n<\/ul>\n<\/div>\n<\/div>\n\n\n\n<div class=\"wp-block-group alignfull has-beige-background-color has-background is-layout-constrained wp-block-group-is-layout-constrained\" style=\"padding-top:var(--wp--preset--spacing--70);padding-bottom:var(--wp--preset--spacing--70)\"><div class=\"block-relationnel overflow-hidden align wp-block-acf-relationnel\">\n    <div class=\"swiper swiper-relationnel\">\n        <div class=\"swiper-wrapper \">\n\t\t\t<div class=\"pb-10 swiper-slide\"><a href=\"https:\/\/www.soval.fr\/fr\/realisations\/chantier-trappes-roissy-ch-de-gaulles-95\/\" class=\"templates-relationnel soval-link\" title=\"Lire la suite de Chantier Trappes : Roissy Ch.de Gaulles (95)\"><article class=\"flex h-full flex-col m-5\">\n    <div class=\"relative\">\n\t\t<img decoding=\"async\" width=\"2560\" height=\"1440\" src=\"https:\/\/www.soval.fr\/wp-content\/uploads\/2024\/09\/ares_adp_5-scaled.jpg\" class=\"object-cover w-full h-64 wp-post-image\" alt=\"\" srcset=\"https:\/\/www.soval.fr\/wp-content\/uploads\/2024\/09\/ares_adp_5-scaled.jpg 2560w, https:\/\/www.soval.fr\/wp-content\/uploads\/2024\/09\/ares_adp_5-300x169.jpg 300w, https:\/\/www.soval.fr\/wp-content\/uploads\/2024\/09\/ares_adp_5-1024x576.jpg 1024w, https:\/\/www.soval.fr\/wp-content\/uploads\/2024\/09\/ares_adp_5-768x432.jpg 768w, https:\/\/www.soval.fr\/wp-content\/uploads\/2024\/09\/ares_adp_5-1536x864.jpg 1536w, https:\/\/www.soval.fr\/wp-content\/uploads\/2024\/09\/ares_adp_5-2048x1152.jpg 2048w, https:\/\/www.soval.fr\/wp-content\/uploads\/2024\/09\/ares_adp_5-600x338.jpg 600w\" sizes=\"(max-width: 2560px) 100vw, 2560px\" \/>    <\/div>\n    <div class=\"flex basis-full flex-col bg-white p-5\">\n        <div class=\"mb-5 text-2xl font-semibold\">\n\t\t\tChantier Trappes : Roissy Ch.de Gaulles (95)        <\/div>\n        <div class=\"mt-auto mb-3 line-clamp-4\">\n\t\t\t<p>R\u00e9habilitation de la piste 3 &#8211; Roissy Charles de Gaulles (95) Entre 2019 et 2021, le Groupe ADP a men\u00e9 d&#8217;importants travaux de r\u00e9habilitation sur la piste 3 de Roissy-Charles de Gaulle. Ces travaux \u00e9taient n\u00e9cessaires pour assurer la s\u00e9curit\u00e9 a\u00e9rienne et le bon fonctionnement \u00e0 long terme de cette infrastructure. Soval a \u00e9t\u00e9 s\u00e9lectionn\u00e9e [&hellip;]<\/p>\n        <\/div>\n        <div class=\"mt-auto text-right underline\">\n\t\t\tLire la suite        <\/div>\n    <\/div>\n<\/article>\n<\/a><\/div><div class=\"pb-10 swiper-slide\"><a href=\"https:\/\/www.soval.fr\/fr\/realisations\/chantier-voirie-toulouse-31\/\" class=\"templates-relationnel soval-link\" title=\"Lire la suite de Chantier voirie : Toulouse (31)\"><article class=\"flex h-full flex-col m-5\">\n    <div class=\"relative\">\n\t\t<img decoding=\"async\" width=\"2560\" height=\"1440\" src=\"https:\/\/www.soval.fr\/wp-content\/uploads\/2024\/09\/20190711_122644-scaled.jpg\" class=\"object-cover w-full h-64 wp-post-image\" alt=\"\" srcset=\"https:\/\/www.soval.fr\/wp-content\/uploads\/2024\/09\/20190711_122644-scaled.jpg 2560w, https:\/\/www.soval.fr\/wp-content\/uploads\/2024\/09\/20190711_122644-300x169.jpg 300w, https:\/\/www.soval.fr\/wp-content\/uploads\/2024\/09\/20190711_122644-1024x576.jpg 1024w, https:\/\/www.soval.fr\/wp-content\/uploads\/2024\/09\/20190711_122644-768x432.jpg 768w, https:\/\/www.soval.fr\/wp-content\/uploads\/2024\/09\/20190711_122644-1536x864.jpg 1536w, https:\/\/www.soval.fr\/wp-content\/uploads\/2024\/09\/20190711_122644-2048x1152.jpg 2048w, https:\/\/www.soval.fr\/wp-content\/uploads\/2024\/09\/20190711_122644-600x338.jpg 600w\" sizes=\"(max-width: 2560px) 100vw, 2560px\" \/>    <\/div>\n    <div class=\"flex basis-full flex-col bg-white p-5\">\n        <div class=\"mb-5 text-2xl font-semibold\">\n\t\t\tChantier voirie : Toulouse (31)        <\/div>\n        <div class=\"mt-auto mb-3 line-clamp-4\">\n\t\t\t<p>R\u00e9habilitation du quartier des Minimes &#8211; Toulouse (31) En 2016 la municipalit\u00e9 de Toulouse (31) a lanc\u00e9 le l\u2019op\u00e9ration \u00ab&nbsp;C\u0153ur de quartier&nbsp;\u00bb visant \u00e0 redynamiser et r\u00e9animer 33 quartiers toulousains. Parmi ces 33 quartiers, l\u2019agence de Soval Toulouse a \u00e9t\u00e9 choisi en 2019 pour r\u00e9am\u00e9nager l\u2019avenue des minimes avec la fourniture mat\u00e9riel de de voirie [&hellip;]<\/p>\n        <\/div>\n        <div class=\"mt-auto text-right underline\">\n\t\t\tLire la suite        <\/div>\n    <\/div>\n<\/article>\n<\/a><\/div><div class=\"pb-10 swiper-slide\"><a href=\"https:\/\/www.soval.fr\/fr\/realisations\/chantier-voirie-mehun-sur-yevres-18\/\" class=\"templates-relationnel soval-link\" title=\"Lire la suite de Chantier Voirie : Mehun-sur-Y\u00e8vres (18)\"><article class=\"flex h-full flex-col m-5\">\n    <div class=\"relative\">\n\t\t<img decoding=\"async\" width=\"2560\" height=\"1920\" src=\"https:\/\/www.soval.fr\/wp-content\/uploads\/2024\/09\/20190404_091837-scaled.jpg\" class=\"object-cover w-full h-64 wp-post-image\" alt=\"\" srcset=\"https:\/\/www.soval.fr\/wp-content\/uploads\/2024\/09\/20190404_091837-scaled.jpg 2560w, https:\/\/www.soval.fr\/wp-content\/uploads\/2024\/09\/20190404_091837-300x225.jpg 300w, https:\/\/www.soval.fr\/wp-content\/uploads\/2024\/09\/20190404_091837-1024x768.jpg 1024w, https:\/\/www.soval.fr\/wp-content\/uploads\/2024\/09\/20190404_091837-768x576.jpg 768w, https:\/\/www.soval.fr\/wp-content\/uploads\/2024\/09\/20190404_091837-1536x1152.jpg 1536w, https:\/\/www.soval.fr\/wp-content\/uploads\/2024\/09\/20190404_091837-2048x1536.jpg 2048w, https:\/\/www.soval.fr\/wp-content\/uploads\/2024\/09\/20190404_091837-600x450.jpg 600w\" sizes=\"(max-width: 2560px) 100vw, 2560px\" \/>    <\/div>\n    <div class=\"flex basis-full flex-col bg-white p-5\">\n        <div class=\"mb-5 text-2xl font-semibold\">\n\t\t\tChantier Voirie : Mehun-sur-Y\u00e8vres (18)        <\/div>\n        <div class=\"mt-auto mb-3 line-clamp-4\">\n\t\t\t<p>Revitalisation du quartier historique &#8211; Mehun sur-Y\u00e8vres (18) La ville de Mehun-sur-Y\u00e8vre (18) a \u00e9tabli sur 3 ans des travaux de revitalisation de son centre-ville et de son site historique la cit\u00e9 Charles VII avec au programme, remplacement des r\u00e9seaux et r\u00e9fection de la voirie. Pour l\u2019occasion, la municipalit\u00e9 a choisi l\u2019agence de Soval Bourges [&hellip;]<\/p>\n        <\/div>\n        <div class=\"mt-auto text-right underline\">\n\t\t\tLire la suite        <\/div>\n    <\/div>\n<\/article>\n<\/a><\/div>        <\/div>\n        <div class=\"swiper-pagination\"><\/div>\n    <\/div>\n<\/div>\n\n\n\n<div style=\"height:4em\" aria-hidden=\"true\" class=\"wp-block-spacer\"><\/div>\n<\/div>\n","protected":false},"author":2,"featured_media":6452,"template":"","filtre":[130],"class_list":["post-6443","realisation","type-realisation","status-publish","has-post-thumbnail","hentry","filtre-trappes"],"acf":[],"_links":{"self":[{"href":"https:\/\/www.soval.fr\/fr\/wp-json\/wp\/v2\/realisation\/6443","targetHints":{"allow":["GET"]}}],"collection":[{"href":"https:\/\/www.soval.fr\/fr\/wp-json\/wp\/v2\/realisation"}],"about":[{"href":"https:\/\/www.soval.fr\/fr\/wp-json\/wp\/v2\/types\/realisation"}],"author":[{"embeddable":true,"href":"https:\/\/www.soval.fr\/fr\/wp-json\/wp\/v2\/users\/2"}],"version-history":[{"count":0,"href":"https:\/\/www.soval.fr\/fr\/wp-json\/wp\/v2\/realisation\/6443\/revisions"}],"wp:featuredmedia":[{"embeddable":true,"href":"https:\/\/www.soval.fr\/fr\/wp-json\/wp\/v2\/media\/6452"}],"wp:attachment":[{"href":"https:\/\/www.soval.fr\/fr\/wp-json\/wp\/v2\/media?parent=6443"}],"wp:term":[{"taxonomy":"filtre","embeddable":true,"href":"https:\/\/www.soval.fr\/fr\/wp-json\/wp\/v2\/filtre?post=6443"}],"curies":[{"name":"wp","href":"https:\/\/api.w.org\/{rel}","templated":true}]}}